{"id":8882,"date":"2020-10-29T15:50:41","date_gmt":"2020-10-29T14:50:41","guid":{"rendered":"https:\/\/www.itekpharma.com\/?post_type=itek-infos&#038;p=8882"},"modified":"2024-12-26T14:54:04","modified_gmt":"2024-12-26T13:54:04","slug":"containment-pharmacy-services","status":"publish","type":"itek-infos","link":"https:\/\/www.itekpharma.com\/en\/itek-news\/containment-pharmacy-services\/","title":{"rendered":"Itekpharma | Pharmacy Services during Containment 2020"},"content":{"rendered":"<p><strong>As the start of the fifth wave of COVID-19 approaches<\/strong><b>The government is doing everything in its power to curb the spread of the epidemic.<\/b><\/p>\n<p>On this page, you'll find all the information you need to know about the evolution of the virus and the rules that apply.<\/p>\n<p style=\"text-align: center; max-width: 1100px; margin: 0 auto 35px;\"><iframe title=\"Iframe case covid\" src=\"https:\/\/dashboard.covid19.data.gouv.fr\/vue-d-ensemble?location=FRA\" width=\"100%\" height=\"600\" data-mce-fragment=\"1\"><\/iframe><\/p>\n<h2 style=\"text-align: center; font-size: 2.4em;\">- News day by day -<\/h2>\n<h2 style=\"text-align: left; color: #ba2123; font-size: 25px;\">FRIDAY December 31, 2021<\/h2>\n<p>To cope with the two simultaneous waves of Delta and Omicron variants, French Prime Minister Jean Castex has announced an adaptation of current sanitary measures.<\/p>\n<h4>Vaccination<\/h4>\n<ul>\n<li><strong>The deadline for the booster dose has been reduced to three months<\/strong>\u00a0after the last injection or infection with Covid-19.<\/li>\n<li>The booster vaccination is open to all people aged 18 and over as of December 24, 2021.<\/li>\n<li>Visit\u00a0<a class=\"atClass\" title=\"Link to article on vaccinating children aged 5-11 (new window)\" href=\"https:\/\/www.gouvernement.fr\/covid-19-le-delai-d-eligibilite-a-la-dose-de-rappel-reduit-a-4-mois\" target=\"_blank\" rel=\"noopener\" data-smarttag-click=\"{&quot;name&quot;: &quot;https\/\/www.gouvernement.fr\/covid-19-le-delai-d-eligibilite-a-la-dose-de-rappel-reduit-a-4-mois&quot;, &quot;type&quot;: &quot;navigation&quot;,&quot;chapter1&quot;:&quot;info_coronavirus_covid_19&quot;}\">vaccination is open to all children aged 5-11<\/a>\u00a0from December 22, 2021.<\/li>\n<\/ul>\n<h4>\"Health Pass<\/h4>\n<ul>\n<li>A bill will be submitted to Parliament to\u00a0<strong>transform the \"health pass\" into a \"vaccination pass\" as of January 15<\/strong>. It also aims to tighten control and sanction conditions against false \"passes\".<\/li>\n<\/ul>\n<h4>Professional environment<\/h4>\n<ul>\n<li><strong>From January 3, teleworking will be mandatory for all employees for whom it is possible, for a minimum of three days a week and four days when possible.<\/strong><\/li>\n<li>All New Year's Eve ceremonies postponed until January.<\/li>\n<\/ul>\n<h4>Events &amp; leisure<\/h4>\n<p>From January 3 for three weeks:<\/p>\n<ul>\n<li>The capacity will be restored for major events: 2,000 people indoors, 5,000 outdoors.<\/li>\n<li>Standing concerts are prohibited.<\/li>\n<li>In caf\u00e9s and bars, standing consumption will be prohibited.<\/li>\n<\/ul>\n<p>Up to and including January 24,\u00a0<strong>discotheques are prohibited from welcoming the public<\/strong>. Until the same date, this ban applies to dance activities in establishments open to the public, such as restaurants and bars.<\/p>\n<h4>Barrier gestures<\/h4>\n<ul>\n<li><strong>Mask wearing, already compulsory indoors in all establishments open to the public, will be extended to certain city centers.<\/strong><\/li>\n<li>Frequent ventilation of enclosed spaces is more important than ever. It is recommended to<a class=\"atClass\" title=\"Link to infographic (new window)\" href=\"https:\/\/www.gouvernement.fr\/covid-19-pourquoi-il-faut-aerer-10-minutes-toutes-les-heures\" target=\"_blank\" rel=\"noopener\" data-smarttag-click=\"{&quot;name&quot;: &quot;https\/\/www.gouvernement.fr\/covid-19-pourquoi-il-faut-aerer-10-minutes-toutes-les-heures&quot;, &quot;type&quot;: &quot;navigation&quot;,&quot;chapter1&quot;:&quot;info_coronavirus_covid_19&quot;}\"><strong>air each room for 10 minutes every hour<\/strong><\/a>.<\/li>\n<li>Visit\u00a0<strong><a class=\"atClass\" title=\"Link to the page dedicated to barrier gestures (new window)\" href=\"https:\/\/www.gouvernement.fr\/info-coronavirus\/gestes-barrieres\" target=\"_blank\" rel=\"noopener\" data-smarttag-click=\"{&quot;name&quot;: &quot;https\/\/www.gouvernement.fr\/info-coronavirus\/gestes-barrieres&quot;, &quot;type&quot;: &quot;navigation&quot;,&quot;chapter1&quot;:&quot;info_coronavirus_covid_19&quot;}\">barrier gestures<\/a>\u00a0must be scrupulously respected<\/strong>\u00a0during the festive season: avoid hugging, wear a mask, ventilate enclosed spaces regularly, etc. We also recommend\u00a0<strong>avoid large gatherings<\/strong>\u00a0The fewer the number, the fewer the risks.<\/li>\n<\/ul>\n<h4>Travel<\/h4>\n<ul>\n<li><strong>All persons aged 12 and over entering France must present a negative PCR or antigen test less than 24 or 48 hours old, depending on the country of origin.\u00a0<\/strong>The only exception is for people with a complete vaccination schedule, who do not need to take a test if they arrive from a member state of the European Union, Andorra, Iceland, Liechtenstein, Monaco, Norway, San Marino, the Holy See or Switzerland.<\/li>\n<li>In addition, to counter the spread of the Omicron variant,\u00a0<strong>the\u00a0<a class=\"atClass\" title=\"Link to travel page (new window)\" href=\"https:\/\/www.gouvernement.fr\/info-coronavirus\/deplacements\" target=\"_blank\" rel=\"noopener\" data-smarttag-click=\"{&quot;name&quot;: &quot;https\/\/www.gouvernement.fr\/info-coronavirus\/deplacements&quot;, &quot;type&quot;: &quot;navigation&quot;,&quot;chapter1&quot;:&quot;info_coronavirus_covid_19&quot;}\">country classification<\/a>defined on the basis of health indicators has evolved, with the addition of a \"scarlet red\" country classification.<\/strong>.<\/li>\n<\/ul>\n<h2 style=\"text-align: left; color: #ba2123; font-size: 25px;\">FRIDAY December 24, 2021<\/h2>\n<p>To cope with the epidemic circulation and the fifth wave, new measures are coming into force.<\/p>\n<p><u>Screening<\/u><\/p>\n<ul>\n<li>All people, whether or not they have been vaccinated, are\u00a0<b>invited to be tested in the hours leading up to the festivities<\/b>.<\/li>\n<\/ul>\n<p><u>Vaccination<\/u><\/p>\n<ul>\n<li><strong>Vaccination is\u00a0<a class=\"atClass\" title=\"gouvernement.fr (new window)\" href=\"https:\/\/www.gouvernement.fr\/covid-19-elargissement-de-la-vaccination-a-l-ensemble-des-enfants-de-5-a-11-ans\" target=\"_blank\" rel=\"noopener\" data-smarttag-click=\"{&quot;name&quot;: &quot;\/covid-19-elargissement-de-la-vaccination-a-l-ensemble-des-enfants-de-5-a-11-ans&quot;, &quot;type&quot;: &quot;navigation&quot;,&quot;chapter1&quot;:&quot;info_coronavirus_covid_19&quot;}\">open to all children aged 5-11<\/a>\u00a0from December 22, 2021.<\/strong><\/li>\n<li><strong>The booster vaccination is open to everyone aged 18 and over.\u00a0<\/strong>from five months after the last injection or last infection with Covid-19. As of January 3, the booster can be administered as of 4 months since the last injection.<\/li>\n<\/ul>\n<p><u>\"Health Pass<\/u><\/p>\n<ul>\n<li><strong>People aged 65 and over and those vaccinated with the Janssen vaccine must provide proof of a booster vaccination for their \"health pass\" to be extended.<\/strong>.<\/li>\n<li><strong>People aged 18 to 64 who had their last dose of vaccine before June 17 must have had their booster by January 15 for their \"pass\" to be valid.<\/strong><span style=\"color: #000000;\"><span style=\"font-family: Marianne, monospace;\">\u00a0\"<\/span><\/span><strong>\u00a0is not disabled<\/strong>By this date, they will have passed the 5-month time limit to qualify for the recall, and the 8-week time limit to carry out the recall.<\/li>\n<li><strong>Only PCR and antigenic tests less than 24 hours old will constitute proof of a \"health pass\".<\/strong><\/li>\n<li>A bill will be submitted to Parliament at the beginning of January to transform the \"health pass\" into a \"vaccination pass\", and to tighten the conditions for controls and penalties against false \"passes\".<\/li>\n<\/ul>\n<p><u>Barrier gestures<\/u><\/p>\n<ul>\n<li><strong>Masks must be worn indoors in all establishments open to the public.<\/strong><\/li>\n<li>Frequent ventilation of enclosed spaces is more important than ever. It is recommended to<strong>air each room for 10 minutes every hour<\/strong>.<\/li>\n<li>Visit\u00a0<strong>barrier gestures must be scrupulously observed<\/strong>\u00a0during the festive season: avoid hugging, wear a mask, ventilate enclosed spaces regularly, etc. We also recommend\u00a0<strong>avoid large gatherings<\/strong>\u00a0The fewer the number, the fewer the risks.<\/li>\n<\/ul>\n<p><u>Gathering<\/u><\/p>\n<ul>\n<li>Visit\u00a0<b>prefects will prohibit wild gatherings and the consumption of alcohol on public thoroughfares<\/b>\u00a0and invite\u00a0<b>municipalities to refrain from organizing large gatherings on public thoroughfares<\/b>Greetings ceremonies and social gatherings will not be held.<\/li>\n<\/ul>\n<p><u>Education<\/u><\/p>\n<ul>\n<li><strong>Level 3 health protocol in elementary school<\/strong>\u00a0(compulsory wearing of masks in playgrounds, and restrictions on shuffling in canteens and on high-intensity indoor sports activities).<\/li>\n<li>The rule of closing the class for 7 days from the first positive case no longer applies to elementary school:\u00a0<strong>students who test negative within 24 hours can continue to attend class.<\/strong><\/li>\n<li>Schoolchildren in 6th grade and above who have been fully vaccinated can continue to attend classes in the classroom. Non-vaccinated students must attend classes at home during the isolation period.<\/li>\n<\/ul>\n<p><u>Leisure<\/u><\/p>\n<ul>\n<li><strong>Nightclubs banned from the public until January 6, 2022 inclusive<\/strong>. Until the same date, this ban applies to dance activities in establishments open to the public, such as restaurants and bars.<\/li>\n<li><strong>Limiting festive gatherings<\/strong>\u00a0in the private sphere.<\/li>\n<li>For outdoor events, such as Christmas markets, we are developing protocols, under the supervision of prefects, to ensure that the consumption of food products is strictly controlled.<\/li>\n<\/ul>\n<p><u>Professional environment<\/u><\/p>\n<ul>\n<li><strong>Introduction of 2 to 3 teleworking days per week whenever possible.<\/strong><\/li>\n<li><strong>Limiting face-to-face meetings.<\/strong><\/li>\n<li><strong>Greetings and farewell ceremonies postponed...<\/strong><\/li>\n<\/ul>\n<p><u>Travel<\/u><\/p>\n<ul>\n<li><strong>All persons aged 12 and over entering France must present a negative PCR or antigen test less than 24 or 48 hours old, depending on the country of origin.\u00a0<\/strong>The only exception is for people with a complete vaccination schedule, who do not need to take a test if they arrive from a member state of the European Union, Andorra, Iceland, Liechtenstein, Monaco, Norway, San Marino, the Holy See or Switzerland.<\/li>\n<li>In addition, to counter the spread of the Omicron variant,\u00a0<strong>the classification of countries, defined on the basis of health indicators, has evolved, with the addition of a \"scarlet red\" country classification.<\/strong>.<\/li>\n<\/ul>\n<h2 style=\"text-align: left; color: #ba2123; font-size: 25px;\">FRIDAY December 17, 2021<\/h2>\n<p><span style=\"font-weight: 400;\">SITUATION UPDATE<br \/>\n<\/span><span style=\"font-weight: 400;\">To cope with the epidemic circulation and the fifth wave, new measures are coming into force.<br \/>\n<\/span><span style=\"font-weight: 400;\">Vaccination<\/span><\/p>\n<ul>\n<li style=\"font-weight: 400;\" aria-level=\"1\"><b>Vaccination is open to children aged 5-11 who live in contact with immunocompromised people and those with serious illnesses.<\/b><\/li>\n<li style=\"font-weight: 400;\" aria-level=\"1\"><b>The booster vaccination is open to everyone aged 18 and over. <\/b><span style=\"font-weight: 400;\">five months after the last injection or infection with Covid-19.<\/span><\/li>\n<\/ul>\n<p><span style=\"font-weight: 400;\">\"Health Pass<\/span><\/p>\n<ul>\n<li style=\"font-weight: 400;\" aria-level=\"1\"><b>People aged 65 and over and those vaccinated with the Janssen vaccine must provide proof of a booster vaccination for their \"health pass\" to be extended.<\/b><span style=\"font-weight: 400;\">.<\/span><\/li>\n<li style=\"font-weight: 400;\" aria-level=\"1\"><b>People aged 18 to 64 who had their last dose of vaccine before June 17 must have had their booster by January 15 for their \"pass\" to be valid.<\/b><span style=\"font-weight: 400;\"> \"<\/span><b> is not disabled<\/b><span style=\"font-weight: 400;\">By this date, they will have passed the 5-month time limit to qualify for the recall, and the 8-week time limit to carry out the recall.<\/span><\/li>\n<li style=\"font-weight: 400;\" aria-level=\"1\"><b>Only PCR and antigenic tests less than 24 hours old will constitute proof of a \"health pass\".<\/b><\/li>\n<\/ul>\n<p><span style=\"font-weight: 400;\">Barrier gestures<\/span><\/p>\n<ul>\n<li style=\"font-weight: 400;\" aria-level=\"1\"><b>Masks must be worn indoors in all establishments open to the public.<\/b><\/li>\n<li style=\"font-weight: 400;\" aria-level=\"1\"><span style=\"font-weight: 400;\">Frequent ventilation of enclosed spaces is more important than ever. It is recommended to<\/span><b>air each room for 10 minutes every hour<\/b><span style=\"font-weight: 400;\">.<\/span><\/li>\n<\/ul>\n<p><span style=\"font-weight: 400;\">Education<\/span><\/p>\n<ul>\n<li style=\"font-weight: 400;\" aria-level=\"1\"><b>Level 3 health protocol in elementary school<\/b><span style=\"font-weight: 400;\"> (compulsory wearing of masks in playgrounds, and restrictions on shuffling in canteens and on high-intensity indoor sports activities).<\/span><\/li>\n<li style=\"font-weight: 400;\" aria-level=\"1\"><span style=\"font-weight: 400;\">The rule of closing the class for 7 days from the first positive case no longer applies to elementary school: <\/span><b>students who test negative within 24 hours can continue to attend class.<\/b><\/li>\n<li style=\"font-weight: 400;\" aria-level=\"1\"><span style=\"font-weight: 400;\">Schoolchildren in 6th grade and above who have been fully vaccinated can continue to attend classes in the classroom. Non-vaccinated students must attend classes at home during the isolation period.<\/span><\/li>\n<\/ul>\n<p><span style=\"font-weight: 400;\">Leisure<\/span><\/p>\n<ul>\n<li style=\"font-weight: 400;\" aria-level=\"1\"><b>Nightclubs banned from the public until January 6, 2022 inclusive<\/b><span style=\"font-weight: 400;\">. Until the same date, this ban applies to dance activities in establishments open to the public, such as restaurants and bars.<\/span><\/li>\n<li style=\"font-weight: 400;\" aria-level=\"1\"><b>Limiting festive gatherings<\/b><span style=\"font-weight: 400;\"> in the private sphere.<\/span><\/li>\n<li style=\"font-weight: 400;\" aria-level=\"1\"><span style=\"font-weight: 400;\">For outdoor events, such as Christmas markets, we are developing protocols, under the supervision of prefects, to ensure that the consumption of food products is strictly controlled.<\/span><\/li>\n<\/ul>\n<p><span style=\"font-weight: 400;\">Professional environment<\/span><\/p>\n<ul>\n<li style=\"font-weight: 400;\" aria-level=\"1\"><b>Introduction of 2 to 3 teleworking days per week whenever possible.<\/b><\/li>\n<li style=\"font-weight: 400;\" aria-level=\"1\"><b>Limiting face-to-face meetings.<\/b><\/li>\n<li style=\"font-weight: 400;\" aria-level=\"1\"><b>Postponement of New Year's Eve ceremonies, farewell parties...<\/b><\/li>\n<\/ul>\n<p><span style=\"font-weight: 400;\">Travel<\/span><\/p>\n<ul>\n<li style=\"font-weight: 400;\" aria-level=\"1\"><b>All persons aged 12 and over entering France must present a negative PCR or antigen test less than 24 or 48 hours old, depending on the country of origin. <\/b><span style=\"font-weight: 400;\">The only exception is for people with a complete vaccination schedule, who do not need to take a test if they arrive from a member state of the European Union, Andorra, Iceland, Liechtenstein, Monaco, Norway, San Marino, the Holy See or Switzerland.<\/span><\/li>\n<li style=\"font-weight: 400;\" aria-level=\"1\"><span style=\"font-weight: 400;\">In addition, to counter the spread of the Omicron variant, <\/span><b>the classification of countries, defined on the basis of health indicators, has evolved, with the addition of a \"scarlet red\" country classification.<\/b><span style=\"font-weight: 400;\">.<\/span><\/li>\n<\/ul>\n<p>&nbsp;<\/p>\n<h2 style=\"text-align: left; color: #ba2123; font-size: 25px;\">FRIDAY, December 10, 2021<\/h2>\n<ul>\n<li><span style=\"font-weight: 400;\">From December 15 :<\/span>\n<ul>\n<li style=\"font-weight: 400;\" aria-level=\"1\"><span style=\"font-weight: 400;\">Vaccinees aged 65 and over should receive a booster dose at least 5 months and at most 7 months after the last injection.<\/span><\/li>\n<li aria-level=\"1\"><span style=\"font-weight: 400;\">People aged 65 and over vaccinated with Jansen should receive a booster dose between 1 and 2 months after the last injection.<\/span><\/li>\n<\/ul>\n<\/li>\n<li><span style=\"font-weight: 400;\">From January 15, 2022 :<\/span>\n<ul>\n<li style=\"font-weight: 400;\" aria-level=\"1\"><span style=\"font-weight: 400;\">Those aged 18 and over9 should receive the booster dose between 5 and 7 months after the last injection.<\/span><\/li>\n<\/ul>\n<\/li>\n<li><span style=\"font-weight: 400;\">You will need to wait 7 days after the booster dose to obtain a valid health pass.<\/span><\/li>\n<li dir=\"ltr\" aria-level=\"1\">\n<p dir=\"ltr\" role=\"presentation\"><span style=\"font-weight: 400;\">On average, 750,000 doses are injected by pharmacists every week.<\/span><\/p>\n<\/li>\n<li dir=\"ltr\" aria-level=\"1\">\n<p dir=\"ltr\" role=\"presentation\"><span style=\"font-weight: 400;\">Pharmacies gradually organize Sunday vaccinations<\/span><\/p>\n<\/li>\n<li dir=\"ltr\" aria-level=\"1\">\n<p dir=\"ltr\" role=\"presentation\"><span style=\"font-weight: 400;\">Pfizer booster doses for 16-17 year olds authorized by the United States<\/span><\/p>\n<\/li>\n<li dir=\"ltr\" aria-level=\"1\">\n<p dir=\"ltr\" role=\"presentation\"><span style=\"font-weight: 400;\">A new vaccine is about to arrive in France. The Sanofi laboratory will soon receive the necessary authorizations to market the vaccine in early 2022.<\/span><\/p>\n<\/li>\n<li dir=\"ltr\" aria-level=\"1\"><span style=\"font-weight: 400;\">More than 56,000 contaminations were counted over the last 24 hours.<\/span><\/li>\n<li dir=\"ltr\" aria-level=\"1\">\n<p dir=\"ltr\" role=\"presentation\"><span style=\"font-weight: 400;\">To date, more than 13,00 Covid-19 patients are currently hospitalized, including more than 2,400 in intensive care, a higher number than in the fourth wave.<\/span><\/p>\n<\/li>\n<li dir=\"ltr\" aria-level=\"1\">\n<p dir=\"ltr\" role=\"presentation\"><span style=\"font-weight: 400;\">10,908,135 people received the booster dose of the COVID-19 vaccine<\/span><\/p>\n<\/li>\n<\/ul>\n<h2 style=\"text-align: left; color: #ba2123; font-size: 25px;\">FRIDAY December 3, 2021<\/h2>\n<ul>\n<li dir=\"ltr\" aria-level=\"1\">\n<p dir=\"ltr\" role=\"presentation\"><span style=\"font-weight: 400;\">French President to convene Defense Council next Monday<\/span><\/p>\n<\/li>\n<li dir=\"ltr\" aria-level=\"1\">\n<p dir=\"ltr\" role=\"presentation\"><span style=\"font-weight: 400;\">At present, compulsory vaccination is not envisaged in France.<\/span><\/p>\n<\/li>\n<li dir=\"ltr\" aria-level=\"1\">\n<p dir=\"ltr\" role=\"presentation\"><span style=\"font-weight: 400;\">Since the government's announcements, Doctolib has set a new record by registering 5.5 million appointments.<\/span><\/p>\n<\/li>\n<li dir=\"ltr\" aria-level=\"1\">\n<p dir=\"ltr\" role=\"presentation\"><span style=\"font-weight: 400;\">According to the WHO, no deaths linked to the Omicron variant have been recorded to date.<\/span><\/p>\n<\/li>\n<li dir=\"ltr\" aria-level=\"1\">\n<p dir=\"ltr\" role=\"presentation\"><span style=\"font-weight: 400;\">Scientific studies are currently underway in France to determine the virulence, contagiousness and resistance of the Omicron variant.<\/span><\/p>\n<\/li>\n<li dir=\"ltr\" aria-level=\"1\">\n<p dir=\"ltr\" role=\"presentation\"><span style=\"font-weight: 400;\">Booster dose: you can take your third dose with a different vaccine after the age of 30.<\/span><\/p>\n<\/li>\n<li dir=\"ltr\" aria-level=\"1\">\n<p dir=\"ltr\" role=\"presentation\"><span style=\"font-weight: 400;\">From now on, kindergarten and primary school classes will no longer be automatically closed if a case is detected. In the event of one pupil testing positive for COVID-19, all pupils in the same class will have to be tested, and will only be able to return to school if the test is negative.<\/span><\/p>\n<\/li>\n<li dir=\"ltr\" aria-level=\"1\">\n<p dir=\"ltr\" role=\"presentation\"><span style=\"font-weight: 400;\">In Belgium, primary and nursery schools will close on December 18, 1 week before the summer vacations. Masks are compulsory for children aged 6 and over.<\/span><\/p>\n<\/li>\n<li dir=\"ltr\" aria-level=\"1\">\n<p dir=\"ltr\" role=\"presentation\"><span style=\"font-weight: 400;\">Olivier V\u00e9ran has announced that if the French National Authority for Health recommends it, France will open vaccination to all children by January, but on a gradual and optional basis.<\/span><\/p>\n<\/li>\n<\/ul>\n<ul>\n<li><span style=\"font-weight: 400;\">An update on the situation in our hospitals:<\/span>\n<ul>\n<li style=\"font-weight: 400;\" aria-level=\"1\"><span style=\"font-weight: 400;\">+60% of new contaminations in one week<\/span><\/li>\n<li aria-level=\"1\"><span style=\"font-weight: 400;\">8,765 patients are currently hospitalized<\/span><\/li>\n<li aria-level=\"1\"><span style=\"font-weight: 400;\">770 new admissions in 24 hours<\/span><\/li>\n<\/ul>\n<\/li>\n<li><span style=\"font-weight: 400;\">To date, 8,216,798 people have received the booster dose of the vaccine.<\/span><\/li>\n<\/ul>\n<h2 style=\"text-align: left; color: #ba2123; font-size: 25px;\">FRIDAY, November 26, 2021<\/h2>\n<ul>\n<li><span style=\"font-weight: 400;\">France suspends flights from 7 African countries. The countries concerned are :<\/span>\n<ul>\n<li style=\"font-weight: 400;\" aria-level=\"1\"><span style=\"font-weight: 400;\">South Africa, Lesotho, Botswana, Zimbabwe, Mozambique, Namibia and Eswatini<\/span><\/li>\n<\/ul>\n<\/li>\n<li><span style=\"font-weight: 400;\">The new variant that has appeared in South Africa has health authorities worried.<\/span>\n<ul>\n<li style=\"font-weight: 400;\" aria-level=\"1\"><span style=\"font-weight: 400;\">B.1.1.529 variant causes exponential rise in cases in South Africa<\/span><\/li>\n<li style=\"font-weight: 400;\" aria-level=\"1\"><span style=\"font-weight: 400;\">This variant not only has increased transmission capacity but is also able to bypass certain parts of the immune system.<\/span><\/li>\n<\/ul>\n<\/li>\n<li><span style=\"font-weight: 400;\">A case of the new variant detected in Belgium after appearing in Botswana, Hong Kong and Israel<\/span><\/li>\n<li><span style=\"font-weight: 400;\">To date, the efficacy of vaccines against this variant has not been established.<\/span><\/li>\n<li><span style=\"font-weight: 400;\">Belgium again tightens restrictions:<\/span>\n<ul>\n<li style=\"font-weight: 400;\" aria-level=\"1\"><span style=\"font-weight: 400;\">Discotheques and nightclubs now closed<\/span><\/li>\n<li aria-level=\"1\"><span style=\"font-weight: 400;\">Bars and restaurants are obliged to close between 11 p.m. and 5 a.m., with a maximum of six people at table.<\/span><\/li>\n<li aria-level=\"1\"><span style=\"font-weight: 400;\">Late-night stores must close at 11 p.m.<\/span><\/li>\n<\/ul>\n<\/li>\n<li><span style=\"font-weight: 400;\">On Thursday alone, Doctolib recorded a record number of appointments booked, totalling over one million.<\/span><\/li>\n<li><span style=\"font-weight: 400;\">To date, 5,826,321 people have received 3 doses of the vaccine.\u00a0<\/span><\/li>\n<\/ul>\n<h2 style=\"text-align: left; color: #ba2123; font-size: 25px;\">FRIDAY, November 19, 2021<\/h2>\n<ul>\n<li><span style=\"font-weight: 400;\">Several European countries have decided to extend the third dose to all age groups eligible for the vaccine. Countries concerned: <\/span>\n<ul>\n<li style=\"font-weight: 400;\" aria-level=\"1\"><span style=\"font-weight: 400;\">Israel, Belgium, Germany and Hungary<\/span><\/li>\n<\/ul>\n<\/li>\n<li><span style=\"font-weight: 400;\">In response to the outbreak of COVID in Austria, the country announced on Friday that the entire population, including the vaccinated, would be confined. This measure will take effect from next Monday.<\/span><\/li>\n<li><span style=\"font-weight: 400;\">Austria to make vaccination compulsory for all as of February 1<\/span><\/li>\n<li><span style=\"font-weight: 400;\">With an average of 60,000 new cases every day, Germany has decided to tighten the screws for the non-vaccinated.<\/span>\n<ul>\n<li style=\"font-weight: 400;\" aria-level=\"1\"><span style=\"font-weight: 400;\">PCR and antigen-negative tests will no longer be enough to go to restaurants, the cinema or even the hairdresser's. From now on, you'll need to be vaccinated. <\/span><\/li>\n<li style=\"font-weight: 400;\" aria-level=\"1\"><span style=\"font-weight: 400;\">To get to work, you'll have to be tested every day or your wages will be deducted.<\/span><\/li>\n<li style=\"font-weight: 400;\" aria-level=\"1\"><span style=\"font-weight: 400;\">The current vaccination rate in Germany is 68%, a far cry from herd immunity.<\/span><\/li>\n<\/ul>\n<\/li>\n<li><span style=\"font-weight: 400;\">The French head of state says he is awaiting \"the opinion of health authorities\" on the usefulness of a third dose for the entire population.<\/span><\/li>\n<li><span style=\"font-weight: 400;\">He also considers that confinement of non-vaccinated people is not necessary in France.<\/span>\n<ul>\n<li style=\"font-weight: 400;\" aria-level=\"1\"><span style=\"font-weight: 400;\">The government believes that the health pass is now sufficient to encourage vaccination and contain the pandemic.<\/span><\/li>\n<\/ul>\n<\/li>\n<li><span style=\"font-weight: 400;\">In Israel, the recall campaign launched in July is proving its worth<\/span>\n<ul>\n<li style=\"font-weight: 400;\" aria-level=\"1\"><span style=\"font-weight: 400;\">The country has not seen a new peak in contaminations, and the number of active cases even fell below the 10,000 mark at the end of October.<\/span><\/li>\n<\/ul>\n<\/li>\n<li><span style=\"font-weight: 400;\">In France, the number of cases is growing very rapidly, with an average of 13,000 cases detected per day (+43%), but the impact on hospitals remains moderate:<\/span>\n<ul>\n<li style=\"font-weight: 400;\" aria-level=\"1\"><span style=\"font-weight: 400;\">+43% hospital admissions over one week<\/span><\/li>\n<li aria-level=\"1\"><span style=\"font-weight: 400;\">+37% critical care admissions over one week<\/span><\/li>\n<\/ul>\n<\/li>\n<li><span style=\"font-weight: 400;\">To date, 4,674,068 people have received the 3rd booster dose.<\/span><\/li>\n<\/ul>\n<h2 style=\"text-align: left; color: #ba2123; font-size: 25px;\">FRIDAY, November 12, 2021<\/h2>\n<ul>\n<li><span style=\"font-weight: 400;\">France's head of state announced on Tuesday that people aged 65 and over would have to receive a booster dose if they wanted to keep their health pass.<\/span><\/li>\n<li><span style=\"font-weight: 400;\">After catching the COVID-19 virus, our antibodies protect us for one to two years.<\/span><\/li>\n<li><span style=\"font-weight: 400;\">Countries in which the epidemic is gaining momentum :\u00a0<\/span>\n<ul>\n<li aria-level=\"1\"><span style=\"font-weight: 400;\">Estonia: 1,300 cases per million of COVID today, compared with 844 in mid-October<\/span><\/li>\n<li aria-level=\"1\"><span style=\"font-weight: 400;\">In Bulgaria, Romania, Croatia and Slovakia, the incidence rate is 500 cases per 100,000 inhabitants.<\/span><\/li>\n<li aria-level=\"1\"><span style=\"font-weight: 400;\">In Germany, the milestone of 50,000 new infections per day was passed on Thursday.<\/span><\/li>\n<li aria-level=\"1\"><span style=\"font-weight: 400;\">Austria: where 65% of the population is fully vaccinated, the Chancellor has announced that he wants to impose confinement only on non-vaccinated people.<\/span><\/li>\n<li aria-level=\"1\"><span style=\"font-weight: 400;\">In Belgium, a booster dose of the vaccine is proposed for the entire population, at a time when the country is registering 8,000 new infections per day.<\/span><\/li>\n<li aria-level=\"1\"><span style=\"font-weight: 400;\">The Netherlands to reinstate certain health restrictions in the face of a surge in cases<\/span><\/li>\n<li aria-level=\"1\"><span style=\"font-weight: 400;\">UK shows slight decline with 40,000 new cases per day<\/span><\/li>\n<\/ul>\n<\/li>\n<li><span style=\"font-weight: 400;\">Norway's prime minister announced on Friday that the country would be reinstating restrictions in the face of a resurgence in the number of cases.<\/span><\/li>\n<li><span style=\"font-weight: 400;\">Incidence rate soars in France, with 44% increase in one week<\/span>\n<ul>\n<li aria-level=\"1\"><span style=\"font-weight: 400;\">An average of 94 cases per 100,000 inhabitants<\/span><\/li>\n<li aria-level=\"1\"><span style=\"font-weight: 400;\">Incidents are highest among people in their thirties: 131 cases per 100,000 inhabitants.<\/span><\/li>\n<\/ul>\n<\/li>\n<\/ul>\n<ul>\n<li><span style=\"font-weight: 400;\">Israel is the 3rd country to authorize vaccination of children aged 5 to 11, after Cuba and the United States.<\/span>\n<ul>\n<li aria-level=\"1\"><span style=\"font-weight: 400;\">These children will receive specially adapted doses developed by Pfizer<\/span><\/li>\n<\/ul>\n<\/li>\n<\/ul>\n<ul>\n<li><span style=\"font-weight: 400;\">Southern Europe still spared from what looks like the start of the 5th wave of the epidemic<\/span><\/li>\n<li><span style=\"font-weight: 400;\">As of this Wednesday, non-vaccinated travelers from Germany, Austria, Belgium, Greece, Hungary, Ireland, the Netherlands and the Czech Republic will have to present a negative PCR test less than 24 hours old to travel to France.<\/span><\/li>\n<li><span style=\"font-weight: 400;\">To date, 3,840,517 people in France have received a third dose of the vaccine.<\/span><\/li>\n<\/ul>\n<h2 style=\"text-align: left; color: #ba2123; font-size: 25px;\">FRIDAY, November 5, 2021<\/h2>\n<ul>\n<li><span style=\"font-weight: 400;\">From next Monday, the mask will be back in schools in 39 French d\u00e9partements where it was no longer compulsory.<\/span>\n<ul>\n<li style=\"font-weight: 400;\" aria-level=\"1\"><span style=\"font-weight: 400;\">This applies to departments where the incidence rate has been higher than 50 for five days in a row.<\/span><\/li>\n<li aria-level=\"1\"><span style=\"font-weight: 400;\">61 departments are now involved<\/span><\/li>\n<\/ul>\n<\/li>\n<li><span style=\"font-weight: 400;\">American giant Pfizer has announced that its antiviral treatment reduces the risk of severe forms of the virus by 98%.<\/span>\n<ul>\n<li style=\"font-weight: 400;\" aria-level=\"1\"><span style=\"font-weight: 400;\">In view of this efficacy, Pfizer has halted trials in order to accelerate the submission of a marketing authorization application in the United States.<\/span><\/li>\n<\/ul>\n<\/li>\n<li><span style=\"font-weight: 400;\">The UK becomes the first country to authorize the oral COVID-19 treatment Molnupiravir<\/span><\/li>\n<li><span style=\"font-weight: 400;\">To date, 48% of the population eligible for the booster dose have received it.<\/span><\/li>\n<li><span style=\"font-weight: 400;\">Parliament gives go-ahead to extension of health pass until July 31<\/span><\/li>\n<li><span style=\"font-weight: 400;\">The World Health Organization fears an upsurge in COVID-19 cases over the winter for 2 main reasons:<\/span>\n<ul>\n<li style=\"font-weight: 400;\" aria-level=\"1\"><span style=\"font-weight: 400;\">Insufficient vaccination coverage<\/span><\/li>\n<li aria-level=\"1\"><span style=\"font-weight: 400;\">A significant easing of health and social measures<\/span><\/li>\n<\/ul>\n<\/li>\n<li><span style=\"font-weight: 400;\">According to the WHO, this situation could cause the death of half a million more people on the European continent by February 2022.<\/span><\/li>\n<li><span style=\"font-weight: 400;\">President Sarkozy will shortly be addressing the French people, as he pledged to do in his last speech on July 12.<\/span><\/li>\n<li><span style=\"font-weight: 400;\">Vaccinations for seniors could soon become compulsory <\/span><\/li>\n<li><span style=\"font-weight: 400;\">To date, 51,236,943 million people have received a first dose of vaccine and 3,028,581 have received a third dose.<\/span><\/li>\n<\/ul>\n<h2 style=\"text-align: left; color: #ba2123; font-size: 25px;\">FRIDAY, OCTOBER 27, 2021<\/h2>\n<ul>\n<li><span style=\"font-weight: 400;\">The French Academy of Medicine opposes conditioning the health step to a third dose<\/span>\n<ul>\n<li style=\"font-weight: 400;\" aria-level=\"1\"><span style=\"font-weight: 400;\">The government is waiting for scientific recommendations before taking a position<\/span><\/li>\n<\/ul>\n<\/li>\n<li><span style=\"font-weight: 400;\">Health authorities confirm the resumption of the epidemic in France <\/span>\n<ul>\n<li style=\"font-weight: 400;\" aria-level=\"1\"><span style=\"font-weight: 400;\">Hospital admissions up 2%, critical care admissions up 12%<\/span><\/li>\n<\/ul>\n<\/li>\n<li><span style=\"font-weight: 400;\">According to scientific studies conducted in Israel, it would appear that vaccine immunity gradually disappears as the months go by.<\/span><\/li>\n<li><span style=\"font-weight: 400;\">Update on our schools : <\/span>\n<ul>\n<li aria-level=\"1\"><span style=\"font-weight: 400;\">20 school structures closed out of 59,650, i.e. 0.03% (this only concerns schools)<\/span><\/li>\n<li aria-level=\"1\"><span style=\"font-weight: 400;\">1,246 classes closed out of 527,200, i.e. 0.24%<\/span><\/li>\n<li aria-level=\"1\"><span style=\"font-weight: 400;\">3,620 cases of covid in students out of 12,223,000, i.e. 0.03% cumulated over the last 7 days<\/span><\/li>\n<li aria-level=\"1\"><span style=\"font-weight: 400;\">257 cases of covid in employees out of 1,201,500, i.e. 0.02% cumulated over the last 7 days<\/span><\/li>\n<\/ul>\n<\/li>\n<li><span style=\"font-weight: 400;\">To date, 51,147,229 people have received a first dose of the vaccine, including 49,937,559 with a complete vaccination schedule.<\/span><\/li>\n<\/ul>\n<h2 style=\"text-align: left; color: #ba2123; font-size: 25px;\">FRIDAY, OCTOBER 22, 2021<\/h2>\n<ul>\n<li><span style=\"font-weight: 400;\">The health pass has now been approved by 62% of the French population, compared with 57% last February.<\/span>\n<ul>\n<li style=\"font-weight: 400;\" aria-level=\"1\"><span style=\"font-weight: 400;\">Nearly half are generally positive about the government's response to the health crisis, compared with a third last May.<\/span><\/li>\n<\/ul>\n<\/li>\n<li><span style=\"font-weight: 400;\">According to the French Minister of Health and Solidarity, there has been a small increase in COVID-19, but no health impact for the time being.<\/span><span style=\"font-weight: 400;\">\u00a0<\/span>\n<ul>\n<li style=\"font-weight: 400;\" aria-level=\"1\"><span style=\"font-weight: 400;\">An average of 5,000 new cases<\/span><\/li>\n<\/ul>\n<\/li>\n<li><span style=\"font-weight: 400;\">Over the past week, the number of screening tests has been falling<\/span>\n<ul>\n<li aria-level=\"1\"><span style=\"font-weight: 400;\">250,000 fewer tests than last week<\/span><\/li>\n<li aria-level=\"1\"><span style=\"font-weight: 400;\">The Solidaires union has lodged a petition with the Conseil d'\u00c9tat demanding an end to free COVID-19 screening tests.<\/span><\/li>\n<\/ul>\n<\/li>\n<li><span style=\"font-weight: 400;\">COVID-19 vaccine booster: What are the eligibility criteria?<\/span>\n<ul>\n<li aria-level=\"1\"><span style=\"font-weight: 400;\">Be over 65 years of age six months after receiving their last dose of vaccine<\/span><\/li>\n<li aria-level=\"1\"><span style=\"font-weight: 400;\">Be immunosuppressed or have a comorbidity 3 months after the last injection<\/span><\/li>\n<li style=\"font-weight: 400;\" aria-level=\"1\"><span style=\"font-weight: 400;\">Have received a single dose of vaccine (Janssen), four weeks after the first injection<\/span><\/li>\n<li aria-level=\"1\"><span style=\"font-weight: 400;\">To date, some 25 million people meet these eligibility criteria.<\/span><\/li>\n<\/ul>\n<\/li>\n<li>Despite protests, Morocco launches a vaccination pass with immediate effect<\/li>\n<li><span style=\"font-weight: 400;\">Since the beginning of the crisis, between 80,000 and 180,000 caregivers have died from the virus between January 2020 and May 2021.<\/span><\/li>\n<li><span style=\"font-weight: 400;\">According to Pfizer\/BioNTech, the third vaccine, also known as the \"booster\" dose, is 95.6% effective against symptomatic forms of the disease.<\/span><\/li>\n<li><span style=\"font-weight: 400;\">To date, 49,679,838 people have a complete vaccination schedule, and 50,958,869 have received a first dose of the vaccine.<\/span><\/li>\n<\/ul>\n<h2 style=\"text-align: left; color: #ba2123; font-size: 25px;\">FRIDAY, OCTOBER 15, 2021<\/h2>\n<ul style=\"font-weight: 400;\">\n<li><span style=\"font-weight: 400;\">Here we are, the end of the free COVID tests:<\/span>\n<ul>\n<li style=\"font-weight: 400;\" aria-level=\"1\"><span style=\"font-weight: 400;\">All non-vaccinated people will now have to pay for a test:<\/span>\n<ul>\n<li style=\"font-weight: 400;\" aria-level=\"1\"><span style=\"font-weight: 400;\">Nearly \u20ac44 for a PCR test<\/span><\/li>\n<li aria-level=\"1\"><span style=\"font-weight: 400;\">5.20 for a self-test performed in front of a professional<\/span><\/li>\n<li style=\"font-weight: 400;\" aria-level=\"1\"><span style=\"font-weight: 400;\">22\u20ac for a laboratory antigen test\u00a0<\/span><\/li>\n<li aria-level=\"1\"><span style=\"font-weight: 400;\">From \u20ac25 to \u20ac30 for an antigen test in a pharmacy<\/span><\/li>\n<\/ul>\n<\/li>\n<\/ul>\n<\/li>\n<\/ul>\n<ul>\n<li aria-level=\"1\"><span style=\"font-weight: 400;\">These tests will continue to be free of charge for all French people who have completed their vaccination schedule, for those with a prescription and for minors.<\/span><\/li>\n<li aria-level=\"1\"><span style=\"font-weight: 400;\">If the test is carried out \"for screening purposes\", the government specifies, it is also reimbursed.<\/span><\/li>\n<\/ul>\n<ul>\n<li><span style=\"font-weight: 400;\">Over the past 24 hours<\/span>\u00a0:\n<ul>\n<li aria-level=\"1\"><span style=\"font-weight: 400;\">5187 new cases recorded<\/span><\/li>\n<li aria-level=\"1\"><span style=\"font-weight: 400;\">38 hospital deaths<\/span><\/li>\n<li aria-level=\"1\"><span style=\"font-weight: 400;\">44 new admissions to intensive care<\/span><\/li>\n<li aria-level=\"1\"><span style=\"font-weight: 400;\">206 new hospital admissions<\/span><\/li>\n<\/ul>\n<\/li>\n<li><span style=\"font-weight: 400;\">At the moment :<\/span>\n<ul>\n<li aria-level=\"1\"><span style=\"font-weight: 400;\">1075 patients in intensive care<\/span><\/li>\n<li aria-level=\"1\"><span style=\"font-weight: 400;\">6523 patients are hospitalized<\/span><\/li>\n<\/ul>\n<\/li>\n<\/ul>\n<ul>\n<li><span style=\"font-weight: 400;\">In nearly 36 d\u00e9partements, the incidence rate has risen over the past week<\/span>\n<ul>\n<li aria-level=\"1\"><span style=\"font-weight: 400;\">This situation is being monitored mainly in Loz\u00e8re, where the incidence rate has doubled in seven days.<\/span><\/li>\n<li aria-level=\"1\"><span style=\"font-weight: 400;\">Masks must be worn again in elementary school as of October 18.<\/span><\/li>\n<\/ul>\n<\/li>\n<\/ul>\n<ul>\n<li><span style=\"font-weight: 400;\">Since the beginning of the health crisis, researchers speaking out in the media have been increasingly targeted by threats and harassment:<\/span>\n<ul>\n<li aria-level=\"1\"><span style=\"font-weight: 400;\">A study reveals that over <\/span><span style=\"font-weight: 400;\">more than 300 scientists who spoke out in the media or social networks. Two-thirds of respondents reported negative experiences following these apparitions.<\/span><\/li>\n<\/ul>\n<\/li>\n<li><span style=\"font-weight: 400;\">To date, 50,747,857 people have received their first dose of vaccine. At the same time, 49,374,474 people have completed their vaccination schedules.<\/span><\/li>\n<\/ul>\n<h2 style=\"text-align: left; color: #ba2123; font-size: 25px;\">FRIDAY, OCTOBER 8, 2021<\/h2>\n<ul style=\"font-weight: 400;\">\n<li><span style=\"font-weight: 400;\">The scientific advisory board is recommending a delayed release of the sanitary pass between mid-November and the end of the year, to allow time to see how the epidemic situation develops in relation to the weather.<\/span><\/li>\n<li><span style=\"font-weight: 400;\">As of next Friday, COVID screening tests will be subject to a fee.<\/span>\n<ul>\n<li style=\"font-weight: 400;\" aria-level=\"1\"><span style=\"font-weight: 400;\">People who have not been vaccinated and do not have a prescription will have to pay : <\/span>\n<ul>\n<li style=\"font-weight: 400;\" aria-level=\"1\"><span style=\"font-weight: 400;\">5.20 for a self-test performed in front of a professional<\/span><\/li>\n<li aria-level=\"1\"><span style=\"font-weight: 400;\">Nearly \u20ac44 for a PCR test valid for 72 hours<\/span><\/li>\n<li style=\"font-weight: 400;\" aria-level=\"1\"><span style=\"font-weight: 400;\">22\u20ac for a laboratory antigen test\u00a0<\/span><\/li>\n<li aria-level=\"1\"><span style=\"font-weight: 400;\">From \u20ac25 to \u20ac30 for an antigen test in a pharmacy<\/span><\/li>\n<\/ul>\n<\/li>\n<\/ul>\n<\/li>\n<\/ul>\n<ul>\n<li><span style=\"font-weight: 400;\">On Thursday, Pzifer filed a request with the U.S. Food and Drug Administration for approval of a vaccine developed with BioNTech against Covid-19 in children aged 5 to 11.<\/span>\n<ul>\n<li style=\"font-weight: 400;\" aria-level=\"1\"><span style=\"font-weight: 400;\">The dosage was adapted to 10 micrograms per injection, compared with 30 micrograms for the older groups.<\/span><\/li>\n<li style=\"font-weight: 400;\" aria-level=\"1\"><span style=\"font-weight: 400;\">This age group corresponds to 28 million American children.<\/span><\/li>\n<\/ul>\n<\/li>\n<li><span style=\"font-weight: 400;\">3rd dose campaign now open to caregivers as of this Thursday<\/span><span style=\"font-weight: 400;\">\u00a0<\/span>\n<ul>\n<li style=\"font-weight: 400;\" aria-level=\"1\"><span style=\"font-weight: 400;\">For the time being, this reminder is not compulsory.<\/span><\/li>\n<\/ul>\n<\/li>\n<\/ul>\n<ul>\n<li><span style=\"font-weight: 400;\">In Israel, the encouraging effects of the third dose of :<\/span>\n<ul>\n<li aria-level=\"1\"><span style=\"font-weight: 400;\">Nearly 40% of Israelis have received three doses<\/span><\/li>\n<li aria-level=\"1\"><span style=\"font-weight: 400;\">In September, the number of new daily cases approached or exceeded the 11,000 mark, before falling back to 3,119 on October 6.<\/span><\/li>\n<li aria-level=\"1\"><span style=\"font-weight: 400;\">The number of serious patients now stands at 472, compared with 759 on August 30.<\/span><\/li>\n<\/ul>\n<\/li>\n<li><span style=\"font-weight: 400;\">To date, 48,989,674 citizens have been fully vaccinated and 50,523,678 have been vaccinated for the first time.<\/span><\/li>\n<\/ul>\n<h2 style=\"text-align: left; color: #ba2123; font-size: 25px;\">FRIDAY OCTOBER 1, 2021<\/h2>\n<ul>\n<li>DREES shows that the difference between vaccinated and non-vaccinated people remains significant:\n<ul>\n<li aria-level=\"1\"><span style=\"font-weight: 400;\">Eight times as many positive tests among unvaccinated people as among fully vaccinated people<\/span><\/li>\n<li aria-level=\"1\"><span style=\"font-weight: 400;\">Between September 13 and 19, there were 11 deaths for every 1 million unvaccinated people, compared with 2 for those fully vaccinated. That's 6 times more deaths among the unvaccinated than among the fully vaccinated.<\/span><\/li>\n<\/ul>\n<\/li>\n<li><span style=\"font-weight: 400;\">The French Ministry of Education has announced that nearly 1,700 classes have been closed due to COVID-19 : <\/span>\n<ul>\n<li aria-level=\"1\"><span style=\"font-weight: 400;\">This is down on the previous figure of 2,366 classrooms closed.<\/span><\/li>\n<\/ul>\n<\/li>\n<\/ul>\n<ul>\n<li><span style=\"font-weight: 400;\">Health pass now compulsory for 12-17 year-olds <\/span>\n<ul>\n<li aria-level=\"1\"><span style=\"font-weight: 400;\">Minors must present a valid QR code attesting to full vaccination, a negative test less than 72 hours old or a certificate of recovery from Covid-19.<\/span><\/li>\n<\/ul>\n<\/li>\n<\/ul>\n<ul>\n<li><span style=\"font-weight: 400;\">The Stade de France vaccinodrome closes its doors, where almost half a million doses were administered in the space of 6 months.<\/span><\/li>\n<li><span style=\"font-weight: 400;\">As of next Monday, masks will no longer be compulsory for primary school pupils in 47 French d\u00e9partements.<\/span>\n<ul>\n<li aria-level=\"1\"><span style=\"font-weight: 400;\">In all these departments, the incidence rate was below 50 for 5 consecutive days.<\/span><\/li>\n<\/ul>\n<\/li>\n<li>Sanofi announced on Tuesday that it was halting development of its messenger RNA vaccine.<\/li>\n<li><span style=\"font-weight: 400;\">In New Caledonia, confinement is extended by two weeks due to the high circulation of Covid-19.<\/span>\n<ul>\n<li style=\"font-weight: 400;\" aria-level=\"2\"><span style=\"font-weight: 400;\">There have been 10 more deaths in the last 24 hours, bringing the total to 129.<\/span><\/li>\n<\/ul>\n<\/li>\n<\/ul>\n<ul>\n<li><span style=\"font-weight: 400;\">To date, 50,285,691 people have received the first dose of the vaccine.<\/span><\/li>\n<li><span style=\"font-weight: 400;\">At the same time, 48,528,074 people have been fully vaccinated.<\/span><\/li>\n<\/ul>\n<h2 style=\"text-align: left; color: #ba2123; font-size: 25px;\">FRIDAY, SEPTEMBER 17, 2021<\/h2>\n<ul>\n<li>Emmanuel Macron says he is ready to \"lift the health pass\" in certain areas<\/li>\n<li>French Polynesia announces easing of health restrictions:\n<ul>\n<li aria-level=\"1\">The lockdown will be completely lifted except on the most populated islands, where it will remain in force over the weekend.<\/li>\n<li aria-level=\"1\">The curfew will remain in force between 9 p.m. and 4 a.m.<\/li>\n<li aria-level=\"1\">Restaurants will be able to reopen and sports will be permitted. However, museums, exhibition halls and cinemas remain closed.<\/li>\n<\/ul>\n<\/li>\n<li>In the Pyr\u00e9n\u00e9es-Atlantiques region, the obligation to wear a mask will be reduced on the coast.<\/li>\n<li>Just over 3,000 classes have been closed since the start of the school year due to Covid-19.\n<ul>\n<li aria-level=\"1\">This represents 0.5% of the country's 540,000 classrooms.<\/li>\n<\/ul>\n<\/li>\n<\/ul>\n<ul>\n<li>Health protocol remains at level 2\n<ul>\n<li aria-level=\"1\">According to the Minister of National Education, 67% of 12-17 year-olds have received a dose of the vaccine, while 54% are fully vaccinated.<\/li>\n<\/ul>\n<\/li>\n<\/ul>\n<ul>\n<li>The Minister of Health announces that nearly 3,000 have been suspended for refusing to vaccinate. However, he claims that many of these suspensions are only temporary.<\/li>\n<li>Key figures :\n<ul>\n<li aria-level=\"1\">Just over 8,000 new cases in 24 hours, compared with over 11,000 a week ago<\/li>\n<li aria-level=\"1\">9297 people are currently hospitalized for COVID-19 infection<\/li>\n<li aria-level=\"1\">1952 people currently in intensive care<\/li>\n<\/ul>\n<\/li>\n<li>Statistics are down nationally<\/li>\n<li>The milestone of 50 million primary vaccinations should be passed this weekend.<\/li>\n<li>To date, 47,133,318 people have been fully vaccinated.<\/li>\n<\/ul>\n<h2 style=\"text-align: left; color: #ba2123; font-size: 25px;\">FRIDAY, SEPTEMBER 10, 2021<\/h2>\n<ul>\n<li><span style=\"font-weight: 400;\">The list of countries at risk in terms of their health situation continues to evolve:<\/span>\n<ul>\n<li style=\"font-weight: 400;\" aria-level=\"2\"><span style=\"font-weight: 400;\">The United States and Israel classified in zone orange<\/span><\/li>\n<\/ul>\n<\/li>\n<li><span style=\"font-weight: 400;\">Since the start of the school year, 545 classes have been closed due to cases of Covid-19. This represents 0.1% of the total number of classes.<\/span><\/li>\n<li><span style=\"font-weight: 400;\">Moderna is working on a new vaccine to combine the 3rd dose with the flu vaccine <\/span><\/li>\n<li>Ordre des m\u00e9decins calls for immediate access to 3rd dose vaccines\n<ul>\n<li style=\"font-weight: 400;\" aria-level=\"1\"><span style=\"font-weight: 400;\">Since September 1st, 120,000 booster injections have been given.<\/span><\/li>\n<\/ul>\n<\/li>\n<li><span style=\"font-weight: 400;\">What about COVID-19 variants?<\/span>\n<ul>\n<li style=\"font-weight: 400;\" aria-level=\"1\"><span style=\"font-weight: 400;\">The MU variant from Colombia remains classified as a \"variant to watch\" by the WHO<\/span><\/li>\n<li aria-level=\"1\"><span style=\"font-weight: 400;\">The C.1.2 variant discovered in South Africa has mutations in its genome similar to other worrying variants, such as Delta. For this reason, it remains under close surveillance by health authorities.<\/span><\/li>\n<li aria-level=\"1\"><span style=\"font-weight: 400;\">Lambda variant identified in Peru in August 2020 has been considered a variant of interest since June 2021<\/span><\/li>\n<li style=\"font-weight: 400;\" aria-level=\"1\"><span style=\"font-weight: 400;\">The Delta variant, in the majority in France since early July, is 40 to 60% more transmissible than the Alpha variant. However, it is still too early to assess its immune escape.<\/span><\/li>\n<\/ul>\n<\/li>\n<li><span style=\"font-weight: 400;\">On Friday, Denmark lifted all its health restrictions. It thus becomes the first European country to return to a \"pre-covid\" lifestyle.<\/span><\/li>\n<li><span style=\"font-weight: 400;\">Key figures since the start of the epidemic :<\/span>\n<ul>\n<li style=\"font-weight: 400;\" aria-level=\"1\"><span style=\"font-weight: 400;\">6,877,825 cases of Covid-19<\/span><\/li>\n<li style=\"font-weight: 400;\" aria-level=\"1\"><span style=\"font-weight: 400;\">115,363 deaths, including more than 26,000 in nursing homes<\/span><\/li>\n<li style=\"font-weight: 400;\" aria-level=\"1\"><span style=\"font-weight: 400;\">10,323 hospitalizations in progress <\/span><\/li>\n<li style=\"font-weight: 400;\" aria-level=\"1\"><span style=\"font-weight: 400;\">2195 resuscitations in progress\u00a0<\/span><\/li>\n<\/ul>\n<\/li>\n<li>To date, 46,077,914 people have been fully vaccinated, while 49,239,856 have received at least a first dose of vaccine.<\/li>\n<\/ul>\n<h2 style=\"text-align: left; color: #ba2123; font-size: 25px;\">FRIDAY, SEPTEMBER 3, 2021<\/h2>\n<ul>\n<li><span style=\"font-weight: 400;\">New variants have appeared:<\/span>\n<ul>\n<li style=\"font-weight: 400;\" aria-level=\"1\"><span style=\"font-weight: 400;\">The MU variant discovered in Colombia is currently not very present in France. It is classified as a \"variant to watch\" by the WHO.<\/span><\/li>\n<li style=\"font-weight: 400;\" aria-level=\"1\"><span style=\"font-weight: 400;\">The appearance of the South African variant known as C.1.2 could worry scientists. However, it is still too early to determine its evolution.<\/span><\/li>\n<\/ul>\n<\/li>\n<li><span style=\"font-weight: 400;\">The Ministry of Health has announced that vaccination centers will be offering the vaccine on a no-appointment basis during the first weekend of the new school year.<\/span><\/li>\n<li><span style=\"font-weight: 400;\">Vaccination among caregivers accelerates\u00a0<\/span>\n<ul>\n<li style=\"font-weight: 400;\" aria-level=\"1\"><span style=\"font-weight: 400;\">As of September 15, those who have not received at least one dose may be suspended.<\/span><\/li>\n<li style=\"font-weight: 400;\" aria-level=\"1\"><span style=\"font-weight: 400;\">According to forecasts, 90% of caregivers will be vaccinated by the 15th day.<\/span><\/li>\n<\/ul>\n<\/li>\n<li><span style=\"font-weight: 400;\">A hint of sabotage in the moors<\/span>\n<ul>\n<li style=\"font-weight: 400;\" aria-level=\"1\"><span style=\"font-weight: 400;\">10 to 12% of appointments for a first injection of anti-covid-19 vaccine were not kept in the Landes region<\/span><\/li>\n<\/ul>\n<\/li>\n<li><span style=\"font-weight: 400;\">To date, 44,611,426 people have been fully vaccinated, and 48,650,125 have received at least one dose. <\/span><\/li>\n<li><span style=\"font-weight: 400;\">80% people aged 18 and over are fully vaccinated, compared with 88% people aged 65 and over.<\/span><\/li>\n<\/ul>\n<h2 style=\"text-align: left; color: #ba2123; font-size: 25px;\">FRIDAY, AUGUST 27, 2021<\/h2>\n<ul style=\"font-weight: 400;\">\n<li><span style=\"font-weight: 400;\">The French Minister of Education has clarified the health protocol that will be applied in schools from next Thursday: level 2 will be implemented. This may change depending on the circulation of the virus. <\/span>:\n<ul>\n<li style=\"font-weight: 400;\" aria-level=\"1\"><span style=\"font-weight: 400;\">In nursery schools\u00a0<\/span>:\n<ul>\n<li style=\"font-weight: 400;\" aria-level=\"1\"><span style=\"font-weight: 400;\">Courses will be given face-to-face<\/span><\/li>\n<li aria-level=\"1\"><span style=\"font-weight: 400;\">Wearing a mask remains prohibited, a rule that will not change regardless of the epidemic's level of circulation.<\/span><\/li>\n<li aria-level=\"1\"><span style=\"font-weight: 400;\">Class closed as soon as first case detected<\/span><\/li>\n<\/ul>\n<\/li>\n<li><span style=\"font-weight: 400;\">Elementary school \/ Junior high \/ High school<\/span>\n<ul>\n<li aria-level=\"1\"><span style=\"font-weight: 400;\">Courses will be given face-to-face<\/span><\/li>\n<li aria-level=\"1\"><span style=\"font-weight: 400;\">Indoor masks must be worn<\/span><\/li>\n<li aria-level=\"1\"><span style=\"font-weight: 400;\">For outdoor use, however, it is not compulsory to<\/span><\/li>\n<li aria-level=\"1\"><span style=\"font-weight: 400;\">Indoor sports activities will be authorized, with the exception of contact sports.<\/span><\/li>\n<\/ul>\n<\/li>\n<li style=\"font-weight: 400;\" aria-level=\"1\"><span style=\"font-weight: 400;\">For middle and high schools, unvaccinated contact cases will be isolated as soon as a pupil in the class concerned is confirmed to be infected.<\/span><\/li>\n<li style=\"font-weight: 400;\" aria-level=\"1\"><span style=\"font-weight: 400;\">In elementary schools, the entire class will be automatically closed in the event of contamination of a pupil.<\/span><\/li>\n<\/ul>\n<\/li>\n<li>It will be possible to combine the flu vaccine with the COVID booster, as no contraindications have been reported.<\/li>\n<li><span style=\"font-weight: 400;\">French Polynesia is submerged by the epidemic, with only 34% of the population benefiting from a full vaccination schedule.<\/span>\n<ul>\n<li style=\"font-weight: 400;\" aria-level=\"1\"><span style=\"font-weight: 400;\">In a single day, the country recorded 254 hospitalizations, including 42 patients in intensive care, and 25 deaths.<\/span><\/li>\n<\/ul>\n<\/li>\n<li>To date, 47,843,262 people have received a first dose of the vaccine and 42,463,856 French people have been fully vaccinated.<\/li>\n<\/ul>\n<h2 style=\"text-align: left; color: #ba2123; font-size: 25px;\">FRIDAY, AUGUST 20, 2021<\/h2>\n<ul>\n<li><span style=\"font-weight: 400;\">As the start of the new school year approaches, concerns are emerging about the new protocol, in which a health pass will not be required. <\/span><\/li>\n<li>A dozen firefighters in Haute-Savoie suspended from duty because of the gradual application of compulsory vaccinations<\/li>\n<li>The government has earmarked a budget of 2 billion euros for the purchase of vaccines in 2022.<\/li>\n<li>In view of the critical situation in the French West Indies, more than 300 healthcare professionals will fly from Paris Orly airport to Martinique and Guadeloupe.\n<ul>\n<li style=\"font-weight: 400;\" aria-level=\"1\"><span style=\"font-weight: 400;\">Already 240 doctors, nurses and orderlies left on August 10, then 120 last Tuesday.<\/span><\/li>\n<li style=\"font-weight: 400;\" aria-level=\"1\"><span style=\"font-weight: 400;\">In Guadeloupe, vaccination is progressing, with 33% of inhabitants having received their first dose.<\/span><\/li>\n<li style=\"font-weight: 400;\" aria-level=\"1\"><span style=\"font-weight: 400;\">In Martinique, only 28.8% of the population received a first dose.<\/span><\/li>\n<\/ul>\n<\/li>\n<li>New Zealand extends its confinement to the entire archipelago<\/li>\n<li>In Israel, the government lowers the age for receiving a third dose of vaccine to 40.<\/li>\n<li>France has passed the 40 million mark in terms of the number of people with a complete vaccination schedule. This represents 60% of the French population.<\/li>\n<li>To date, 46,842,436 people have been primo-vaccinated, close to the target of 50 million primo-vaccinated by the end of August set by the government at the start of the summer.<\/li>\n<\/ul>\n<h2 style=\"text-align: left; color: #ba2123; font-size: 25px;\">FRIDAY, AUGUST 13, 2021<\/h2>\n<ul>\n<li><span style=\"font-weight: 400;\">Setting up the health pass :<\/span>\n<ul>\n<li style=\"font-weight: 400;\" aria-level=\"1\"><span style=\"font-weight: 400;\">This week the authorities have remained flexible with regard to the health pass, next week fines will start to be applied.<\/span><\/li>\n<li style=\"font-weight: 400;\" aria-level=\"1\"><span style=\"font-weight: 400;\">Restaurant owners report lower footfall than last week<\/span><\/li>\n<\/ul>\n<\/li>\n<li>To obtain a health pass you must :\n<ul>\n<li style=\"font-weight: 400;\" aria-level=\"1\"><span style=\"font-weight: 400;\">Prove vaccination with both doses of vaccine<\/span><\/li>\n<li style=\"font-weight: 400;\" aria-level=\"1\"><span style=\"font-weight: 400;\">Perform a PCR or antigen test valid for 72 hours<\/span><\/li>\n<li style=\"font-weight: 400;\" aria-level=\"1\"><span style=\"font-weight: 400;\">A self-test supervised by a healthcare professional, also valid for 72 hours<\/span><\/li>\n<\/ul>\n<\/li>\n<li>The booster vaccination campaign will start on September 15 for the most vulnerable people.<\/li>\n<li>Appointments can be made from the end of August.<\/li>\n<li>The Delta plus variant, known to be more resistant to antibodies than the Delta variant, is still under close surveillance by the authorities.<\/li>\n<li>However, it remains labelled by the WHO as a \"variant of interest\" and not a \"variant of concern\".<\/li>\n<li>To date, 38,185,615 people have been fully vaccinated, and a further 45,517,748 are in the process of acquiring the second dose.<\/li>\n<\/ul>\n<h2 style=\"text-align: left; color: #ba2123; font-size: 25px;\">FRIDAY, JULY 23, 2021<\/h2>\n<ul>\n<li>The delta variant accounts for more than 80% of positive cases in France<\/li>\n<li>PCR TESTS: 80% of positive cases are non-vaccinees<\/li>\n<li>Vaccinated contact cases will be exempt from isolation in the event of a negative test. This is the only relaxation granted to fully vaccinated persons on the issue of isolation.<\/li>\n<li>Please note that people who have been vaccinated and tested positive must remain in isolation for ten days.<\/li>\n<li>More and more clusters have been registered since the beginning of the summer:\n<ul>\n<li style=\"font-weight: 400;\" aria-level=\"1\"><span style=\"font-weight: 400;\">For weddings<\/span><\/li>\n<li style=\"font-weight: 400;\" aria-level=\"1\"><span style=\"font-weight: 400;\">In nightclubs<\/span><\/li>\n<li style=\"font-weight: 400;\" aria-level=\"1\"><span style=\"font-weight: 400;\">At campsites and other events attended by more than 50 people<\/span><\/li>\n<\/ul>\n<\/li>\n<li>With the resumption of the epidemic, wearing a mask outdoors is gradually becoming compulsory again in several French departments:\n<ul>\n<li style=\"font-weight: 400;\" aria-level=\"1\"><span style=\"font-weight: 400;\">Charente-Maritime\u00a0<\/span><\/li>\n<li style=\"font-weight: 400;\" aria-level=\"1\"><span style=\"font-weight: 400;\">Meurthe-et-Moselle<\/span><\/li>\n<li style=\"font-weight: 400;\" aria-level=\"1\"><span style=\"font-weight: 400;\">The H\u00e9rault<\/span><\/li>\n<li style=\"font-weight: 400;\" aria-level=\"1\"><span style=\"font-weight: 400;\">Vend\u00e9e<\/span><\/li>\n<li style=\"font-weight: 400;\" aria-level=\"1\"><span style=\"font-weight: 400;\">Le var and others<\/span><\/li>\n<\/ul>\n<\/li>\n<li>In the 10-19 age group, the incidence rate rose from 63 to 156, an increase of 146% in the space of just one week.<\/li>\n<li>People in their thirties came second, with 141 cases per 100,000 inhabitants for week 28.<\/li>\n<li>To date, 4,098,967 people have died worldwide, including 742,847 in Europe.<\/li>\n<li>To date, 38,599,797 people have received a first dose of the vaccine and 31,857,094 French people are fully vaccinated.<\/li>\n<\/ul>\n<h2 style=\"text-align: left; color: #ba2123; font-size: 25px;\">FRIDAY, JULY 16, 2021<\/h2>\n<ul style=\"font-weight: 400;\">\n<li>Here's what to take away from Emmanuel Macron's announcements on Monday July 12:\n<ul>\n<li aria-level=\"1\">Extension of the sanitary pass :\n<ul>\n<li aria-level=\"1\">As of July 21st for leisure and cultural venues receiving more than 50 people<\/li>\n<li aria-level=\"1\">Early August for use in caf\u00e9s, restaurants, bars, shopping malls, hospitals, retirement homes, nursing homes, and for long-distance travel by plane, train or coach.<\/li>\n<li aria-level=\"1\">For 12-17 year-olds, the health pass will only be introduced at the end of August.<\/li>\n<\/ul>\n<\/li>\n<li aria-level=\"1\">Vaccination compulsory for all carers and people working with fragile populations from September, on pain of no longer being paid. Checks will be carried out from September 15<\/li>\n<li aria-level=\"1\">PCR test to be paid for by all French citizens from October onwards, unless prescribed by a doctor<\/li>\n<\/ul>\n<\/li>\n<\/ul>\n<ul style=\"font-weight: 400;\">\n<li>Following these announcements, an explosion of requests for vaccinations occurred on several sites offering online appointments.<\/li>\n<li>Specific vaccination campaigns will be set up for secondary school pupils and students from the start of the new school year.<\/li>\n<\/ul>\n<ul style=\"font-weight: 400;\">\n<li>Delta variant now accounts for more than 60% of coronavirus cases detected daily in France<\/li>\n<\/ul>\n<ul style=\"font-weight: 400;\">\n<li>We are making progress in terms of vaccination, with 36,415,465 million primary vaccinated and 28,687,069 million fully vaccinated.<\/li>\n<\/ul>\n<h2 style=\"text-align: left; color: #ba2123; font-size: 25px;\">THURSDAY, JULY 8, 2021<\/h2>\n<ul>\n<li>Delta variant now accounts for over 40% of contaminations in France<\/li>\n<li>The regions most affected are Nouvelle Aquitaine, Ile de France and Provence Alpes C\u00f4te d'Azur.<\/li>\n<li>To curb the resurgence of the epidemic, the government will be examining new avenues at an exceptional Health Defense Council meeting.<\/li>\n<li>Here's what we can expect:\n<ul>\n<li aria-level=\"1\">Extension of the health pass to stadiums, cinemas, theaters and even restaurants<\/li>\n<li aria-level=\"1\"><span style=\"font-weight: 400;\">mandatory vaccination for caregivers <\/span><\/li>\n<li style=\"font-weight: 400;\" aria-level=\"1\"><span style=\"font-weight: 400;\">End of free \"comfort\" tests. Since July 7, foreigners have had to pay \u20ac49 for a PCR test and \u20ac29 for an antigenic test.<\/span><\/li>\n<li style=\"font-weight: 400;\" aria-level=\"1\"><span style=\"font-weight: 400;\">The return of territorial or border measures<\/span><\/li>\n<\/ul>\n<\/li>\n<li>However, vaccination figures continue to rise, with 24,889,188 people vaccinated to date.<\/li>\n<li>This summer, 71% of French people plan to go on vacation in France<\/li>\n<\/ul>\n<h2 style=\"text-align: left; color: #ba2123; font-size: 25px;\">FRIDAY, JULY 02, 2021<\/h2>\n<ul>\n<li><span style=\"font-weight: 400;\">While authorities worry about a 4th wave in September, vaccination curves are on the rise again<\/span><\/li>\n<li><span style=\"font-weight: 400;\">C<\/span>evertheless, the milestone reached on Tuesday of 50% primary vaccinated French people is not yet sufficient to hope to achieve herd immunity.<\/li>\n<li>To date, the Delta variant accounts for 20% of new cases in France. In order to provide the best possible protection for the elderly, a third dose of the vaccine is planned for the autumn.<\/li>\n<li><span style=\"font-weight: 400;\">Towards an end to free screening tests?<\/span><span style=\"font-weight: 400;\">\u00a0<\/span>\n<ul>\n<li style=\"font-weight: 400;\" aria-level=\"1\">Government spokesman Gabriel Attal announced on Monday that changes in this area would be considered for the start of the new school year.<\/li>\n<\/ul>\n<\/li>\n<li>Self-tests in pharmacies are a real flop. According to the latest statistics, only 400,000 boxes of five self-tests were sold in three months.<\/li>\n<li>To date, 22,813,043 people in France have been vaccinated against COVID 19.<\/li>\n<li><span style=\"font-weight: 400;\">Jean Castex has set three objectives to boost the vaccination campaign between now and the end of the summer:<\/span>\n<ul>\n<li style=\"font-weight: 400;\" aria-level=\"1\"><span style=\"font-weight: 400;\">40 million new vaccines\u00a0<\/span><\/li>\n<li style=\"font-weight: 400;\" aria-level=\"1\"><span style=\"font-weight: 400;\">35 million complete vaccine schedules\u00a0<\/span><\/li>\n<li style=\"font-weight: 400;\" aria-level=\"1\"><span style=\"font-weight: 400;\">85% over-50s and adults with co-morbidities primo-vaccinated<\/span><\/li>\n<\/ul>\n<\/li>\n<\/ul>\n<h2 style=\"text-align: left; color: #ba2123; font-size: 25px;\">FRIDAY, JUNE 25, 2021<\/h2>\n<ul>\n<li><span style=\"font-weight: 400;\">The Delta variant is of concern to the authorities, currently accounting for 70% of positive cases detected in the Landes region and between 9 and 10% in France.\u00a0<\/span><\/li>\n<li><span style=\"font-weight: 400;\">But life begins to take its course again\u00a0<\/span><\/li>\n<li><span style=\"font-weight: 400;\">The executive decided to end the curfew earlier than planned, so it came to an end this Sunday, June 20. <\/span><\/li>\n<li><span style=\"font-weight: 400;\">Outdoor masks no longer compulsory\u00a0<\/span><\/li>\n<li><span style=\"font-weight: 400;\">The nightclubs now have a reopening date: July 9, but conditions have been put in place:\u00a0<\/span>\n<ul>\n<li style=\"font-weight: 400;\" aria-level=\"1\"><span style=\"font-weight: 400;\">Health pass<\/span><\/li>\n<li style=\"font-weight: 400;\" aria-level=\"1\"><span style=\"font-weight: 400;\">75% gauge inside required<\/span><\/li>\n<\/ul>\n<\/li>\n<li><span style=\"font-weight: 400;\">A test concert will be held on Saturday June 26. 4,400 people will be taking part. To take part, it is imperative to have received both doses of vaccination and to be able to prove it. Contamination curves will be analyzed after the concert.<\/span>\n<ul>\n<li style=\"font-weight: 400;\" aria-level=\"1\"><span style=\"font-weight: 400;\">2200 people will attend the concert, without masks<\/span><\/li>\n<li style=\"font-weight: 400;\" aria-level=\"1\"><span style=\"font-weight: 400;\">The remaining 2,200 people will stay at home<\/span><\/li>\n<li style=\"font-weight: 400;\" aria-level=\"1\"><span style=\"font-weight: 400;\">Selection will be made by drawing lots<\/span><\/li>\n<\/ul>\n<\/li>\n<li><span style=\"font-weight: 400;\">To date, 365,000 adolescents have received the first injection of the vaccine. <\/span><\/li>\n<li><span style=\"font-weight: 400;\">To date, 32,251,464 people have received the first dose of the vaccine and 18,734,028 people have received the second dose.\u00a0<\/span><\/li>\n<\/ul>\n<h2 style=\"text-align: left; color: #ba2123; font-size: 25px;\">MONDAY, JUNE 7, 2021<\/h2>\n<ul>\n<li><span style=\"font-weight: 400;\">Vaccinated Europeans can enter France without a PCR test from June 9\u00a0<\/span><\/li>\n<li><span style=\"font-weight: 400;\">From June 15, vaccination is open to minors aged 12 and over<\/span><\/li>\n<li><span style=\"font-weight: 400;\">The health pass will only be compulsory for those aged 11 and over.<\/span><\/li>\n<li><span style=\"font-weight: 400;\">For the moment, wearing a mask is still compulsory<\/span><\/li>\n<li><span style=\"font-weight: 400;\">This Wednesday, June 9, marks the start of a new deconfinement phase:\u00a0<\/span>\n<ul>\n<li style=\"font-weight: 400;\" aria-level=\"1\"><span style=\"font-weight: 400;\">Curfew shifted to 11:00 p.m.<\/span><\/li>\n<li style=\"font-weight: 400;\" aria-level=\"1\"><span style=\"font-weight: 400;\">More flexible teleworking<\/span><\/li>\n<li style=\"font-weight: 400;\" aria-level=\"1\"><span style=\"font-weight: 400;\">Welcoming foreign tourists<\/span><\/li>\n<li style=\"font-weight: 400;\" aria-level=\"1\"><span style=\"font-weight: 400;\">Reopening of gyms\u00a0<\/span><\/li>\n<li style=\"font-weight: 400;\" aria-level=\"1\"><span style=\"font-weight: 400;\">Possibility of accommodating a quota of 5,000 people in cultural and sports venues<\/span><\/li>\n<li style=\"font-weight: 400;\" aria-level=\"1\"><span style=\"font-weight: 400;\">Reopening of trade fairs and exhibitions<\/span><\/li>\n<\/ul>\n<\/li>\n<li><span style=\"font-weight: 400;\">To date, 27,838,330 people have received the first dose of the vaccine and 13,652,005 people the second dose.\u00a0<\/span><\/li>\n<\/ul>\n<h2 style=\"text-align: left; color: #ba2123; font-size: 25px;\">FRIDAY, MAY 28, 2021<\/h2>\n<ul>\n<li>A new teleservice has been set up to obtain your vaccination certificate. All you need to do is log on to the FranceConnect website<\/li>\n<li><span style=\"font-weight: 400;\">Visit <\/span>health pass will be used to access events from June 9. One of the following 3 documents must be presented: proof of a negative PCR or antigenic test, vaccination certificate or Covid-19 recovery certificate.<\/li>\n<li><span style=\"font-weight: 400;\">Vaccination continues to accelerate, pharmacies authorized to administer : AstraZeneca, Janssen and now Moderna<\/span><\/li>\n<li>The epidemic situation is improving day by day, with the number of positive cases and the average number of new hospitalizations continuing to fall.<\/li>\n<li>To date, 24,150,103 people have received the first dose of the vaccine and 11,108,158 people the second dose.<\/li>\n<\/ul>\n<h2 style=\"text-align: left; color: #ba2123; font-size: 25px;\">FRIDAY, MAY 21, 2021<\/h2>\n<ul>\n<li><span style=\"font-weight: 400;\">Since May 19, the terraces of restaurants and caf\u00e9s, cinemas and cultural venues are once again open to the public. And curfew has been extended to 9pm.<\/span><\/li>\n<li><span style=\"font-weight: 400;\">However, Prime Minister Jean Castex called the French to order and to respect sanitary rules after a few outbursts.<\/span><\/li>\n<li><span style=\"font-weight: 400;\">Sant\u00e9 Publique announced that it had overestimated contamination figures by 6%<\/span><\/li>\n<li><span style=\"font-weight: 400;\">From May 31, anyone over the age of 18 will be eligible for unconditional vaccination.<\/span><\/li>\n<li><span style=\"font-weight: 400;\">To date, 21,606,656 people have received the first dose of the vaccine and 10,048,728 people have received the second dose.<\/span><\/li>\n<\/ul>\n<h2 style=\"text-align: left; color: #ba2123; font-size: 25px;\">FRIDAY, MAY 14, 2021<\/h2>\n<ul>\n<li>On the eve of the reopening of public areas, the number of coronavirus cases and patients in intensive care continues to fall<\/li>\n<li><span style=\"font-weight: 400;\">On the night of Tuesday May 11 to Wednesday May 12, the COVID 19 sanitary pass was voted. It will therefore be essential for access to certain areas <\/span><\/li>\n<li><span style=\"font-weight: 400;\">The vaccination certificate and the negative test certificate will appear on the health pass.\u00a0<\/span><\/li>\n<li><span style=\"font-weight: 400;\">During the Assembly vote for the health pass, the MODEM negotiated the reopening of nightclubs and the bringing forward of the end of the state of health emergency to September 30, 2021.<\/span><\/li>\n<li><span style=\"font-weight: 400;\">\u00c0\u00a0<\/span>To date, 18,966,771 people have received the first dose of the vaccine and 9,069,839 the second dose.<\/li>\n<\/ul>\n<p>&nbsp;<\/p>\n<h2 style=\"text-align: left; color: #ba2123; font-size: 25px;\">FRIDAY, MAY 7, 2021<\/h2>\n<ul>\n<li><span style=\"font-weight: 400;\">Amusement parks to reopen on May 19, but attractions to remain closed<\/span><\/li>\n<li><span style=\"font-weight: 400;\">With regard to the 2021 baccalaureate, a number of adjustments are underway<\/span><\/li>\n<li><span style=\"font-weight: 400;\">Number of coronavirus cases falls in France<\/span><\/li>\n<li><span style=\"font-weight: 400;\">D\u00e9cathlon sports mask goes on sale in May<\/span><\/li>\n<li><span style=\"font-weight: 400;\">From June 9, the sanitary pass will be introduced. It will be used in places where people gather, but not for everyday activities.\u00a0<\/span><\/li>\n<li><span style=\"font-weight: 400;\">Emmanuel Macron announced on Thursday May 6 that vaccination would be open to all from Wednesday May 12 if doses are available.<\/span><\/li>\n<li><span style=\"font-weight: 400;\">To date, 16,791,193 have received the first dose of the vaccine, and 7,554,787 have received the second dose. Currently, 11,28% of the population have received all required doses.<\/span><\/li>\n<\/ul>\n<h2 style=\"text-align: left; color: #ba2123; font-size: 25px;\">FRIDAY, APRIL 30, 2021<\/h2>\n<ul>\n<li>On Thursday, April 29, the French government announced the schedule for decommissioning<\/li>\n<li>France prepares to emerge from confinement in 4 steps to a return to normal life<\/li>\n<li>Deconfinement begins on May 3 and is scheduled to end on June 30.<\/li>\n<li><span style=\"font-weight: 400;\">Here's the official schedule of milestones:\u00a0<\/span><\/li>\n<li><strong>Stage 1: May 3:<br \/>\n<\/strong>- No need for a certificate to travel beyond 10km<br \/>\n- Middle and high schools welcome students back in person<\/li>\n<li><strong>Stage 2: May 19:<\/strong><br \/>\n- Curfew extended from 7:00 p.m. to 9:00 p.m.<br \/>\n- Terrace caf\u00e9s and restaurants, non-essential shops and cinemas, museums and theaters reopen<\/li>\n<li><strong>Stage 3: June 9 :<\/strong><br \/>\n- Curfew extended from 9:00 p.m. to 11:00 p.m.<br \/>\n- Caf\u00e9s and restaurants, trade fairs and exhibitions, sports halls, stadiums and sports facilities are all reopening. However, capacity remains limited<br \/>\n- Telecommuting can start to become more flexible<\/li>\n<li><strong>Stage 4: June 30:<\/strong><br \/>\n- The curfew disappears<\/li>\n<li><span style=\"font-weight: 400;\">The Indian variant has arrived on French soil\u00a0<\/span><\/li>\n<li><span style=\"font-weight: 400;\">The number of people eligible for vaccination continues to rise. Olivier V\u00e9ran has announced that vaccination will be open to all French people aged between 18 and 55 suffering from chronic illnesses: progressive, long-term pathologies. These include cancer, diabetes, chronic respiratory diseases, etc.<\/span><\/li>\n<li><span style=\"font-weight: 400;\">To date, 14,900,784 people have received the first dose of vaccine and 6,320,274 have received the second dose.<\/span><\/li>\n<\/ul>\n<h2 style=\"text-align: left; color: #ba2123; font-size: 25px;\">FRIDAY, APRIL 23, 2021<\/h2>\n<ul>\n<li><span style=\"font-weight: 400;\">On Thursday April 22, Prime Minister Jean Castex organized a press conference.\u00a0<\/span><\/li>\n<li><span style=\"font-weight: 400;\">Lifting of restrictions has been announced:\u00a0<\/span><\/li>\n<li><span style=\"font-weight: 400;\">Initially, school opening dates have been maintained: nursery and elementary school will reopen on Monday April 26, and secondary schools on Monday May 3.<\/span><\/li>\n<li><span style=\"font-weight: 400;\">However, 3rd and 4th graders will resume classes in half-gauge in the 15 departments most affected by COVID-19.<\/span><\/li>\n<li><span style=\"font-weight: 400;\">A screening campaign will also be launched in schools: 400,000 saliva tests will be offered in schools, and self-tests in high schools.<\/span><\/li>\n<li><span style=\"font-weight: 400;\">A total of 64 million self-tests will be offered to national education personnel<\/span><\/li>\n<li><span style=\"font-weight: 400;\">On May 3, figures permitting, the 10 km rule will be lifted, but the curfew will still be in place. Nevertheless, we'll have to wait until mid-May for shops to reopen, and to hope that cultural venues, sports halls, bars &amp; restaurants will also reopen...\u00a0<\/span><\/li>\n<li><span style=\"font-weight: 400;\">From Saturday April 24, people from India, South Africa, Chile, Argentina and Brazil will have to stay indoors for 10 days. These are the countries where the most contagious variants are circulating.<\/span><\/li>\n<li><span style=\"font-weight: 400;\">As for the evolution of the epidemic in France, according to Jean Castex, the third wave seems to be behind us.<\/span><\/li>\n<li><span style=\"font-weight: 400;\">Vaccination continues to accelerate in France: to date, 13,265,147 people have received the first dose of the vaccine and 5,019,183 people have received the second dose.<\/span><\/li>\n<li><strong>In addition, from Saturday April 24, pharmacists will be able to administer the Johnson &amp; Johnson vaccine.<\/strong><\/li>\n<\/ul>\n<h2 style=\"text-align: left; color: #ba2123; font-size: 25px;\">FRIDAY, APRIL 16, 2021<\/h2>\n<ul>\n<li>This\u00a0<span style=\"font-weight: 400;\">On Thursday April 15, France passed the 100,000 mark for Covid-19 deaths.<\/span><\/li>\n<li>The target date for reopening cultural venues, restaurants and bars is still May 15.<\/li>\n<li>Self-tests are now available in pharmacies. Self-tests are recommended if you are over 15 and asymptomatic.<\/li>\n<li><span style=\"font-weight: 400;\">As of today, people over 60 are eligible for vaccination.<\/span><\/li>\n<li><span style=\"font-weight: 400;\">Starting this weekend, vaccination slots will be open to professionals who are regularly exposed to the virus. These vaccination slots concern teachers, law enforcement officers, prison guards, Atsem and AESH staff.<\/span><\/li>\n<li><span style=\"font-weight: 400;\">Prime Minister Jean Castex had announced a target of 10 million people vaccinated by mid-April. To date, 11,654,420 people have received the first dose of the vaccine, and 4,121,706 people have received the second dose. The government has therefore fulfilled its commitments a little ahead of schedule.<\/span><\/li>\n<\/ul>\n<h2 style=\"text-align: left; color: #ba2123; font-size: 25px;\">FRIDAY, APRIL 9, 2021<\/h2>\n<ul>\n<li>Some departments have been under lockdown for 3 weeks now. Since these new measures, particularly in the \u00cele de France, Dunkirk and Alpes Maritimes departments, there have been fewer and fewer people testing positive for COVID-19. Contamination curves in France are also beginning to fall.<\/li>\n<li>To date, 9,818,102 people have received the first dose of the vaccine, and 3,342,650 have received the second dose. There are currently 14,65% French people vaccinated for the first dose, and 4,99% French people vaccinated for both doses.<\/li>\n<li><span style=\"font-weight: 400;\">A \"Covidliste\" application has been launched. It allows you to retrieve doses that have not been reserved and will therefore be thrown away. By registering on this list, you enable people who are not on the priority list to receive a dose of vaccine. For the moment, this is only possible in Paris.\u00a0<\/span><\/li>\n<li><strong>Pharmacists continue to provide in-store vaccinations\u00a0<\/strong><\/li>\n<\/ul>\n<h2 style=\"text-align: left; color: #ba2123; font-size: 25px;\">FRIDAY, APRIL 2, 2021<\/h2>\n<ul>\n<li><span style=\"font-weight: 400;\">On Wednesday March 31, President Emmanuel Macron addressed the French people, announcing new measures to tackle the accelerating epidemic.<\/span><\/li>\n<li><em><strong>Several restrictions have been announced:\u00a0<\/strong><\/em><\/li>\n<li>The confinement that affected\u00a0<span style=\"font-weight: 400;\">The 24 departments will now be covered by the entire French territory from Saturday, 00:00.<\/span><\/li>\n<li>Shops must close, only those on the government list are allowed to stay open<\/li>\n<li>The French are allowed to travel\u00a0<span style=\"font-weight: 400;\">10km from home without a certificate. For distances over 10 km, you'll need a certificate.<\/span><\/li>\n<li>Day nurseries, nursery and elementary school, secondary schools are closed<br \/>\nFrom Monday April 5, students will be in distance learning, followed by a two-week vacation. At the start of the new school year, only kindergarten and primary school pupils will return to distance learning.<br \/>\nHigh school and middle school students will remain in distance learning for an extra week, after which they will be able to return to class.<br \/>\nStudents can continue to attend university one day a week<br \/>\nThe spring school vacations will therefore run from April 12 to 26, all zones combined.<\/li>\n<li>Inter-regional travel is permitted over the Easter weekend<\/li>\n<li><span style=\"font-weight: 400;\">The French government has also announced the acceleration of vaccination over the coming weeks. From April 16, people over 60 will be able to be vaccinated, and on May 15, people over 50 will be able to be vaccinated.<\/span><\/li>\n<li><span style=\"font-weight: 400;\">To date, 8,535,750 people have received the first dose of the vaccine and 2,851,057 people the second dose.<\/span><\/li>\n<li><strong>French pharmacies remain fully mobilized to vaccinate as many people as possible<\/strong><\/li>\n<\/ul>\n<h2 style=\"text-align: left; color: #ba2123; font-size: 25px;\">FRIDAY, MARCH 26, 2021<\/h2>\n<ul>\n<li>As he does every Thursday, Olivier V\u00e9ran held a press conference to keep the French informed of developments in the virus.<\/li>\n<li>He announced that three new d\u00e9partements would be placed under lockdown on the night of Friday 26th to Saturday 27th. They are: Aube, Rh\u00f4ne and Ni\u00e8vre.<\/li>\n<li><span style=\"font-weight: 400;\">At present, 24 d\u00e9partements are under enhanced vigilance. Here is the list: Var, Bouches-du-Rh\u00f4ne, Gard, Lauz\u00e8re, Vaucluse, Alpes-de-Haute-Provence, Hautes-Alpes, Is\u00e8re, Savoie, Loire, Ain, Haute-Savoie, Jura, Doubs, Moselle, Meurthe-et-Moselle, Meuse, Marne, Ardennes, Yonne, Indre-et-Loire, Loi-et-Cher, Eure-et-Loir, Orne.<br \/>\n<\/span><\/li>\n<li><span style=\"font-weight: 400;\">For the time being, school closures are seen as a last resort.<br \/>\n<\/span><\/li>\n<li><span style=\"font-weight: 400;\">From this Friday, March 26, nurses will be able to prescribe the COVID-19 vaccine themselves.\u00a0<\/span><\/li>\n<li><span style=\"font-weight: 400;\">To date, 6,870,993 people have received the first dose of the vaccine, and 2,549,521 have received the second dose.\u00a0<\/span><\/li>\n<li><strong>Pharmacists are more than ever mobilized to vaccinate the French population\u00a0<\/strong><\/li>\n<\/ul>\n<h2 style=\"text-align: left; color: #ba2123; font-size: 25px;\">FRIDAY, MARCH 19, 2021<\/h2>\n<ul>\n<li>Today, in France, we can speak of a third wave of COVID19. Over 70% of cases are currently English variants.<\/li>\n<li><strong>This Thursday, March 18, new restrictions were announced by Jean Castex, the Prime Minister of France.<\/strong><\/li>\n<li><span style=\"font-weight: 400;\">As of Saturday March 20, 16 d\u00e9partements have been placed under a 7-day-a-week lockdown. They include :\u00a0<\/span><\/li>\n<li><span style=\"font-weight: 400;\">-Aisne, -Alpes-Maritimes, -Essonne, -Eure, -Hauts-de-Seine, -Nord, -Oise, -Paris, -Pas-de-Calais, -Seine-et-Marne, -Seine-Maritime, -Somme, -Val d'Oise, -Val-de-Marne et les Yvelines<\/span><\/li>\n<li><span style=\"font-weight: 400;\">The rules during this confinement are as follows:\u00a0<\/span><\/li>\n<li><span style=\"font-weight: 400;\">It is possible to go out during the day with a certificate within a 10km radius.<\/span><\/li>\n<li><span style=\"font-weight: 400;\">Schools remain open, only high schools operate in half capacity<\/span><\/li>\n<li><span style=\"font-weight: 400;\">Inter-regional travel is prohibited except for compelling reasons.<\/span><\/li>\n<li><span style=\"font-weight: 400;\">Only essential shops remain open<\/span><\/li>\n<li><span style=\"font-weight: 400;\">Curfew will be delayed by one hour throughout the metropolis from 6:00 pm to 7:00 pm on Saturday March 20.<\/span><\/li>\n<li>To date, 5,630,671 have received the first dose of the vaccine and 2,297,100 the second dose.<\/li>\n<li>Astrazeneca's vaccine was suspended this Monday in France pending the opinion of the European Medicines Agency's Council, which announced that the vaccine was \"safe and effective\".<\/li>\n<li>\u00a0<strong>AstraZeneca vaccinations can resume this Friday, March 19, in pharmacies and elsewhere.<\/strong><\/li>\n<\/ul>\n<h2 style=\"text-align: left; color: #ba2123; font-size: 25px;\">FRIDAY, MARCH 12, 2021<\/h2>\n<ul>\n<li><span style=\"font-weight: 400;\">The lockdown in the Alpes Maritimes department has been extended for another weekend<\/span><\/li>\n<li><span style=\"font-weight: 400;\">The weekend lockdown in Dunkirk has been extended for a further 3 weeks.<\/span><\/li>\n<li><span style=\"font-weight: 400;\">To date, 4,337,343 people have received the first dose of vaccine and 2,089,694 have received the second dose.<\/span><\/li>\n<li><span style=\"font-weight: 400;\">Since December 15, France has swapped confinement for a curfew. The French government has announced that the curfew will last for another 4 to 6 weeks. A glimmer of hope for the French who have been mobilizing for over a year. However, it should not be forgotten that the decision depends on the evolution of the health situation.\u00a0<\/span><\/li>\n<li><strong>From next week, pharmacists will be able to begin COVID-19 vaccination in pharmacies.\u00a0<\/strong><\/li>\n<\/ul>\n<h2 style=\"text-align: left; color: #ba2123; font-size: 25px;\">FRIDAY, MARCH 05, 2021<\/h2>\n<ul>\n<li><strong>The authorization of COVID vaccination in pharmacies has been officially announced. From March 15, it will be possible to be vaccinated in pharmacies. Only people over 50 with co-morbidities will be able to be vaccinated.<\/strong><span style=\"font-weight: 400;\"><br \/>\n<\/span><\/li>\n<li><span style=\"font-weight: 400;\">Here is a list of people who can be vaccinated:\u00a0<\/span><a href=\"https:\/\/solidarites-sante.gouv.fr\/grands-dossiers\/vaccin-covid-19\/article\/la-strategie-vaccinale-et-la-liste-des-publics-prioritaires\"><span style=\"font-weight: 400;\">https:\/\/solidarites-sante.gouv.fr\/grands-dossiers\/vaccin-covid-19\/article\/la-strategie-vaccinale-et-la-liste-des-publics-prioritaires<\/span><\/a><span style=\"font-weight: 400;\">\u00a0<\/span><\/li>\n<li><span style=\"font-weight: 400;\">Of the 20 d\u00e9partements placed under high surveillance, only Pas-De-Calais has been placed under weekend confinement as of Friday, March 5, 6:00 p.m.<\/span><\/li>\n<li><span style=\"font-weight: 400;\">To date, 3,245,517 people have received the first dose of the vaccine, and 1,771,246 have received the second dose. The government is aiming for 10 million French people to be vaccinated by mid-April.<\/span><\/li>\n<li><span style=\"font-weight: 400;\">In Paris, non-food stores and shopping malls over 10,000m\u00b2 are now closed<\/span><\/li>\n<\/ul>\n<h2 style=\"text-align: left; color: #ba2123; font-size: 25px;\">FRIDAY, FEBRUARY 26, 2021<\/h2>\n<ul>\n<li><span style=\"font-weight: 400;\">Part of the Alpes-Maritimes and the Dunkirk conurbation are under weekend lockdown. This partial lockdown begins on Friday at 6:00 pm and ends on Monday at 6:00 am. It is forbidden to go out without a certificate and a valid reason. Only one-hour outings within a 5 km radius of home are authorized.<\/span><\/li>\n<li><span style=\"font-weight: 400;\">Currently, 20 d\u00e9partements are under reinforced surveillance due to a \"high level of incidence, with a proportion of variants above 50%\". These departments may be locally confined from the weekend of March 6 if the situation worsens.<\/span><\/li>\n<li><span style=\"font-weight: 400;\">The departments under surveillance are as follows: Var, Bouches-du-Rh\u00f4ne, Dr\u00f4me, Rh\u00f4ne, Meurthe-et-Moselle, Moselle, Seine-et-Marne, Essonne, Eure-et-Loir, Yvelines, Val-d'Oise, Oise, Somme, Pas-de-Calais, Nord, Hauts-de-Seine, Paris, Val-de-Marne and Seine-Saint-Denis.<\/span><\/li>\n<li><span style=\"font-weight: 400;\">On Thursday February 26, Paris proposed a 3-week confinement period. This proposal will be studied by the government<\/span><\/li>\n<li><span style=\"font-weight: 400;\">To date, 2,712,800 people have received the first doses of vaccine, and 1,398,984 people have received the second dose. <\/span><span style=\"font-weight: 400;\">Since Thursday February 25, certain private practitioners have been able to vaccinate in their offices. The vaccine injected by private practitioners is AstraZeneca. <strong>Pharmacists stock doses of vaccine for private practitioners<\/strong><\/span><\/li>\n<\/ul>\n<h2 style=\"text-align: left; color: #ba2123; font-size: 25px;\">FRIDAY, FEBRUARY 19, 2021<\/h2>\n<ul>\n<li><span style=\"font-weight: 400;\">For the time being, no restrictions are planned until March 8 to \"give the French some breathing space\".<\/span><\/li>\n<li><span style=\"font-weight: 400;\">From February 22, the isolation period for people testing positive for COVID-19 will be extended from 7 to 10 days.<\/span><\/li>\n<li><span style=\"font-weight: 400;\">Healthcare professionals under the age of 65 can be vaccinated at a vaccination center or at their place of work. The vaccine administered to them is Astrazeneca<\/span><\/li>\n<li><span style=\"font-weight: 400;\">At-risk healthcare professionals over 65 can also be vaccinated at a vaccination center or at their workplace. They can receive Pfizer-Biontech and Moderna vaccines.<\/span><\/li>\n<li><span style=\"font-weight: 400;\">People at risk of COVID-19 over the age of 75 can be vaccinated at a vaccination center or at their place of residence. Pfizer-Biontech and Moderna vaccines can be administered to them.<\/span><\/li>\n<li><span style=\"font-weight: 400;\">People with a high-risk pathology, regardless of age, can be vaccinated on medical prescription at a vaccination center.  Pfizer-Biontech and Moderna vaccines can be administered to them.\u00a0<\/span><\/li>\n<li><span style=\"font-weight: 400;\">People with disabilities can be vaccinated directly at their accommodation. Disabled people under 65 will receive Astrazeneca vaccine. On the other hand, disabled people over 65 with co-morbidities can be vaccinated with Pfizer or Moderna vaccines.<\/span><\/li>\n<li><span style=\"font-weight: 400;\">From February 25, people aged 50 to 65 with co-morbidities can be vaccinated in their GP surgery. The vaccine administered is Astrazeneca's<\/span><\/li>\n<li>To date, 2,409,831 people have received the first dose of the vaccine.<\/li>\n<\/ul>\n<h2 style=\"text-align: left; color: #ba2123; font-size: 25px;\">FRIDAY, FEBRUARY 12, 2021<\/h2>\n<ul>\n<li><span style=\"font-weight: 400;\">Saliva testing in schools has just been authorized\u00a0<\/span><\/li>\n<li><span style=\"font-weight: 400;\">The government wants to avoid containment at all costs\u00a0<\/span><\/li>\n<li><span style=\"font-weight: 400;\">As of Monday, February 8, 2021, category 1 masks are mandatory in schools for first graders and up.<\/span><\/li>\n<li><span style=\"font-weight: 400;\">There are currently 934 classrooms and 105 schools closed.<\/span><\/li>\n<li><span style=\"font-weight: 400;\">To date, 2,060,675 people have received the first dose of the vaccine.\u00a0<\/span><\/li>\n<li><span style=\"font-weight: 400;\">COVID vaccination in pharmacies to be authorized shortly\u00a0<\/span><\/li>\n<\/ul>\n<p>&nbsp;<\/p>\n<h2 style=\"text-align: left; color: #ba2123; font-size: 25px;\">FRIDAY, FEBRUARY 5, 2021<\/h2>\n<ul>\n<li>At this stage, no containment is envisaged in mainland France.<\/li>\n<li><span style=\"font-weight: 400;\">The island of Mayotte is confined for a minimum of 3 weeks<br \/>\n<\/span><\/li>\n<li><span style=\"font-weight: 400;\">No traffic restrictions between regions during the February vacations<br \/>\n<\/span><\/li>\n<li><span style=\"font-weight: 400;\">Tighter curfew and traffic controls, up 53%<br \/>\n<\/span><\/li>\n<li><span style=\"font-weight: 400;\">In schools, more screening tests will be carried out after the vacations<br \/>\n<\/span><\/li>\n<li><span style=\"font-weight: 400;\">When telecommuting is possible, it becomes imperative<br \/>\n<\/span><\/li>\n<li><span style=\"font-weight: 400;\">4 cases of Brazilian variants have been identified in France<br \/>\n<\/span><\/li>\n<li><span style=\"font-weight: 400;\">COVID 19 has already generated 4000 variants<br \/>\n<\/span><\/li>\n<li><span style=\"font-weight: 400;\">In March, an additional 1.7 million appointments were booked for the first injections of the vaccine.<br \/>\n<\/span><\/li>\n<li><span style=\"font-weight: 400;\">To date, 1,615,088 people have received the first dose of the vaccine.<br \/>\n<\/span><\/li>\n<li><span style=\"font-weight: 400;\">French pharmacies are still awaiting approval for the COVID19 vaccine to be dispensed in pharmacies.<\/span><\/li>\n<\/ul>\n<h2 style=\"text-align: left; color: #ba2123; font-size: 25px;\">FRIDAY, JANUARY 29, 2021<\/h2>\n<ul>\n<li><span style=\"font-weight: 400;\">Olivier V\u00e9ran, French Minister of Health, spoke on Thursday January 28. He announced that the curfew was not enough. Inter-regional patient transfers are also envisaged.\u00a0<\/span><\/li>\n<\/ul>\n<ul>\n<li><span style=\"font-weight: 400;\">Gabriel Attal, the French government's spokesman, has stated that the executive will impose new, additional measures in response to the evolving health crisis.\u00a0<\/span><\/li>\n<\/ul>\n<ul>\n<li><span style=\"font-weight: 400;\">The President may speak next week\u00a0<\/span><\/li>\n<\/ul>\n<ul>\n<li><span style=\"font-weight: 400;\">The number of hospital admissions continues to rise, while the number of discharges remains stable.\u00a0<\/span><\/li>\n<\/ul>\n<ul>\n<li><span style=\"font-weight: 400;\">Pfizer-Biotech vaccine injection interval will not be extended<\/span><\/li>\n<\/ul>\n<ul>\n<li><span style=\"font-weight: 400;\">British pharmacies are ready to vaccinate. French pharmacies are more ready than ever to offer in-store vaccination.<\/span><\/li>\n<\/ul>\n<h2 style=\"text-align: left; color: #ba2123; font-size: 25px;\">FRIDAY, JANUARY 22, 2021<\/h2>\n<ul>\n<li dir=\"ltr\" aria-level=\"1\">\n<p dir=\"ltr\" role=\"presentation\">Sports masks are being studied. These types of masks could be used for indoor sports.<\/p>\n<\/li>\n<li dir=\"ltr\" aria-level=\"1\">\n<p dir=\"ltr\" role=\"presentation\">Homemade category 2 fabric masks should be avoided.<\/p>\n<\/li>\n<li dir=\"ltr\" aria-level=\"1\">\n<p dir=\"ltr\" role=\"presentation\">The number of hospitalizations continues to rise<\/p>\n<\/li>\n<li dir=\"ltr\" aria-level=\"1\">\n<p dir=\"ltr\" role=\"presentation\">Ski lifts in ski resorts unlikely to reopen<\/p>\n<\/li>\n<li dir=\"ltr\" aria-level=\"1\">\n<p dir=\"ltr\" role=\"presentation\">The first vaccines have begun to be injected. A further 70 vaccines are in the pipeline<\/p>\n<\/li>\n<li dir=\"ltr\" aria-level=\"1\">\n<p dir=\"ltr\" role=\"presentation\">For the moment, no restrictions are planned until the end of the week.<\/p>\n<\/li>\n<li dir=\"ltr\" aria-level=\"1\">\n<p dir=\"ltr\" role=\"presentation\">According to new tests, Pfizer's vaccine appears to be effective against the new British variant COVID-19. It is estimated to be 95% effective.<\/p>\n<\/li>\n<li dir=\"ltr\" aria-level=\"1\">\n<p dir=\"ltr\" role=\"presentation\">British variant could become dominant in France by early March<\/p>\n<\/li>\n<li dir=\"ltr\" aria-level=\"1\">\n<p dir=\"ltr\" role=\"presentation\">The Johnson &amp; Johnson vaccine developed in Belgium should be available next March<\/p>\n<\/li>\n<li dir=\"ltr\" aria-level=\"1\">\n<p dir=\"ltr\" role=\"presentation\">French laboratory Sanofi is behind schedule in the manufacture of its two vaccines<\/p>\n<\/li>\n<li dir=\"ltr\" aria-level=\"1\">\n<p dir=\"ltr\" role=\"presentation\"><strong>Compendial pharmacies are still not authorized to carry out vaccinations against COVID... But pharmacists are preparing for it<\/strong><\/p>\n<\/li>\n<\/ul>\n<p>&nbsp;<\/p>\n<h2 style=\"text-align: left; color: #ba2123; font-size: 25px;\">FRIDAY, JANUARY 15, 2021<\/h2>\n<p dir=\"ltr\">A Conseil d'Etat was held on January 13, clarifying the situation of the COVID crisis in France. The Prime Minister announced that the festive season had not caused an \"epidemic outbreak\".<\/p>\n<h3 dir=\"ltr\">CURFEW &amp; RESTRICTIONS<\/h3>\n<ul>\n<li dir=\"ltr\">\n<p dir=\"ltr\" role=\"presentation\">The 6:00 p.m. to 6:00 a.m. curfew will apply throughout France from Saturday, January 16, 2021.<\/p>\n<\/li>\n<\/ul>\n<ul>\n<li dir=\"ltr\">\n<p dir=\"ltr\" role=\"presentation\">It has been announced that bars, restaurants and cultural venues will not reopen on January 20.<\/p>\n<\/li>\n<li dir=\"ltr\">\n<p dir=\"ltr\" role=\"presentation\">As of this Monday, January 18, 2021, conditions for entry into France have been tightened. Only people from outside the European Union with a negative test are authorized to enter the country.<\/p>\n<\/li>\n<li dir=\"ltr\">\n<p dir=\"ltr\" role=\"presentation\">New border restrictions between the UK and France. Only people with a derogation can enter France<\/p>\n<\/li>\n<\/ul>\n<h3 dir=\"ltr\">SCHOOLS &amp; WORK<\/h3>\n<ul>\n<li dir=\"ltr\">\n<p dir=\"ltr\" role=\"presentation\">Since January 10, it has been possible to request a derogatory work stoppage pending the results of a COVID-19 test.<\/p>\n<\/li>\n<li dir=\"ltr\">\n<p dir=\"ltr\" role=\"presentation\">Sanitation protocol reinforced in schools, especially in canteens<\/p>\n<\/li>\n<li dir=\"ltr\">\n<p dir=\"ltr\" role=\"presentation\">From January 25, 2021, first-year students in higher education will be able to resume face-to-face classes in half-groups only.<\/p>\n<\/li>\n<li dir=\"ltr\">\n<p dir=\"ltr\" role=\"presentation\">For high school students, the alternation between face-to-face and distance learning will continue beyond January 20, 2021.<\/p>\n<\/li>\n<li dir=\"ltr\">\n<p dir=\"ltr\" role=\"presentation\">Physical and sports activities at school are now prohibited indoors.<\/p>\n<\/li>\n<\/ul>\n<h3 dir=\"ltr\">VIRUSES &amp; VACCINATION<\/h3>\n<ul>\n<li dir=\"ltr\">\n<p dir=\"ltr\" role=\"presentation\">New British and South African COVID-19 variants arrive in France<\/p>\n<\/li>\n<li dir=\"ltr\">\n<p dir=\"ltr\" role=\"presentation\">The COVID-19 vaccine campaign began on December 27.<\/p>\n<\/li>\n<li dir=\"ltr\">\n<p dir=\"ltr\" role=\"presentation\">As of Monday, January 18, vaccination will be extended to people at risk of developing a severe form of the disease, regardless of age.<\/p>\n<\/li>\n<li dir=\"ltr\">\n<p dir=\"ltr\" role=\"presentation\">To date, Friday January 15, more than 318,000 people have been vaccinated.<\/p>\n<\/li>\n<li dir=\"ltr\">\n<p dir=\"ltr\" role=\"presentation\"><strong>Pharmacists are still awaiting official authorization from the French authorities to take part in the vaccination effort. A large number of pharmacies have already begun equipping themselves with syringes and needles, so as to be operational very quickly.\u00a0<\/strong><\/p>\n<\/li>\n<\/ul>\n<h2 style=\"text-align: left; color: #ba2123; font-size: 25px;\">DECEMBER 17, 2020<\/h2>\n<p style=\"text-align: left;\"><strong>- Since December 15, inter-regional travel has been authorized, but the 8:00 pm to 6:00 am curfew is in force throughout the country.<\/strong><br \/>\n<strong>- new Attestation :\u00a0<a href=\"https:\/\/www.gouvernement.fr\/sites\/default\/files\/15-12-2020-attestation-de-deplacement-derogatoire.pdf\" target=\"_blank\" rel=\"noopener\">https:\/\/www.gouvernement.fr\/sites\/default\/files\/15-12-2020-attestation-de-deplacement-derogatoire.pdf<\/a><\/strong><br \/>\n<strong>- December 24: easing of measures, travel will be tolerated, so that French people can enjoy Christmas with their loved ones <\/strong><br \/>\n<strong>- Nurseries, schools and secondary schools remain open, with a reinforced sanitary protocol, including the compulsory wearing of masks from the age of 6.<\/strong><br \/>\n<strong>- For higher education, all lectures and tutorials remain distance learning.\u00a0<\/strong><br \/>\n<strong>- Telecommuting is strongly recommended wherever possible. <\/strong><br \/>\n<strong>- France's vaccination campaign for at-risk individuals will begin shortly<\/strong><\/p>\n<h2 style=\"text-align: left; color: #ba2123; font-size: 25px;\">FRIDAY, DECEMBER 11, 2020<\/h2>\n<p style=\"text-align: left;\"><b>Following last night's statement by the Prime Minister, a new stage will indeed begin on December 15. But the rules will be stricter than previously envisaged... including an 8pm curfew for the evening of December 31.<\/b><b><\/b><\/p>\n<h2 style=\"text-align: left; color: #ba2123; font-size: 25px;\">WEDNESDAY DECEMBER 2, 2020<\/h2>\n<p style=\"text-align: left;\"><strong>Update on the situation and upcoming deadlines :<\/strong><\/p>\n<p style=\"text-align: left;\">November 28: Lighter confinement (shops open)<\/p>\n<p style=\"text-align: left;\">December 15: end of containment (if less than 5,000 contaminations per day), but introduction of a curfew<\/p>\n<p style=\"text-align: left;\">January 20: new openings if sanitary conditions permit (restaurants, gyms, ski resorts)<\/p>\n<p style=\"text-align: left;\"><strong>Vaccination: in January for the most vulnerable people and a vaccination campaign for the general public \"between April and June\".<\/strong><\/p>\n<h2 style=\"text-align: left; color: #ba2123; font-size: 25px;\">WEDNESDAY, NOVEMBER 25, 2020<\/h2>\n<p style=\"text-align: left;\"><b>French President Nicolas Sarkozy has spoken of the 3 stages of easing restrictions that lie ahead.\u00a0<\/b><\/p>\n<h2 style=\"text-align: left; color: #ba2123; font-size: 25px;\">MONDAY, NOVEMBER 16, 2020<\/h2>\n<p style=\"text-align: left;\"><strong>The vaccine race continues.<\/strong> After Pfizer, it's now the turn of <strong>Moderna<\/strong>an American laboratory, to announce <strong>very encouraging preliminary results.<\/strong> According to Moderna, its treatment is effective at around 95%.<\/p>\n<h2 style=\"text-align: left; color: #ba2123; font-size: 25px;\">FRIDAY, NOVEMBER 13, 2020<\/h2>\n<p style=\"text-align: left;\">The Prime Minister spoke last night to take stock of the situation, and here's what he had to say:<\/p>\n<p style=\"text-align: left;\">- Confinement to continue: the Prime Minister hopes to ease confinement before the festive season, to allow as many people as possible to enjoy the holidays. Containment could continue after December 1, although nothing has been made official.<\/p>\n<p style=\"text-align: left;\">- Non-essential businesses remain closed for at least the next 15 days<\/p>\n<p style=\"text-align: left;\">- High schools will remain open, but will have to offer \"hybrid\" teaching, combining distance learning and on-site courses.<\/p>\n<p style=\"text-align: left;\">- Teleworking to be further strengthened<\/p>\n<p style=\"text-align: left;\"><strong>Regarding screening and antigenic tests, the French Health Minister also reminded us that \"many pharmacists [...] can give you these tests. [...] If you are asymptomatic but a contact case, the recommendations of the French National Authority for Health are that you should have a laboratory PCR test.\"<\/strong><\/p>\n<h2 style=\"text-align: left; color: #ba2123; font-size: 25px;\">MONDAY, NOVEMBER 09, 2020<\/h2>\n<p style=\"text-align: left;\">The symbolic milestone of 40,000 COVID deaths in France has been passed.<\/p>\n<p style=\"text-align: left;\">Nevertheless, the first tremors of the effects of containment are being felt, said the Minister of Health.<\/p>\n<p style=\"text-align: left;\">Meanwhile, the vaccine developed by Pfizer Laboratories and BioNTech is currently undergoing phase 3 testing, the last stage before a license application. According to preliminary results, it appears to be effective against 90 %.<\/p>\n<h2 style=\"text-align: left; color: #ba2123; font-size: 25px;\">THURSDAY, NOVEMBER 05, 2020<\/h2>\n<p style=\"text-align: left;\"><strong>As a reminder, your pharmacy remains open during the lockdown period to dispense your prescription medicines. You can also send us\u00a0<span style=\"color: #0000ee;\"><a href=\"\/en\/our-turnkey-solution\/online-prescription\/\" target=\"_blank\" rel=\"noopener\">your prescription online here.<\/a><\/span>\u00a0And your parapharmacy is also available at the pharmacy.<\/strong><\/p>\n<h2 style=\"text-align: left; color: #ba2123; font-size: 25px;\">MONDAY, NOVEMBER 02, 2020<\/h2>\n<p style=\"text-align: left;\">It's back to school time for all children and teenagers up to high school age. Schools remain open during confinement, but must respect and intensify the respect of barrier gestures. In particular, children aged 6 and over must wear masks.<\/p>\n<p style=\"text-align: left;\">The government has also announced that the sale of products affected by the closure of local shops, will be banned in supermarkets from Tuesday November 03, 2020. This applies in particular to cultural products such as books.<\/p>\n<p style=\"text-align: left;\"><strong>ANTIGEN TESTS<\/strong> At last, pharmacies are authorized to carry out these tests. They work by taking a nasopharyngeal sample (from the nose), and offer very rapid results (10-30 minutes). In fact, unlike PCR tests previously used, they do not require laboratory analysis.<\/p>\n<p style=\"text-align: left;\"><img fetchpriority=\"high\" decoding=\"async\" style=\"display: block; margin-left: auto; margin-right: auto;\" src=\"https:\/\/www.leparisien.fr\/resizer\/QY6uKu-fH_Qw313pa8VCV9jFu44=\/1037x1280\/cloudfront-eu-central-1.images.arcpublishing.com\/leparisien\/XACNGMYLTJYFK74YTRETRVTWE4.jpg\" alt=\"antigenic test\" width=\"1037\" height=\"1280\" \/><\/p>\n<p>&nbsp;<\/p>\n<h2 style=\"text-align: left; color: #ba2123; font-size: 25px;\">FRIDAY, OCTOBER 30, 2020<\/h2>\n<p style=\"text-align: left;\">First official day for this second wave of confinement, scheduled to last 4 weeks. As of today, to leave the plant, you will need a special exit certificate. There are 3 types:<\/p>\n<p style=\"text-align: left;\"><strong>- Attestation de d\u00e9placement d\u00e9rogatoire: to be completed by everyone for each outing.<\/strong><\/p>\n<p style=\"text-align: left;\"><span style=\"color: #0000ee;\"><a href=\"https:\/\/www.gouvernement.fr\/sites\/default\/files\/05-11-2020-attestation-de-deplacement-derogatoire.pdf\" target=\"_blank\" rel=\"noopener\">=&gt; Exemption travel certificate PDF format<\/a><\/span><\/p>\n<p style=\"text-align: left;\"><strong>- Proof of business travel: to be completed by the employer, justifying your business travels<\/strong><\/p>\n<p style=\"text-align: left;\"><a href=\"https:\/\/www.gouvernement.fr\/sites\/default\/files\/05-11-2020-justificatif-de-deplacement-professionnel.pdf\" target=\"_blank\" rel=\"noopener\">=&gt; Business trip receipt PDF format<\/a><\/p>\n<p><strong>- Proof of school travel: to be completed by the parents and stamped by the school where the child attends.<\/strong><\/p>\n<p><a href=\"https:\/\/www.gouvernement.fr\/sites\/default\/files\/05-11-2020-justificatif-de-deplacement-scolaire.pdf\" target=\"_blank\" rel=\"noopener\">=&gt; School trip receipt PDF format<\/a><\/p>\n<p>&nbsp;<\/p>\n<h2 style=\"text-align: left; color: #ba2123; font-size: 25px;\">THURSDAY, OCTOBER 29, 2020<\/h2>\n<p style=\"text-align: left;\">Government announcement of a new containment, albeit with some differences from the first, namely :<\/p>\n<p style=\"text-align: left;\">- schools and colleges will remain open and welcome children.<\/p>\n<p style=\"text-align: left;\">- universities and colleges must offer distance learning courses<\/p>\n<p style=\"text-align: left;\">- non-essential shops must close (non-food stores, restaurants, hairdressers, etc.).<\/p>\n<p style=\"text-align: left;\"><strong>- your pharmacy will of course remain open to ensure the continuity of your treatments<\/strong><\/p>\n<p style=\"text-align: left;\">- teleworking is the best option for everyone<\/p>\n<p style=\"text-align: left;\">- It's also the return of the derogatory exit certificate. It is available from the application: TOUS ANTI-COVID<\/p>\n<p style=\"text-align: left;\"><span style=\"color: #0000ee;\"><a href=\"https:\/\/apps.apple.com\/fr\/app\/tousanticovid\/id1511279125\" target=\"_blank\" rel=\"noopener\">=&gt; download the application on iOS\u00a0<\/a><\/span><\/p>\n<p style=\"text-align: left;\"><span style=\"color: #0000ee;\"><a href=\"https:\/\/play.google.com\/store\/apps\/details?id=fr.gouv.android.stopcovid&amp;hl=fr&amp;gl=US\" target=\"_blank\" rel=\"noopener\">=&gt; download the application on Andoid<\/a><\/span><\/p>","protected":false},"excerpt":{"rendered":"<p>As the start of the fifth wave of COVID-19 approaches, the government is doing all it can to slow the epidemic's progress. On this page, you'll find all the information you need to know about the evolution of the virus and the rules that apply. - The news day by day - FRIDAY, DECEMBER 31, 2021 In order to cope with the two [...]<\/p>","protected":false},"featured_media":8900,"template":"","categories":[45],"class_list":["post-8882","itek-infos","type-itek-infos","status-publish","has-post-thumbnail","hentry","category-blog"],"acf":[],"yoast_head":"<!-- This site is optimized with the Yoast SEO plugin v26.6 - https:\/\/yoast.com\/wordpress\/plugins\/seo\/ -->\n<title>Itekpharma | Services Pharmacie pendant le Confinement 2020<\/title>\n<meta name=\"description\" content=\"D\u00e9couvrez les solutions digitales pour maintenir vos services en pharmacie pendant le confinement. Guide pratique\" \/>\n<meta name=\"robots\" content=\"index, follow, max-snippet:-1, max-image-preview:large, max-video-preview:-1\" \/>\n<link rel=\"canonical\" href=\"https:\/\/www.itekpharma.com\/en\/itek-news\/containment-pharmacy-services\/\" \/>\n<meta property=\"og:locale\" content=\"en_US\" \/>\n<meta property=\"og:type\" content=\"article\" \/>\n<meta property=\"og:title\" content=\"Itekpharma | Services Pharmacie pendant le Confinement 2020\" \/>\n<meta property=\"og:description\" content=\"D\u00e9couvrez les solutions digitales pour maintenir vos services en pharmacie pendant le confinement. Guide pratique\" \/>\n<meta property=\"og:url\" content=\"https:\/\/www.itekpharma.com\/en\/itek-news\/containment-pharmacy-services\/\" \/>\n<meta property=\"og:site_name\" content=\"Itekpharma | Expert e-commerce pharmacies &amp; laboratoires depuis 2005\" \/>\n<meta property=\"article:modified_time\" content=\"2024-12-26T13:54:04+00:00\" \/>\n<meta property=\"og:image\" content=\"https:\/\/www.itekpharma.com\/wp-content\/uploads\/2020\/09\/attestation-site-itek.jpg\" \/>\n\t<meta property=\"og:image:width\" content=\"1920\" \/>\n\t<meta property=\"og:image:height\" content=\"890\" \/>\n\t<meta property=\"og:image:type\" content=\"image\/jpeg\" \/>\n<meta name=\"twitter:card\" content=\"summary_large_image\" \/>\n<meta name=\"twitter:label1\" content=\"Est. reading time\" \/>\n\t<meta name=\"twitter:data1\" content=\"59 minutes\" \/>\n<script type=\"application\/ld+json\" class=\"yoast-schema-graph\">{\"@context\":\"https:\/\/schema.org\",\"@graph\":[{\"@type\":\"WebPage\",\"@id\":\"https:\/\/www.itekpharma.com\/itek-infos\/services-pharmacie-confinement\/\",\"url\":\"https:\/\/www.itekpharma.com\/itek-infos\/services-pharmacie-confinement\/\",\"name\":\"Itekpharma | Services Pharmacie pendant le Confinement 2020\",\"isPartOf\":{\"@id\":\"https:\/\/www.itekpharma.com\/#website\"},\"primaryImageOfPage\":{\"@id\":\"https:\/\/www.itekpharma.com\/itek-infos\/services-pharmacie-confinement\/#primaryimage\"},\"image\":{\"@id\":\"https:\/\/www.itekpharma.com\/itek-infos\/services-pharmacie-confinement\/#primaryimage\"},\"thumbnailUrl\":\"https:\/\/www.itekpharma.com\/wp-content\/uploads\/2020\/09\/attestation-site-itek.jpg\",\"datePublished\":\"2020-10-29T14:50:41+00:00\",\"dateModified\":\"2024-12-26T13:54:04+00:00\",\"description\":\"D\u00e9couvrez les solutions digitales pour maintenir vos services en pharmacie pendant le confinement. Guide pratique\",\"breadcrumb\":{\"@id\":\"https:\/\/www.itekpharma.com\/itek-infos\/services-pharmacie-confinement\/#breadcrumb\"},\"inLanguage\":\"en-US\",\"potentialAction\":[{\"@type\":\"ReadAction\",\"target\":[\"https:\/\/www.itekpharma.com\/itek-infos\/services-pharmacie-confinement\/\"]}]},{\"@type\":\"ImageObject\",\"inLanguage\":\"en-US\",\"@id\":\"https:\/\/www.itekpharma.com\/itek-infos\/services-pharmacie-confinement\/#primaryimage\",\"url\":\"https:\/\/www.itekpharma.com\/wp-content\/uploads\/2020\/09\/attestation-site-itek.jpg\",\"contentUrl\":\"https:\/\/www.itekpharma.com\/wp-content\/uploads\/2020\/09\/attestation-site-itek.jpg\",\"width\":1920,\"height\":890,\"caption\":\"Attestation site itek\"},{\"@type\":\"BreadcrumbList\",\"@id\":\"https:\/\/www.itekpharma.com\/itek-infos\/services-pharmacie-confinement\/#breadcrumb\",\"itemListElement\":[{\"@type\":\"ListItem\",\"position\":1,\"name\":\"Accueil\",\"item\":\"https:\/\/www.itekpharma.com\/\"},{\"@type\":\"ListItem\",\"position\":2,\"name\":\"ITEK INFOS\",\"item\":\"https:\/\/www.itekpharma.com\/itek-infos\/\"},{\"@type\":\"ListItem\",\"position\":3,\"name\":\"Itekpharma | Services Pharmacie pendant le Confinement 2020\"}]},{\"@type\":\"WebSite\",\"@id\":\"https:\/\/www.itekpharma.com\/#website\",\"url\":\"https:\/\/www.itekpharma.com\/\",\"name\":\"Itekpharma | Expert e-commerce pharmacies &amp; laboratoires depuis 2005\",\"description\":\"L&#039;expertise e-commerce au service de votre sant\u00e9\",\"publisher\":{\"@id\":\"https:\/\/www.itekpharma.com\/#organization\"},\"potentialAction\":[{\"@type\":\"SearchAction\",\"target\":{\"@type\":\"EntryPoint\",\"urlTemplate\":\"https:\/\/www.itekpharma.com\/?s={search_term_string}\"},\"query-input\":{\"@type\":\"PropertyValueSpecification\",\"valueRequired\":true,\"valueName\":\"search_term_string\"}}],\"inLanguage\":\"en-US\"},{\"@type\":\"Organization\",\"@id\":\"https:\/\/www.itekpharma.com\/#organization\",\"name\":\"Itekpharma | Expert e-commerce pharmacies &amp; laboratoires depuis 2005\",\"url\":\"https:\/\/www.itekpharma.com\/\",\"logo\":{\"@type\":\"ImageObject\",\"inLanguage\":\"en-US\",\"@id\":\"https:\/\/www.itekpharma.com\/#\/schema\/logo\/image\/\",\"url\":\"https:\/\/www.itekpharma.com\/wp-content\/uploads\/2022\/09\/logo-header.png\",\"contentUrl\":\"https:\/\/www.itekpharma.com\/wp-content\/uploads\/2022\/09\/logo-header.png\",\"width\":321,\"height\":85,\"caption\":\"Itekpharma | Expert e-commerce pharmacies &amp; laboratoires depuis 2005\"},\"image\":{\"@id\":\"https:\/\/www.itekpharma.com\/#\/schema\/logo\/image\/\"}}]}<\/script>\n<!-- \/ Yoast SEO plugin. -->","yoast_head_json":{"title":"Itekpharma | Pharmacy Services during Containment 2020","description":"Discover digital solutions to maintain your pharmacy services during containment. Practical guide","robots":{"index":"index","follow":"follow","max-snippet":"max-snippet:-1","max-image-preview":"max-image-preview:large","max-video-preview":"max-video-preview:-1"},"canonical":"https:\/\/www.itekpharma.com\/en\/itek-news\/containment-pharmacy-services\/","og_locale":"en_US","og_type":"article","og_title":"Itekpharma | Services Pharmacie pendant le Confinement 2020","og_description":"D\u00e9couvrez les solutions digitales pour maintenir vos services en pharmacie pendant le confinement. Guide pratique","og_url":"https:\/\/www.itekpharma.com\/en\/itek-news\/containment-pharmacy-services\/","og_site_name":"Itekpharma | Expert e-commerce pharmacies &amp; laboratoires depuis 2005","article_modified_time":"2024-12-26T13:54:04+00:00","og_image":[{"width":1920,"height":890,"url":"https:\/\/www.itekpharma.com\/wp-content\/uploads\/2020\/09\/attestation-site-itek.jpg","type":"image\/jpeg"}],"twitter_card":"summary_large_image","twitter_misc":{"Est. reading time":"59 minutes"},"schema":{"@context":"https:\/\/schema.org","@graph":[{"@type":"WebPage","@id":"https:\/\/www.itekpharma.com\/itek-infos\/services-pharmacie-confinement\/","url":"https:\/\/www.itekpharma.com\/itek-infos\/services-pharmacie-confinement\/","name":"Itekpharma | Pharmacy Services during Containment 2020","isPartOf":{"@id":"https:\/\/www.itekpharma.com\/#website"},"primaryImageOfPage":{"@id":"https:\/\/www.itekpharma.com\/itek-infos\/services-pharmacie-confinement\/#primaryimage"},"image":{"@id":"https:\/\/www.itekpharma.com\/itek-infos\/services-pharmacie-confinement\/#primaryimage"},"thumbnailUrl":"https:\/\/www.itekpharma.com\/wp-content\/uploads\/2020\/09\/attestation-site-itek.jpg","datePublished":"2020-10-29T14:50:41+00:00","dateModified":"2024-12-26T13:54:04+00:00","description":"Discover digital solutions to maintain your pharmacy services during containment. Practical guide","breadcrumb":{"@id":"https:\/\/www.itekpharma.com\/itek-infos\/services-pharmacie-confinement\/#breadcrumb"},"inLanguage":"en-US","potentialAction":[{"@type":"ReadAction","target":["https:\/\/www.itekpharma.com\/itek-infos\/services-pharmacie-confinement\/"]}]},{"@type":"ImageObject","inLanguage":"en-US","@id":"https:\/\/www.itekpharma.com\/itek-infos\/services-pharmacie-confinement\/#primaryimage","url":"https:\/\/www.itekpharma.com\/wp-content\/uploads\/2020\/09\/attestation-site-itek.jpg","contentUrl":"https:\/\/www.itekpharma.com\/wp-content\/uploads\/2020\/09\/attestation-site-itek.jpg","width":1920,"height":890,"caption":"Attestation site itek"},{"@type":"BreadcrumbList","@id":"https:\/\/www.itekpharma.com\/itek-infos\/services-pharmacie-confinement\/#breadcrumb","itemListElement":[{"@type":"ListItem","position":1,"name":"Accueil","item":"https:\/\/www.itekpharma.com\/"},{"@type":"ListItem","position":2,"name":"ITEK INFOS","item":"https:\/\/www.itekpharma.com\/itek-infos\/"},{"@type":"ListItem","position":3,"name":"Itekpharma | Services Pharmacie pendant le Confinement 2020"}]},{"@type":"WebSite","@id":"https:\/\/www.itekpharma.com\/#website","url":"https:\/\/www.itekpharma.com\/","name":"Itekpharma | Expert e-commerce pharmacies &amp; laboratories since 2005","description":"E-commerce expertise at the service of your health","publisher":{"@id":"https:\/\/www.itekpharma.com\/#organization"},"potentialAction":[{"@type":"SearchAction","target":{"@type":"EntryPoint","urlTemplate":"https:\/\/www.itekpharma.com\/?s={search_term_string}"},"query-input":{"@type":"PropertyValueSpecification","valueRequired":true,"valueName":"search_term_string"}}],"inLanguage":"en-US"},{"@type":"Organization","@id":"https:\/\/www.itekpharma.com\/#organization","name":"Itekpharma | Expert e-commerce pharmacies &amp; laboratories since 2005","url":"https:\/\/www.itekpharma.com\/","logo":{"@type":"ImageObject","inLanguage":"en-US","@id":"https:\/\/www.itekpharma.com\/#\/schema\/logo\/image\/","url":"https:\/\/www.itekpharma.com\/wp-content\/uploads\/2022\/09\/logo-header.png","contentUrl":"https:\/\/www.itekpharma.com\/wp-content\/uploads\/2022\/09\/logo-header.png","width":321,"height":85,"caption":"Itekpharma | Expert e-commerce pharmacies &amp; laboratoires depuis 2005"},"image":{"@id":"https:\/\/www.itekpharma.com\/#\/schema\/logo\/image\/"}}]}},"_links":{"self":[{"href":"https:\/\/www.itekpharma.com\/en\/wp-json\/wp\/v2\/itek-infos\/8882","targetHints":{"allow":["GET"]}}],"collection":[{"href":"https:\/\/www.itekpharma.com\/en\/wp-json\/wp\/v2\/itek-infos"}],"about":[{"href":"https:\/\/www.itekpharma.com\/en\/wp-json\/wp\/v2\/types\/itek-infos"}],"wp:featuredmedia":[{"embeddable":true,"href":"https:\/\/www.itekpharma.com\/en\/wp-json\/wp\/v2\/media\/8900"}],"wp:attachment":[{"href":"https:\/\/www.itekpharma.com\/en\/wp-json\/wp\/v2\/media?parent=8882"}],"wp:term":[{"taxonomy":"category","embeddable":true,"href":"https:\/\/www.itekpharma.com\/en\/wp-json\/wp\/v2\/categories?post=8882"}],"curies":[{"name":"wp","href":"https:\/\/api.w.org\/{rel}","templated":true}]}}