{"id":8559,"date":"2014-03-04T15:50:27","date_gmt":"2014-03-04T14:50:27","guid":{"rendered":"https:\/\/www.itekpharma.com\/itek-infos\/salon-pharmagora-2014-le-salon-de-la-sante\/"},"modified":"2014-03-04T15:50:27","modified_gmt":"2014-03-04T14:50:27","slug":"pharmagora-2014-el-salon-de-la-salud","status":"publish","type":"itek-infos","link":"https:\/\/www.itekpharma.com\/es\/informacion\/pharmagora-2014-el-salon-de-la-salud\/","title":{"rendered":"Pharmagora 2014: \u00a1la feria de la salud!"},"content":{"rendered":"<p>Pharmagora es la feria l\u00edder para todos los profesionales de la salud, farmac\u00e9uticos y farmac\u00e9uticos. Este a\u00f1o, la feria se celebra durante dos d\u00edas, el s\u00e1bado 29 y el domingo 30 de marzo de 2014.<br \/>\nPor 5\u00ba a\u00f1o consecutivo, el equipo de Itekpharma le dar\u00e1 la bienvenida en su stand, donde le presentaremos nuestra gama de servicios y le informaremos y asesoraremos sobre todas las nuevas tecnolog\u00edas web a disposici\u00f3n de los profesionales de la salud.<\/p>\n<p>Nuestro n\u00famero de stand es D56-E55<\/p>\n<p>Acceso al Sal\u00f3n por el Hall Orion :<br \/>\nPuerta de Versalles<br \/>\nPabell\u00f3n 7\/2<br \/>\n75015 Par\u00eds<\/p>\n<p>Horario :<br \/>\nS\u00e1bado 29 de marzo: de 9.30 a 19.00 horas<br \/>\nDomingo 30 de marzo: de 9.30 a 19.00 horas<\/p>\n<p>C\u00f3mo llegar:<br \/>\nEn coche: Acceso por las circunvalaciones interior y exterior, salida Porte de Versailles<br \/>\nAutob\u00fas: 39, 80<br \/>\nTranv\u00eda: L\u00edneas T2 y T3, parada Porte de Versailles<br \/>\nMetro: Porte de Versailles l\u00ednea 12 (Porte de la Chapelle - Mairie d'Issy) - Estaciones servidas: Montparnasse, Concorde, Madeleine, Saint-Lazare<br \/>\nTaxis: Parada en la entrada de Par\u00eds-Expo - Puerta A<\/p>","protected":false},"excerpt":{"rendered":"<p>Pharmagora est le salon de r\u00e9f\u00e9rence qui r\u00e9unit tous les professionnels de la sant\u00e9, du m\u00e9dicament et de l&rsquo;officine. Cette ann\u00e9e, le salon a lieu sur deux jours, le samedi 29 et dimanche 30 mars 2014. Pour la 5\u00e8me ann\u00e9e cons\u00e9cutive, l&rsquo;\u00e9quipe d&rsquo;Itekpharma sera pr\u00e9sente et vous accueillera sur son stand pour vous pr\u00e9senter nos [&hellip;]<\/p>","protected":false},"featured_media":8560,"template":"","categories":[45,60],"class_list":["post-8559","itek-infos","type-itek-infos","status-publish","has-post-thumbnail","hentry","category-blog","category-presse"],"acf":[],"yoast_head":"<!-- This site is optimized with the Yoast SEO plugin v26.6 - https:\/\/yoast.com\/wordpress\/plugins\/seo\/ -->\n<title>Salon Pharmagora 2014 : le salon de la Sant\u00e9 ! - Itekpharma | Expert e-commerce pharmacies &amp; laboratoires depuis 2005<\/title>\n<meta name=\"robots\" content=\"index, follow, max-snippet:-1, max-image-preview:large, max-video-preview:-1\" \/>\n<link rel=\"canonical\" href=\"https:\/\/www.itekpharma.com\/es\/informacion\/pharmagora-2014-el-salon-de-la-salud\/\" \/>\n<meta property=\"og:locale\" content=\"es_ES\" \/>\n<meta property=\"og:type\" content=\"article\" \/>\n<meta property=\"og:title\" content=\"Salon Pharmagora 2014 : le salon de la Sant\u00e9 ! - Itekpharma | Expert e-commerce pharmacies &amp; laboratoires depuis 2005\" \/>\n<meta property=\"og:description\" content=\"Pharmagora est le salon de r\u00e9f\u00e9rence qui r\u00e9unit tous les professionnels de la sant\u00e9, du m\u00e9dicament et de l&rsquo;officine. Cette ann\u00e9e, le salon a lieu sur deux jours, le samedi 29 et dimanche 30 mars 2014. Pour la 5\u00e8me ann\u00e9e cons\u00e9cutive, l&rsquo;\u00e9quipe d&rsquo;Itekpharma sera pr\u00e9sente et vous accueillera sur son stand pour vous pr\u00e9senter nos [&hellip;]\" \/>\n<meta property=\"og:url\" content=\"https:\/\/www.itekpharma.com\/es\/informacion\/pharmagora-2014-el-salon-de-la-salud\/\" \/>\n<meta property=\"og:site_name\" content=\"Itekpharma | Expert e-commerce pharmacies &amp; laboratoires depuis 2005\" \/>\n<meta property=\"og:image\" content=\"https:\/\/www.itekpharma.com\/wp-content\/uploads\/2019\/03\/DSC03296-scaled.jpg\" \/>\n\t<meta property=\"og:image:width\" content=\"2560\" \/>\n\t<meta property=\"og:image:height\" content=\"1439\" \/>\n\t<meta property=\"og:image:type\" content=\"image\/jpeg\" \/>\n<meta name=\"twitter:card\" content=\"summary_large_image\" \/>\n<meta name=\"twitter:label1\" content=\"Tiempo de lectura\" \/>\n\t<meta name=\"twitter:data1\" content=\"1 minuto\" \/>\n<script type=\"application\/ld+json\" class=\"yoast-schema-graph\">{\"@context\":\"https:\/\/schema.org\",\"@graph\":[{\"@type\":\"WebPage\",\"@id\":\"https:\/\/www.itekpharma.com\/itek-infos\/salon-pharmagora-2014-le-salon-de-la-sante\/\",\"url\":\"https:\/\/www.itekpharma.com\/itek-infos\/salon-pharmagora-2014-le-salon-de-la-sante\/\",\"name\":\"Salon Pharmagora 2014 : le salon de la Sant\u00e9 ! - Itekpharma | Expert e-commerce pharmacies &amp; laboratoires depuis 2005\",\"isPartOf\":{\"@id\":\"https:\/\/www.itekpharma.com\/#website\"},\"primaryImageOfPage\":{\"@id\":\"https:\/\/www.itekpharma.com\/itek-infos\/salon-pharmagora-2014-le-salon-de-la-sante\/#primaryimage\"},\"image\":{\"@id\":\"https:\/\/www.itekpharma.com\/itek-infos\/salon-pharmagora-2014-le-salon-de-la-sante\/#primaryimage\"},\"thumbnailUrl\":\"https:\/\/www.itekpharma.com\/wp-content\/uploads\/2019\/03\/DSC03296-scaled.jpg\",\"datePublished\":\"2014-03-04T14:50:27+00:00\",\"breadcrumb\":{\"@id\":\"https:\/\/www.itekpharma.com\/itek-infos\/salon-pharmagora-2014-le-salon-de-la-sante\/#breadcrumb\"},\"inLanguage\":\"es\",\"potentialAction\":[{\"@type\":\"ReadAction\",\"target\":[\"https:\/\/www.itekpharma.com\/itek-infos\/salon-pharmagora-2014-le-salon-de-la-sante\/\"]}]},{\"@type\":\"ImageObject\",\"inLanguage\":\"es\",\"@id\":\"https:\/\/www.itekpharma.com\/itek-infos\/salon-pharmagora-2014-le-salon-de-la-sante\/#primaryimage\",\"url\":\"https:\/\/www.itekpharma.com\/wp-content\/uploads\/2019\/03\/DSC03296-scaled.jpg\",\"contentUrl\":\"https:\/\/www.itekpharma.com\/wp-content\/uploads\/2019\/03\/DSC03296-scaled.jpg\",\"width\":2560,\"height\":1439,\"caption\":\"SONY DSC\"},{\"@type\":\"BreadcrumbList\",\"@id\":\"https:\/\/www.itekpharma.com\/itek-infos\/salon-pharmagora-2014-le-salon-de-la-sante\/#breadcrumb\",\"itemListElement\":[{\"@type\":\"ListItem\",\"position\":1,\"name\":\"Accueil\",\"item\":\"https:\/\/www.itekpharma.com\/\"},{\"@type\":\"ListItem\",\"position\":2,\"name\":\"ITEK INFOS\",\"item\":\"https:\/\/www.itekpharma.com\/itek-infos\/\"},{\"@type\":\"ListItem\",\"position\":3,\"name\":\"Salon Pharmagora 2014 : le salon de la Sant\u00e9 !\"}]},{\"@type\":\"WebSite\",\"@id\":\"https:\/\/www.itekpharma.com\/#website\",\"url\":\"https:\/\/www.itekpharma.com\/\",\"name\":\"Itekpharma | Expert e-commerce pharmacies &amp; laboratoires depuis 2005\",\"description\":\"L&#039;expertise e-commerce au service de votre sant\u00e9\",\"publisher\":{\"@id\":\"https:\/\/www.itekpharma.com\/#organization\"},\"potentialAction\":[{\"@type\":\"SearchAction\",\"target\":{\"@type\":\"EntryPoint\",\"urlTemplate\":\"https:\/\/www.itekpharma.com\/?s={search_term_string}\"},\"query-input\":{\"@type\":\"PropertyValueSpecification\",\"valueRequired\":true,\"valueName\":\"search_term_string\"}}],\"inLanguage\":\"es\"},{\"@type\":\"Organization\",\"@id\":\"https:\/\/www.itekpharma.com\/#organization\",\"name\":\"Itekpharma | Expert e-commerce pharmacies &amp; laboratoires depuis 2005\",\"url\":\"https:\/\/www.itekpharma.com\/\",\"logo\":{\"@type\":\"ImageObject\",\"inLanguage\":\"es\",\"@id\":\"https:\/\/www.itekpharma.com\/#\/schema\/logo\/image\/\",\"url\":\"https:\/\/www.itekpharma.com\/wp-content\/uploads\/2022\/09\/logo-header.png\",\"contentUrl\":\"https:\/\/www.itekpharma.com\/wp-content\/uploads\/2022\/09\/logo-header.png\",\"width\":321,\"height\":85,\"caption\":\"Itekpharma | Expert e-commerce pharmacies &amp; laboratoires depuis 2005\"},\"image\":{\"@id\":\"https:\/\/www.itekpharma.com\/#\/schema\/logo\/image\/\"}}]}<\/script>\n<!-- \/ Yoast SEO plugin. -->","yoast_head_json":{"title":"Pharmagora 2014: \u00a1la feria de la salud! - Itekpharma | Experto e-comercio farmacias y laboratorios desde 2005.","robots":{"index":"index","follow":"follow","max-snippet":"max-snippet:-1","max-image-preview":"max-image-preview:large","max-video-preview":"max-video-preview:-1"},"canonical":"https:\/\/www.itekpharma.com\/es\/informacion\/pharmagora-2014-el-salon-de-la-salud\/","og_locale":"es_ES","og_type":"article","og_title":"Salon Pharmagora 2014 : le salon de la Sant\u00e9 ! - Itekpharma | Expert e-commerce pharmacies &amp; laboratoires depuis 2005","og_description":"Pharmagora est le salon de r\u00e9f\u00e9rence qui r\u00e9unit tous les professionnels de la sant\u00e9, du m\u00e9dicament et de l&rsquo;officine. Cette ann\u00e9e, le salon a lieu sur deux jours, le samedi 29 et dimanche 30 mars 2014. Pour la 5\u00e8me ann\u00e9e cons\u00e9cutive, l&rsquo;\u00e9quipe d&rsquo;Itekpharma sera pr\u00e9sente et vous accueillera sur son stand pour vous pr\u00e9senter nos [&hellip;]","og_url":"https:\/\/www.itekpharma.com\/es\/informacion\/pharmagora-2014-el-salon-de-la-salud\/","og_site_name":"Itekpharma | Expert e-commerce pharmacies &amp; laboratoires depuis 2005","og_image":[{"width":2560,"height":1439,"url":"https:\/\/www.itekpharma.com\/wp-content\/uploads\/2019\/03\/DSC03296-scaled.jpg","type":"image\/jpeg"}],"twitter_card":"summary_large_image","twitter_misc":{"Tiempo de lectura":"1 minuto"},"schema":{"@context":"https:\/\/schema.org","@graph":[{"@type":"WebPage","@id":"https:\/\/www.itekpharma.com\/itek-infos\/salon-pharmagora-2014-le-salon-de-la-sante\/","url":"https:\/\/www.itekpharma.com\/itek-infos\/salon-pharmagora-2014-le-salon-de-la-sante\/","name":"Pharmagora 2014: \u00a1la feria de la salud! - Itekpharma | Experto e-comercio farmacias y laboratorios desde 2005.","isPartOf":{"@id":"https:\/\/www.itekpharma.com\/#website"},"primaryImageOfPage":{"@id":"https:\/\/www.itekpharma.com\/itek-infos\/salon-pharmagora-2014-le-salon-de-la-sante\/#primaryimage"},"image":{"@id":"https:\/\/www.itekpharma.com\/itek-infos\/salon-pharmagora-2014-le-salon-de-la-sante\/#primaryimage"},"thumbnailUrl":"https:\/\/www.itekpharma.com\/wp-content\/uploads\/2019\/03\/DSC03296-scaled.jpg","datePublished":"2014-03-04T14:50:27+00:00","breadcrumb":{"@id":"https:\/\/www.itekpharma.com\/itek-infos\/salon-pharmagora-2014-le-salon-de-la-sante\/#breadcrumb"},"inLanguage":"es","potentialAction":[{"@type":"ReadAction","target":["https:\/\/www.itekpharma.com\/itek-infos\/salon-pharmagora-2014-le-salon-de-la-sante\/"]}]},{"@type":"ImageObject","inLanguage":"es","@id":"https:\/\/www.itekpharma.com\/itek-infos\/salon-pharmagora-2014-le-salon-de-la-sante\/#primaryimage","url":"https:\/\/www.itekpharma.com\/wp-content\/uploads\/2019\/03\/DSC03296-scaled.jpg","contentUrl":"https:\/\/www.itekpharma.com\/wp-content\/uploads\/2019\/03\/DSC03296-scaled.jpg","width":2560,"height":1439,"caption":"SONY DSC"},{"@type":"BreadcrumbList","@id":"https:\/\/www.itekpharma.com\/itek-infos\/salon-pharmagora-2014-le-salon-de-la-sante\/#breadcrumb","itemListElement":[{"@type":"ListItem","position":1,"name":"Accueil","item":"https:\/\/www.itekpharma.com\/"},{"@type":"ListItem","position":2,"name":"ITEK INFOS","item":"https:\/\/www.itekpharma.com\/itek-infos\/"},{"@type":"ListItem","position":3,"name":"Salon Pharmagora 2014 : le salon de la Sant\u00e9 !"}]},{"@type":"WebSite","@id":"https:\/\/www.itekpharma.com\/#website","url":"https:\/\/www.itekpharma.com\/","name":"Itekpharma | Experto en comercio electr\u00f3nico para farmacias y laboratorios desde 2005","description":"La experiencia del comercio electr\u00f3nico al servicio de su salud","publisher":{"@id":"https:\/\/www.itekpharma.com\/#organization"},"potentialAction":[{"@type":"SearchAction","target":{"@type":"EntryPoint","urlTemplate":"https:\/\/www.itekpharma.com\/?s={search_term_string}"},"query-input":{"@type":"PropertyValueSpecification","valueRequired":true,"valueName":"search_term_string"}}],"inLanguage":"es"},{"@type":"Organization","@id":"https:\/\/www.itekpharma.com\/#organization","name":"Itekpharma | Experto en comercio electr\u00f3nico para farmacias y laboratorios desde 2005","url":"https:\/\/www.itekpharma.com\/","logo":{"@type":"ImageObject","inLanguage":"es","@id":"https:\/\/www.itekpharma.com\/#\/schema\/logo\/image\/","url":"https:\/\/www.itekpharma.com\/wp-content\/uploads\/2022\/09\/logo-header.png","contentUrl":"https:\/\/www.itekpharma.com\/wp-content\/uploads\/2022\/09\/logo-header.png","width":321,"height":85,"caption":"Itekpharma | Expert e-commerce pharmacies &amp; laboratoires depuis 2005"},"image":{"@id":"https:\/\/www.itekpharma.com\/#\/schema\/logo\/image\/"}}]}},"_links":{"self":[{"href":"https:\/\/www.itekpharma.com\/es\/wp-json\/wp\/v2\/itek-infos\/8559","targetHints":{"allow":["GET"]}}],"collection":[{"href":"https:\/\/www.itekpharma.com\/es\/wp-json\/wp\/v2\/itek-infos"}],"about":[{"href":"https:\/\/www.itekpharma.com\/es\/wp-json\/wp\/v2\/types\/itek-infos"}],"wp:featuredmedia":[{"embeddable":true,"href":"https:\/\/www.itekpharma.com\/es\/wp-json\/wp\/v2\/media\/8560"}],"wp:attachment":[{"href":"https:\/\/www.itekpharma.com\/es\/wp-json\/wp\/v2\/media?parent=8559"}],"wp:term":[{"taxonomy":"category","embeddable":true,"href":"https:\/\/www.itekpharma.com\/es\/wp-json\/wp\/v2\/categories?post=8559"}],"curies":[{"name":"wp","href":"https:\/\/api.w.org\/{rel}","templated":true}]}}