{"id":8612,"date":"2020-03-19T15:20:14","date_gmt":"2020-03-19T14:20:14","guid":{"rendered":"https:\/\/www.itekpharma.com\/itek-infos\/infos-coronavirus\/"},"modified":"2024-12-26T15:29:27","modified_gmt":"2024-12-26T14:29:27","slug":"guia-de-farmacia-sobre-coronavirus","status":"publish","type":"itek-infos","link":"https:\/\/www.itekpharma.com\/es\/informacion\/guia-de-farmacia-sobre-coronavirus\/","title":{"rendered":"Itekpharma | Gu\u00eda sobre el coronavirus para farmac\u00e9uticos"},"content":{"rendered":"<div id=\"article-corona\" class=\"article-corona\">\n<p>&nbsp;<\/p>\n<h2 style=\"text-align: center;\">Lo esencial<\/h2>\n<p style=\"text-align: center;\"><b><a style=\"text-decoration: none;\" href=\"https:\/\/www.service-public.fr\/\">Informaci\u00f3n sobre el coronavirus :<\/a><\/b><\/p>\n<p style=\"text-align: center;\"><a href=\"tel:0800130000\"><img fetchpriority=\"high\" decoding=\"async\" class=\"alignnone size-full wp-image-3023\" src=\"\/wp-content\/uploads\/2020\/03\/numero-vert.jpg\" alt=\"\" width=\"665\" height=\"347\" \/><\/a><\/p>\n<h3 style=\"text-align: center;\"><a href=\"https:\/\/dashboard.covid19.data.gouv.fr\/\" target=\"_blank\" rel=\"noopener\">Siga la evoluci\u00f3n de COVID-19 en Francia desde este mapa<\/a><\/h3>\n<p style=\"text-align: center;\"><b><a href=\"https:\/\/dashboard.covid19.data.gouv.fr\/\" target=\"_blank\" rel=\"noopener\"><img decoding=\"async\" class=\"alignnone wp-image-3153\" src=\"https:\/\/www.itekpharma.com\/wp-content\/uploads\/2020\/03\/carte-covid19-1.png\" alt=\"tarjeta covid19\" width=\"800\" height=\"456\" \/><\/a><br \/>\nCasos confirmados, hospitalizaciones, reanimaciones, retornos a casa y fallecimientos en el hospital, cifras oficiales cada d\u00eda.<\/b><\/p>\n<\/div>\n<div id=\"article-corona\" class=\"article-corona\">\n<h3>Lunes 11\/05\/20<\/h3>\n<ul>\n<li><b>\u00a1Primer d\u00eda de desconfinamiento en Francia!<\/b> Todos los comercios (excepto bares y restaurantes) reabrieron esta ma\u00f1ana, respetando al m\u00e1ximo las barreras y la distancia f\u00edsica. Y muchos franceses han vuelto a sus tiendas favoritas.<\/li>\n<li><b>M\u00e1scaras obligatorias en los transportes p\u00fablicos de toda Francia.<\/b> Llevar mascarilla en el transporte o en los centros comerciales se convertir\u00e1 en un h\u00e1bito.<\/li>\n<li><b>\u00bfHay que llevar mascarilla en la calle?<\/b> Algunos ayuntamientos, como el de Niza, est\u00e1n intentando introducir ordenanzas que obliguen a llevar m\u00e1scaras en lugares p\u00fablicos.<\/li>\n<\/ul>\n<h3>Jueves 07\/05\/20<\/h3>\n<ul>\n<li><b>13 puntos a recordar de los anuncios del Gobierno sobre la desconflicci\u00f3n el 11 de mayo :<\/b>\n<ul>\n<li>Francia dividida en 2 colores: verde y rojo. La gran mayor\u00eda de Francia es verde para esta descontaminaci\u00f3n, pero los departamentos de las regiones de \u00cele-de-France, Haut-de-France y Grand-Est son rojos... y por tanto no podr\u00e1n descontaminarse de la misma manera. La isla de Mayotte tambi\u00e9n sigue en rojo, e incluso se ha aplazado su fecha de descontaminaci\u00f3n.<\/li>\n<li>\u00cele-de-France bajo especial escrutinio. Aunque se considera posible la descontaminaci\u00f3n en la regi\u00f3n de \u00cele-de-France, el Primer Ministro ha anunciado la necesidad de \u00abreforzar la disciplina\u00bb, sobre todo en el sector del transporte.<\/li>\n<li>Detecci\u00f3n y aislamiento: el gobierno ha reiterado que toda persona que presente s\u00edntomas debe llamar a un m\u00e9dico, que puede prescribirle una prueba. Mientras se esperan los resultados, las personas deben permanecer aisladas hasta 48 horas despu\u00e9s del final de los s\u00edntomas.<\/li>\n<li>Casos de contacto: si ha estado en contacto con alguien que ha dado positivo, se pondr\u00e1n en contacto con usted y se le pedir\u00e1 que permanezca aislado. Se le realizar\u00e1n pruebas 7 d\u00edas despu\u00e9s del \u00faltimo contacto con la persona positiva. A continuaci\u00f3n, permanecer\u00e1 aislado otros 7 d\u00edas (incluso si la prueba da negativo).<\/li>\n<li>Colegios: lo importante es recordar que el Gobierno no obligar\u00e1 a un alcalde que no desee reabrir un colegio a hacerlo por motivos sanitarios.<\/li>\n<li>Desplazamientos: se autorizar\u00e1n los desplazamientos en un radio de 100 km \u00aba vuelo de p\u00e1jaro\u00bb (eventualmente m\u00e1s si se permanece en el mismo departamento). Si se supera este radio, se exigir\u00e1 un nuevo certificado (por razones familiares o profesionales imperiosas).<\/li>\n<li>Transporte FDI: para evitar flujos de pasajeros en horas punta, se dar\u00e1 prioridad de acceso al transporte a las personas que dispongan de un certificado de su empresa.<\/li>\n<li>M\u00e1scaras obligatorias en los transportes p\u00fablicos: tal y como se anunci\u00f3, las m\u00e1scaras ser\u00e1n obligatorias en los transportes p\u00fablicos, como complemento a las medidas de distanciamiento f\u00edsico establecidas por las redes de transporte.<\/li>\n<li>Debe fomentarse el teletrabajo siempre que sea posible.<\/li>\n<li>Las mismas condiciones para visitar residencias de ancianos que para el internamiento.<\/li>\n<li>Apertura de playas: los alcaldes locales pueden solicitarlo a su prefecto, presentando un plan para garantizar que se respeta la distancia f\u00edsica.<\/li>\n<li>Todos los comercios pueden reabrir (excepto bares y restaurantes). Los grandes centros comerciales tambi\u00e9n pueden reabrir con el acuerdo del prefecto, excepto en la regi\u00f3n de Par\u00eds.<\/li>\n<li>Fronteras cerradas fuera de la UE: para viajar fuera de Europa, la norma sigue siendo la prohibici\u00f3n y no se esperan cambios por el momento.<\/li>\n<\/ul>\n<\/li>\n<\/ul>\n<h3>Martes 05\/05\/20<\/h3>\n<ul>\n<li><b>El Gobierno confirma el cierre de las playas hasta el 2 de junio.<\/b> A pesar del color verde de algunos departamentos costeros, las playas no estar\u00e1n abiertas al p\u00fablico hasta el 2 de junio (como m\u00ednimo) porque \u00ab\u00a0<em>estos espacios son dif\u00edciles de vigilar y controlar<\/em>\u00ab\u00a0<\/li>\n<li><b>\u00bfC\u00f3mo se explica el virus a los ni\u00f1os?<\/b><br \/>\n<iframe style=\"border: none; overflow: hidden;\" src=\"https:\/\/www.facebook.com\/plugins\/video.php?href=https%3A%2F%2Fwww.facebook.com%2FMinSoliSante%2Fvideos%2F1040235416372974%2F&amp;show_text=0&amp;width=476\" width=\"476\" height=\"476\" frameborder=\"0\" scrolling=\"no\" allowfullscreen=\"allowfullscreen\"><\/iframe><\/li>\n<\/ul>\n<h3>Lunes 04\/05\/20<\/h3>\n<ul>\n<li><a href=\"https:\/\/travail-emploi.gouv.fr\/IMG\/pdf\/protocole-national-de-deconfinement.pdf\"><b>Protocolo nacional de descontaminaci\u00f3n para que las empresas garanticen la salud y la seguridad de los trabajadores. <\/b><\/a>Estas son las condiciones que deben cumplir las empresas si quieren acoger de nuevo a sus empleados. En esta fase, el Gobierno anima a las empresas a favorecer el teletrabajo siempre que sea posible.<\/li>\n<li><b>Pr\u00f3rroga de la ley de emergencia sanitaria hasta el 24 de julio :<\/b> Este texto detallar\u00e1 las condiciones de cuarentena y aislamiento de las personas infectadas (que el Senado examinar\u00e1 hoy y ma\u00f1ana).<\/li>\n<li><b>Farmac\u00e9uticos y profesionales sanitarios enfadados:<\/b> Desde hoy, los supermercados pueden vender mascarillas quir\u00fargicas y lavables, y los farmac\u00e9uticos y profesionales sanitarios denuncian el \u00abesc\u00e1ndalo sanitario\u00bb. Hace s\u00f3lo unos d\u00edas, en Francia hab\u00eda escasez de mascarillas para el personal sanitario, pero ahora se venden cientos de miles de mascarillas al p\u00fablico en general....<\/li>\n<\/ul>\n<h3>Jueves 30\/04\/20<\/h3>\n<ul>\n<li><b>Lirio de los valles el 1 de mayo: <\/b>Las florister\u00edas pueden vender lirio de los valles en el exterior de sus tiendas el 1 de mayo.<\/li>\n<li><b>Importar m\u00e1scaras : <\/b>A partir de mediados de mayo, Francia importar\u00e1 de China 150 millones de mascarillas semanales para completar la producci\u00f3n nacional.<\/li>\n<li><b>No aplicar StopCovid antes de mediados de mayo:<\/b> afirma Orange, que participa activamente en el proyecto.<\/li>\n<li><b>\u00bfSu departamento est\u00e1 en rojo o en verde?<\/b> A partir de hoy, el profesor J\u00e9r\u00f4me Salomon anunciar\u00e1 la situaci\u00f3n de cada departamento franc\u00e9s mediante un c\u00f3digo de colores. Este c\u00f3digo de colores ser\u00e1 determinante para definir el nivel de descontaminaci\u00f3n en los pr\u00f3ximos d\u00edas.<\/li>\n<li><b>AlloCovid, el asistente de voz para el diagn\u00f3stico de Covid-19: 0 806 800 540 (servicio gratuito).\u00a0<\/b>Chatea con un robot dotado de inteligencia artificial y averigua, bas\u00e1ndose en los s\u00edntomas descritos, si es probable que seas portador del virus Covid-19. A continuaci\u00f3n, se ofrece el asesoramiento m\u00e9dico adecuado. La plataforma telef\u00f3nica tambi\u00e9n puede identificar las zonas de propagaci\u00f3n de la epidemia, bas\u00e1ndose en el c\u00f3digo postal de la persona que llama.<\/li>\n<\/ul>\n<h3>Mi\u00e9rcoles 29\/04\/20<\/h3>\n<ul>\n<li><b>Cuidado con las estafas: <\/b>\u00a1No! Sant\u00e9 publique France no ofrece kits de contenci\u00f3n gratuitos para la crisis del Covid. Se trata de una estafa destinada a robar tu informaci\u00f3n personal y bancaria. \u00a1No respondas y den\u00fancialo!<\/li>\n<li><b>\u00bfUna vacuna para 2021?<\/b>\u00ab\u00a0<em>Esperamos tener una vacuna en ensayos de fase 1 en los pr\u00f3ximos meses, con vistas a desarrollar una vacuna para el primer trimestre de 2021.<\/em>\u00a0\u00bb Fr\u00e9d\u00e9rique Vidal, Ministra de Ense\u00f1anza Superior, Investigaci\u00f3n e Innovaci\u00f3n.<\/li>\n<li><b>Pregunta pr\u00e1ctica: \u00bflimpiamos como de costumbre en el confinamiento?\u00a0<\/b>Respuestas<br \/>\n<iframe style=\"border: none; overflow: hidden;\" src=\"https:\/\/www.facebook.com\/plugins\/video.php?href=https%3A%2F%2Fwww.facebook.com%2FMinSoliSante%2Fvideos%2F1631055693717277%2F&amp;show_text=0&amp;width=476\" width=\"476\" height=\"476\" frameborder=\"0\" scrolling=\"no\" allowfullscreen=\"allowfullscreen\"><\/iframe><\/li>\n<\/ul>\n<h3>Martes 28\/04\/20<\/h3>\n<ul>\n<li><b>8 cosas que debe recordar del discurso del Primer Ministro ante la Asamblea Nacional :<\/b>\n<ul>\n<li>M\u00e1scaras para todos: \u00ab\u00a0<em>Habr\u00e1 suficientes mascarillas en el pa\u00eds para cubrir las necesidades a partir del 11 de mayo<\/em>\u00a0\u00bb, dice Edouard Philippe.<\/li>\n<li>700.000 pruebas virol\u00f3gicas en mayo: laboratorios p\u00fablicos, privados y veterinarios se sumar\u00e1n al esfuerzo colectivo... pero a\u00fan no las farmacias...<\/li>\n<li>La aplicaci\u00f3n StopCovid sometida a votaci\u00f3n: ya se est\u00e1 debatiendo aunque a\u00fan est\u00e1 en fase de desarrollo, y no se utilizar\u00e1 hasta que se haya debatido y votado\u00ab.\u00ab\u00a0<em>espec\u00edfico<\/em>\u00ab\u00a0.<\/li>\n<li>Mapa de los departamentos: \u00ab\u00a0<em>departamento por departamento, comprobaremos que podremos poner en marcha las operaciones [de desconfinanciaci\u00f3n] el 11 de mayo.<\/em>\u00ab . En funci\u00f3n de tres criterios (tasa de contaminaci\u00f3n, capacidad de cuidados intensivos de los hospitales, sistema local de detecci\u00f3n), se asignar\u00e1 un color a cada departamento, que ser\u00e1 objeto de una descontaminaci\u00f3n m\u00e1s o menos estricta.<\/li>\n<li>Reapertura progresiva de las escuelas: guarder\u00edas y escuelas primarias de forma voluntaria. Centros de secundaria a partir del 18 de mayo en los departamentos menos afectados. La decisi\u00f3n sobre las escuelas secundarias se tomar\u00e1 a finales de mayo.<\/li>\n<li>Caf\u00e9s y restaurantes cerrados al menos hasta el 2 de junio: mientras que otros comercios podr\u00e1n reabrir en determinadas condiciones, los caf\u00e9s y restaurantes tendr\u00e1n que esperar a que se tome una decisi\u00f3n a finales de mayo.<\/li>\n<li>Obligatoriedad del uso de mascarillas en el transporte p\u00fablico: reducci\u00f3n de la capacidad y obligatoriedad del uso de mascarillas en el transporte p\u00fablico, el Gobierno pide precauci\u00f3n.<\/li>\n<li>Retorno progresivo a la vida social: aunque se prev\u00e9 que los museos, teatros y cines permanezcan cerrados por el momento, el Primer Ministro ha anunciado que a partir del 11 de mayo, \u00ab\u00a0<em>volver\u00e1 a ser posible viajar libremente sin certificado, salvo para desplazamientos a m\u00e1s de 100 km del domicilio por razones familiares o profesionales imperiosas<\/em>\u00ab\u00a0<\/li>\n<\/ul>\n<\/li>\n<\/ul>\n<h3>Lunes 27\/04\/20<\/h3>\n<ul>\n<li><b>Mascarillas en farmacias :<\/b> \u00a1es la noticia del fin de semana! A <a href=\"https:\/\/www.legifrance.gouv.fr\/affichTexte.do?cidTexte=JORFTEXT000041821967&amp;categorieLien=id\" target=\"_blank\" rel=\"noopener\">decreto publicado en el Journal Officiel<\/a> autoriza la venta de mascarillas al p\u00fablico en general en las farmacias a partir del lunes 27 de abril, a un precio no superior a 5 euros cada una y disponibles sin receta m\u00e9dica.<\/li>\n<li><b>Plan de desconfinanciaci\u00f3n : <\/b> Edouard Philippe presentar\u00e1 el plan de desconfinanciaci\u00f3n a la Asamblea Nacional ma\u00f1ana martes a las 15.00 horas.<\/li>\n<li><b>\u00bfC\u00f3mo se mantiene ocupado durante el confinamiento? <\/b><br \/>\n<iframe src=\"https:\/\/www.youtube.com\/embed\/6c8y9VC_Mb0\" width=\"560\" height=\"315\" frameborder=\"0\" allowfullscreen=\"allowfullscreen\"><\/iframe><\/li>\n<\/ul>\n<h3>Viernes 24\/04\/20<\/h3>\n<ul>\n<li><b>las mascarillas ser\u00e1n obligatorias en el transporte p\u00fablico<\/b> declar\u00f3 Emmanuel Macron. El Gobierno est\u00e1 organizando la aplicaci\u00f3n de estas medidas, de las que se dar\u00e1n m\u00e1s detalles en los pr\u00f3ximos d\u00edas.<\/li>\n<li><b>Distribuci\u00f3n de m\u00e1scaras a partir del 4 de mayo.<\/b> El Gobierno franc\u00e9s empezar\u00e1 a distribuir mascarillas al p\u00fablico en general a partir del 4 de mayo, y est\u00e1 estudiando varios m\u00e9todos de distribuci\u00f3n.<\/li>\n<li><b>\u00bfC\u00f3mo me lavo las manos correctamente?<\/b> Respuestas en im\u00e1genes.<br \/>\n<iframe style=\"border: none; overflow: hidden;\" src=\"https:\/\/www.facebook.com\/plugins\/video.php?href=https%3A%2F%2Fwww.facebook.com%2FMinSoliSante%2Fvideos%2F2353375764960537%2F&amp;show_text=0&amp;width=476\" width=\"476\" height=\"476\" frameborder=\"0\" scrolling=\"no\" allowfullscreen=\"allowfullscreen\"><\/iframe><\/li>\n<\/ul>\n<h3>Jueves 23\/04\/20<\/h3>\n<ul>\n<li><b>\u00bfC\u00f3mo prepara las comidas actualmente?<\/b> \u00bfC\u00f3mo se preparan las comidas durante el encierro? L\u00e1vate las manos, deja la compra a un lado durante unas horas, prepara bien la comida... He aqu\u00ed algunos consejos.<br \/>\n<iframe src=\"https:\/\/www.youtube.com\/embed\/-mJ650SNcKY\" width=\"560\" height=\"315\" frameborder=\"0\" allowfullscreen=\"allowfullscreen\"><\/iframe><\/li>\n<li><b>COVID-19 comprobaci\u00f3n de hechos por Agence France Presse.<\/b> El nuevo coronavirus est\u00e1 provocando un sinf\u00edn de informaciones falsas en las redes sociales. <a href=\"https:\/\/factuel.afp.com\/le-coronavirus-les-verifications-faites-par-lafp\" target=\"_blank\" rel=\"noopener\">Agence France Presse echa un vistazo a lo que es real y lo que no.<\/a><\/li>\n<\/ul>\n<h3>Mi\u00e9rcoles 22\/04\/20<\/h3>\n<ul>\n<li><b>Diez millones de franceses con jornada reducida.<\/b> As\u00ed lo ha anunciado hoy Muriel Penicaud. Esto representa m\u00e1s de un empleado del sector privado de cada dos. Hay que se\u00f1alar que estos procedimientos de reducci\u00f3n de jornada han contribuido hasta ahora a limitar el aumento de las inscripciones en P\u00f4le emploi en un momento en que la contrataci\u00f3n disminuye.<\/li>\n<li><b>No hay confirmaci\u00f3n de que los caf\u00e9s-bares-restaurantes vayan a reabrir el 15 de junio.<\/b> El sector de la hosteler\u00eda y la restauraci\u00f3n se ha visto duramente afectado por la crisis del COVID-19, con el cierre de numerosos negocios, y tendr\u00e1 que esperar un poco m\u00e1s para ver el final del t\u00fanel y una fecha de reapertura.<\/li>\n<li><b>Producci\u00f3n de m\u00e1scaras :<\/b> En un momento en que llevar mascarilla ser\u00e1 cada vez m\u00e1s necesario, al acercarse la fecha de una posible descontaminaci\u00f3n, decenas de empresas francesas trabajan para suministrar mascarillas al p\u00fablico en general.<br \/>\n<iframe style=\"border: none; overflow: hidden;\" src=\"https:\/\/www.facebook.com\/plugins\/post.php?href=https%3A%2F%2Fwww.facebook.com%2Fgouvernement.fr%2Fposts%2F2973154362779569&amp;width=500\" width=\"500\" height=\"707\" frameborder=\"0\" scrolling=\"no\"><\/iframe><\/li>\n<li><b>\u00bfQu\u00e9 debe hacerse con los residuos contaminados o susceptibles de estar contaminados por el coronavirus?<\/b> Si est\u00e1s enfermo y vives en casa, aqu\u00ed tienes c\u00f3mo deshacerte de tus residuos.<br \/>\n<iframe style=\"border: none; overflow: hidden;\" src=\"https:\/\/www.facebook.com\/plugins\/post.php?href=https%3A%2F%2Fwww.facebook.com%2FMinSoliSante%2Fposts%2F1446075908905588%3A0&amp;width=500\" width=\"500\" height=\"675\" frameborder=\"0\" scrolling=\"no\"><\/iframe><\/li>\n<\/ul>\n<h3>Martes 21\/04\/20<\/h3>\n<ul>\n<li><b>Val\u00e9rie P\u00e9cresse quiere que se mantenga el teletrabajo\u00ab.\u00ab\u00a0<em>al menos hasta el verano<\/em>\u00a0\u00bb :<\/b> Con el fin de respetar las consignas de seguridad, especialmente en los transportes p\u00fablicos despu\u00e9s del 11 de mayo, el Presidente de la Regi\u00f3n \u00cele-de-France pide que se prolongue el teletrabajo al menos hasta el verano, para no sobrecargar los transportes p\u00fablicos y contribuir as\u00ed a que se respeten las distancias de seguridad.<\/li>\n<li><b>Los vuelos no Schengen no se reabrir\u00e1n a partir del 11 de mayo:<\/b> fue el anuncio de la Ministra francesa de Ecolog\u00eda y Transportes, Elisabeth Borne, quien se\u00f1al\u00f3 que \u00ab.\u00ab\u00a0<em>la prioridad es el transporte p\u00fablico para ir a trabajar todos los d\u00edas<\/em>\u00ab\u00a0<\/li>\n<li><b>La OMS pide un levantamiento gradual de la contenci\u00f3n:<\/b> \u00ab\u00a0<em>Las medidas de contenci\u00f3n han demostrado su eficacia, y las poblaciones deben estar preparadas para adaptarse a nuevas formas de vida con el fin de controlar el coronavirus.<\/em>\u00a0\u00bb, dijo el Director Regional de la OMS para el Pac\u00edfico Occidental.<\/li>\n<\/ul>\n<h3>Lunes 20\/04\/20<\/h3>\n<ul>\n<li><b>Tras la larga rueda de prensa del Primer Ministro Edouard Philippe y Olivier Veran, Ministro franc\u00e9s de Solidaridad y Sanidad, he aqu\u00ed 10 puntos que conviene recordar:<\/b>\n<ul>\n<li>\u00ab\u00a0<em>la vida antes<\/em>\u00a0\u00bbno volver\u00e1\u00ab\u00a0<em>probablemente no por mucho tiempo<\/em>\u00a0\u00bb, anunci\u00f3 Edouard Philippe.<\/li>\n<li>Actualmente se est\u00e1 elaborando el plan de desconfinanciaci\u00f3n: el Primer Ministro anunciar\u00e1 los detalles en las pr\u00f3ximas semanas.<\/li>\n<li>EHPAD: \u00a1las visitas pueden reanudarse! Este era un punto importante tanto para los residentes en EHPAD como para sus familias. Las visitas podr\u00e1n reanudarse, pero bajo condiciones muy estrictas, espec\u00edficas para cada EHPAD.<\/li>\n<li>Teletrabajo: debe continuar despu\u00e9s del 11 de mayo. El Primer Ministro invita a todos los trabajadores que han conseguido seguir teletrabajando a que lo hagan.<\/li>\n<li>Reapertura de las escuelas: todo se concretar\u00e1 en los pr\u00f3ximos d\u00edas, pero el Gobierno estudia reabrir las escuelas por zonas y por semiclases.<\/li>\n<li>Reapertura de comercios: para los comercios que puedan reabrir a partir del 11 de mayo, habr\u00e1 instrucciones muy estrictas para que se respeten los gestos de barrera y distanciamiento social, o f\u00edsico como lo ha llamado el Primer Ministro.<\/li>\n<li>17 millones de mascarillas a la semana: ese es el objetivo de producci\u00f3n de Francia a partir del 11 de mayo.<\/li>\n<li>500.000 pruebas a la semana: ese es el objetivo del Gobierno desde el inicio de la descontaminaci\u00f3n.<\/li>\n<li>Viajar al extranjero: \u00ab\u00a0<em>Me temo que no es razonable imaginar viajar lejos al extranjero muy deprisa.<\/em>\u00a0\u00bbdijo Edouard Philippe, en particular porque \u00abno es miembro del Parlamento Europeo\".\u00ab\u00a0<em>No estoy seguro de que el transporte a\u00e9reo pueda reanudarse en buenas condiciones en un futuro pr\u00f3ximo<\/em>\u00ab\u00a0.<\/li>\n<li>\u00ab\u00a0<em>El cumplimiento global de la contenci\u00f3n fue muy satisfactorio<\/em>\u00ab seg\u00fan el Primer Ministro, que no obstante se\u00f1al\u00f3 que las fuerzas del orden hab\u00edan logrado \u00ab\u00a0<em>13,5 millones de controles y m\u00e1s de 800.000 infracciones detectadas<\/em>\u00ab\u00a0.<\/li>\n<\/ul>\n<\/li>\n<\/ul>\n<h3>Viernes 17\/04\/20<\/h3>\n<ul>\n<li><b>\u00bfQu\u00e9 hacer frente al coronavirus? <\/b>Tanto si tienes s\u00edntomas como si no, estas son las cosas que debes hacer <iframe style=\"border: none; overflow: hidden;\" src=\"https:\/\/www.facebook.com\/plugins\/post.php?href=https%3A%2F%2Fwww.facebook.com%2FMinSoliSante%2Fposts%2F1441458496033996%3A0&amp;width=500\" width=\"500\" height=\"530\" frameborder=\"0\" scrolling=\"no\"><\/iframe><\/li>\n<\/ul>\n<h3>Jueves 16\/04\/20<\/h3>\n<ul>\n<li><b>\u00bfPor qu\u00e9 es esencial la contenci\u00f3n en la lucha contra COVID-19? <\/b>Respuesta en v\u00eddeo del Gobierno<iframe style=\"border: none; overflow: hidden;\" src=\"https:\/\/www.facebook.com\/plugins\/video.php?href=https%3A%2F%2Fwww.facebook.com%2Fgouvernement.fr%2Fvideos%2F1405858802934568%2F&amp;show_text=0&amp;width=560\" width=\"560\" height=\"315\" frameborder=\"0\" scrolling=\"no\" allowfullscreen=\"allowfullscreen\"><\/iframe><\/li>\n<li><b>Prima de 500 a 1.500 euros prometida a los cuidadores :<\/b> es lo que el Gobierno ha anunciado para los cuidadores que luchan contra el COVID-19.<\/li>\n<li><b>Se espera que 18 millones de personas permanezcan en sus casas despu\u00e9s del 11 de mayo:<\/b> Al menos, eso es lo que argument\u00f3 ante el Senado el Presidente del Consejo Cient\u00edfico Asesor, Jean-Fran\u00e7ois Delfraissy. Se dirige a los m\u00e1s vulnerables, es decir, los mayores de 65 y 70 a\u00f1os, as\u00ed como a las personas con enfermedades de larga duraci\u00f3n, los j\u00f3venes con dolencias y las personas obesas.<\/li>\n<\/ul>\n<h3>Mi\u00e9rcoles 15\/04\/20<\/h3>\n<ul>\n<li><b>1 mill\u00f3n de casos de COVID-19 en Europa.<\/b> Hasta la fecha, el virus se ha cobrado 124.000 vidas en todo el mundo.<\/li>\n<li><b>Estr\u00e9s durante el confinamiento : <\/b>El confinamiento provocado por la crisis del COVID-19 puede generar estr\u00e9s y ansiedad. Aqu\u00ed tienes algunos consejos pr\u00e1cticos para mejorar tu d\u00eda a d\u00eda.<br \/>\n<iframe style=\"border: none; overflow: hidden;\" src=\"https:\/\/www.facebook.com\/plugins\/video.php?href=https%3A%2F%2Fwww.facebook.com%2Fgouvernement.fr%2Fvideos%2F694016291372217%2F&amp;show_text=0&amp;width=476\" width=\"476\" height=\"476\" frameborder=\"0\" scrolling=\"no\" allowfullscreen=\"allowfullscreen\"><\/iframe><\/li>\n<li><b>\u00bfQu\u00e9 significa inmunidad colectiva?<\/b> Esta infograf\u00eda de Le Parisien permite comprender mejor este concepto <img decoding=\"async\" class=\"size-medium alignleft\" src=\"https:\/\/images.scribblelive.com\/2020\/4\/15\/5e1cb725-e671-4ba8-aca4-b7c8fb004585.jpeg\" alt=\"inmunidad colectiva infograf\u00eda\" width=\"480\" height=\"600\" \/><\/li>\n<\/ul>\n<h3>Martes 14\/04\/20<\/h3>\n<ul>\n<li><b>Pr\u00f3rroga del internamiento hasta el 11 de mayo de 2020:<\/b> Tras su discurso del lunes 13 de abril de 2020, el presidente de la Rep\u00fablica, Emmanuel Macron, indic\u00f3 que el confinamiento estricto se prolongar\u00eda hasta el 11 de mayo.<br \/>\n<iframe style=\"border: none; overflow: hidden;\" src=\"https:\/\/www.facebook.com\/plugins\/video.php?href=https%3A%2F%2Fwww.facebook.com%2FEmmanuelMacron%2Fvideos%2F867488410381622%2F&amp;show_text=0&amp;width=560\" width=\"560\" height=\"315\" frameborder=\"0\" scrolling=\"no\" allowfullscreen=\"allowfullscreen\"><\/iframe><\/li>\n<li><b>Los colegios reabrir\u00e1n gradualmente a partir del 11 de mayo:<\/b>Al mismo tiempo, se anunci\u00f3 que las guarder\u00edas, escuelas primarias, coll\u00e8ges y lyc\u00e9es reabrir\u00edan gradualmente a partir del 11 de mayo. Se espera que las actividades extraescolares se reanuden en septiembre.<\/li>\n<\/ul>\n<h3>Viernes 10\/04\/20<\/h3>\n<ul>\n<li><b>Fin de semana de 3 d\u00edas: \u00a1el confinamiento sigue en vigor!<\/b>\u00a0En v\u00edsperas del fin de semana de Pascua, las fuerzas del orden recuerdan que el confinamiento debe ser respetado por todos en todo el pa\u00eds. Los controles se intensificar\u00e1n para la ocasi\u00f3n. <iframe style=\"border: none; overflow: hidden;\" src=\"https:\/\/www.facebook.com\/plugins\/post.php?href=https%3A%2F%2Fwww.facebook.com%2FPoliceNationale%2Fposts%2F2890221034377353&amp;width=500\" width=\"500\" height=\"472\" frameborder=\"0\" scrolling=\"no\"><\/iframe><\/li>\n<li><b>Los hombres y las personas obesas se ven especialmente afectados.<\/b>En las unidades de cuidados intensivos de Par\u00eds, Londres y Nueva York no deja de surgir la pregunta: \u00bfpor qu\u00e9 Covid-19 parece dirigirse tanto a la poblaci\u00f3n masculina obesa? De momento no hay muchas respuestas.<\/li>\n<li><b>El Presidente de la Rep\u00fablica Francesa, Emmanuel Macron, se re\u00fane con el profesor Didier Raoult<\/b>Emmanuel Macron se reuni\u00f3 con el profesor Raoult, responsable del estudio sobre el tratamiento del coronavirus con un derivado de la cloroquina. Didier Raoult present\u00f3 al Presidente franc\u00e9s un estudio que estima la eficacia de su tratamiento contra el Covid-19 en 91 %.<\/li>\n<\/ul>\n<h3>Jueves 09\/04\/20<\/h3>\n<ul>\n<li><b>Hacia una ampliaci\u00f3n del periodo de confinamiento despu\u00e9s del 15 de abril :<\/b>\u00a0El gobierno ha anunciado que el confinamiento se prolongar\u00e1 m\u00e1s all\u00e1 del 15 de abril. El Presidente de la Rep\u00fablica intervendr\u00e1 el lunes 13 de abril para hacer balance de la situaci\u00f3n y anunciar\u00e1 sin duda las medidas que seguir\u00e1n a la pr\u00f3rroga del confinamiento.<\/li>\n<li><b>Medidas de contenci\u00f3n m\u00e1s estrictas :<\/b>\u00a0Al mismo tiempo, ya se est\u00e1n aplicando algunas medidas para reforzar el confinamiento, sobre todo en Par\u00eds, donde toda actividad f\u00edsica individual al aire libre est\u00e1 prohibida entre las 10h y las 19h. Los primeros resultados tienden a mostrar un pico en el n\u00famero de personas que salen despu\u00e9s de las 7 de la tarde... Por lo tanto, podr\u00eda plantearse un reajuste.<\/li>\n<\/ul>\n<h3>mi\u00e9rcoles 08\/04\/20<\/h3>\n<ul>\n<li><b>Actividad f\u00edsica en casa :<\/b>\u00a0El gobierno ha creado una serie de v\u00eddeos sobre la vida cotidiana en el confinamiento. El episodio 3 trata de la actividad f\u00edsica en casa. Tambi\u00e9n puede consultar los v\u00eddeos de <b><a class=\"color1\" href=\"\/es\/conseils\/conseils-et-actus\/deporte-en-casa\/\" target=\"_blank\" rel=\"noopener\">deporte en casa<\/a><\/b> <iframe src=\"https:\/\/www.youtube.com\/embed\/9jRX8lfGj1M\" width=\"560\" height=\"315\" frameborder=\"0\" allowfullscreen=\"allowfullscreen\"><\/iframe><\/li>\n<li><b>El n\u00famero de muertos en Francia ha superado la barrera de los 10.000:<\/b> El COVID-19 se ha cobrado m\u00e1s de 10.000 v\u00edctimas en Francia, de un total de m\u00e1s de 78.000 casos confirmados. En todo el mundo, el n\u00famero de v\u00edctimas se estima actualmente en unas 80.000.<\/li>\n<\/ul>\n<h3>Martes 07\/04\/20<\/h3>\n<ul>\n<li><b>\u00bfHacia las m\u00e1scaras obligatorias?<\/b>\u00a0La postura del gobierno y los pol\u00edticos tiende a evolucionar en lo que respecta al uso de mascarillas para todos. Algunas ciudades se est\u00e1n adelantando, como Niza y Cannes, que han anunciado que en los pr\u00f3ximos d\u00edas ser\u00e1 obligatorio llevar m\u00e1scaras en la v\u00eda p\u00fablica. En cuanto a la cuesti\u00f3n de proporcionar estas m\u00e1scaras al p\u00fablico, el alcalde de Niza, Christian Estrosi, ha indicado que \u00ab\u00a0<em>en un plazo de 8 a 10 d\u00edas distribuiremos a todos los habitantes de Niza una mascarilla lavable que podr\u00e1 reutilizarse durante un mes<\/em>\u00ab\u00a0.<\/li>\n<\/ul>\n<h3>Lunes 06\/04\/20<\/h3>\n<ul>\n<li><b><a class=\"color1\" href=\"https:\/\/media.interieur.gouv.fr\/deplacement-covid-19\/\" target=\"_blank\" rel=\"noopener\">Certificado digital m\u00f3vil de viaje<\/a> :<\/b>\u00a0Ya puede rellenar su certificado desde el m\u00f3vil. Su formulario generar\u00e1 un QRCode que tendr\u00e1 que presentar cuando le paren. As\u00ed, adem\u00e1s de facilitar la cumplimentaci\u00f3n diaria de los permisos de salida, se ahorra una cantidad considerable de papel y se pueden realizar controles sin contacto. (La polic\u00eda podr\u00e1 escanear el QRCode de su certificado sin tocar su tel\u00e9fono).<\/li>\n<\/ul>\n<h3>Viernes 03\/04\/20<\/h3>\n<ul>\n<li><b><a class=\"color1\" href=\"https:\/\/www.gouvernement.fr\/sites\/default\/files\/contenu\/piece-jointe\/2020\/03\/attestation-deplacement-falc.pdf\" target=\"_blank\" rel=\"noopener\">Certificado de viaje simplificado para discapacitados<\/a> :<\/b>\u00a0El gobierno ha introducido un certificado de viaje muy simplificado para ayudar a las personas con dificultades de aprendizaje a comprender y cumplimentar su certificado de salida.<\/li>\n<li><b>Certificado de movimiento despectivo en el m\u00f3vil :<\/b> El tan esperado certificado digital m\u00f3vil deber\u00eda estar disponible a partir del lunes 6 de abril.<\/li>\n<li><b>Los ex\u00e1menes no tendr\u00e1n lugar:<\/b> El Ministro de Educaci\u00f3n ha anunciado que todos los ex\u00e1menes escritos de fin de curso, desde el brevet hasta el bac, quedar\u00e1n exentos y, por tanto, ser\u00e1n objeto de una evaluaci\u00f3n continua.<\/li>\n<\/ul>\n<h3>Jueves 02\/04\/20<\/h3>\n<ul>\n<li><b>Reclusi\u00f3n de autistas :<\/b>\u00a0El presidente franc\u00e9s, Emmanuel Macron, ha anunciado que los ciudadanos franceses autistas ser\u00e1n confinados en sus casas, lo que les permitir\u00e1 salir \u00abun poco m\u00e1s a menudo\u00bb a lugares que acostumbran a visitar, \u00abdonde pueden encontrar tranquilidad\u00bb.<br \/>\n<iframe style=\"border: none; overflow: hidden;\" src=\"https:\/\/www.facebook.com\/plugins\/video.php?href=https%3A%2F%2Fwww.facebook.com%2FEmmanuelMacron%2Fvideos%2F646470916140440%2F&amp;show_text=0&amp;width=560\" width=\"560\" height=\"315\" frameborder=\"0\" scrolling=\"no\" allowfullscreen=\"allowfullscreen\"><\/iframe><\/li>\n<li><b>Toque de queda en Guadalupe y Martinica :<\/b> Para hacer cumplir las medidas de contenci\u00f3n en estos departamentos de ultramar, los prefectos que gobiernan estos territorios han puesto a la poblaci\u00f3n bajo toque de queda de 10 de la noche a 5 de la ma\u00f1ana.<\/li>\n<li><b>Fin del confinamiento por etapas:<\/b> En un discurso ante la Asamblea Nacional francesa, el Primer Ministro Edouard Philippe anunci\u00f3 que la desconfinanciaci\u00f3n probablemente no se llevar\u00eda a cabo \u00abde golpe, en todas partes y para todos\u00bb.<\/li>\n<\/ul>\n<h3>Mi\u00e9rcoles 01\/04\/20<\/h3>\n<ul>\n<li><a class=\"color1\" href=\"https:\/\/aide.laposte.fr\/categorie\/covid-19\/la-poste-courrier-et-colis\/\" target=\"_blank\" rel=\"noopener\"><b>Operaci\u00f3n de LaPoste durante un periodo de reclusi\u00f3n<\/b><\/a>\u00a0Las rondas de reparto de correo, paquetes y peri\u00f3dicos se efectuar\u00e1n los mi\u00e9rcoles, jueves y viernes. Esto podr\u00e1 ajustarse para tener en cuenta las circunstancias locales y los cambios que se produzcan en las mismas. <a class=\"color1\" href=\"https:\/\/aide.laposte.fr\/categorie\/covid-19\/la-poste-courrier-et-colis\/\" target=\"_blank\" rel=\"noopener\">Para encontrar toda la informaci\u00f3n sobre LaPoste y, en particular, sobre las oficinas abiertas, pulse aqu\u00ed.<\/a><\/li>\n<li><b><a class=\"color1\" href=\"https:\/\/www.impots.gouv.fr\/portail\/node\/13475\" target=\"_blank\" rel=\"noopener\">Declaraci\u00f3n de la renta en 2020<\/a>\u00a0:\u00a0<\/b>Si no se beneficia de la declaraci\u00f3n autom\u00e1tica este a\u00f1o, debido a la situaci\u00f3n excepcional, se ha ajustado el calendario de presentaci\u00f3n de las declaraciones fiscales.<br \/>\n<b>Para declaraciones en l\u00ednea :\u00a0<\/b>El servicio de declaraci\u00f3n en l\u00ednea estar\u00e1 abierto desde el lunes 20 de abril hasta las siguientes fechas l\u00edmite establecidas por departamento: departamentos 01 a 19: jueves 4 de junio de 2020 a las 23:59 horas; departamentos 20 a 54: lunes 8 de junio de 2020 a las 23:59 horas; departamentos 55 a 976: jueves 11 de junio de 2020 a las 23:59 horas.<br \/>\n<b>Para devoluciones en papel :<\/b>\u00a0A menos que no disponga de conexi\u00f3n a Internet o no se considere capaz de hacerlo, debe presentar su declaraci\u00f3n de la renta por Internet. En vista de la situaci\u00f3n, se invita a todos los usuarios que puedan hacerlo a presentar sus declaraciones de la renta por Internet. Recepci\u00f3n de declaraciones en papel (solo para contribuyentes que presentaron declaraciones en papel en 2019): desde el 20 de abril de 2020 hasta mediados de mayo (dependiendo del servicio postal). La fecha l\u00edmite es el viernes 12 de junio a las 23:59.<\/li>\n<\/ul>\n<h3>Martes 31\/03\/2020<\/h3>\n<ul>\n<li><b>Violencia dom\u00e9stica: dar la alarma en las farmacias.\u00a0<\/b>El aumento en 30 % de los casos de violencia dom\u00e9stica desde el inicio del encierro ha llevado al Ministerio del Interior, en colaboraci\u00f3n con el Colegio de Farmac\u00e9uticos, a poner en marcha un sistema de alerta en las farmacias. En la pr\u00e1ctica, esto significa que una mujer puede dar la alarma en una farmacia si puede llegar sin su marido. Y si va acompa\u00f1ada, se puede utilizar un sistema de c\u00f3digos para transmitir su mensaje de alerta. El Ministro del Interior se refiri\u00f3 en particular a la palabra clave de alerta \u00abMasque 19\u00bb. <a class=\"color1\" href=\"https:\/\/arretonslesviolences.gouv.fr\/\" target=\"_blank\" rel=\"noopener\"><b>Recordatorio: 3919 es el n\u00famero de escucha, informaci\u00f3n y orientaci\u00f3n para mujeres v\u00edctimas de violencia. Tambi\u00e9n se puede enviar un mensaje de alerta por SMS al 114.<\/b><\/a><\/li>\n<li><b>Violencia contra los ni\u00f1os :<\/b>\u00a0Durante este periodo de reclusi\u00f3n, los ni\u00f1os tambi\u00e9n son v\u00edctimas potenciales de la violencia. Por eso el gobierno publica un v\u00eddeo de sensibilizaci\u00f3n para proteger a los ni\u00f1os en situaci\u00f3n de riesgo. <iframe style=\"border: none; overflow: hidden;\" src=\"https:\/\/www.facebook.com\/plugins\/video.php?href=https%3A%2F%2Fwww.facebook.com%2FMinSoliSante%2Fvideos%2F254926235529066%2F&amp;show_text=0&amp;width=560\" width=\"560\" height=\"315\" frameborder=\"0\" scrolling=\"no\" allowfullscreen=\"allowfullscreen\"><\/iframe><\/li>\n<li><b>Suministro de m\u00e1scaras :\u00a0<\/b>Se ha puesto en marcha un puente a\u00e9reo para garantizar la entrega de mascarillas desde China: un primer env\u00edo de 8 millones de mascarillas lleg\u00f3 el lunes por la tarde. Esta semana est\u00e1 previsto un segundo vuelo para entregar otros 13 millones de mascarillas.<\/li>\n<\/ul>\n<h3>Lunes 30\/03\/2020<\/h3>\n<ul>\n<li><b><b>cambios en las multas por incumplimiento de los requisitos de contenci\u00f3n<\/b><\/b><b><img loading=\"lazy\" decoding=\"async\" class=\"alignnone wp-image-3127\" src=\"https:\/\/www.itekpharma.com\/wp-content\/uploads\/2020\/03\/EUSCmpfXsAApx04.jpg\" alt=\"multas por coronavirus\" width=\"600\" height=\"338\" \/><\/b><\/li>\n<li><b>Descubra las reglas que debe adoptar a la hora de comprar <a class=\"color1\" href=\"https:\/\/files.dwalp.org\/upload\/userfiles\/WEB_SOC_-_Bonne_pratique_Corona_Covid-A4_Plan_de_travail_1.jpg\" target=\"_blank\" rel=\"noopener\">haciendo clic aqu\u00ed<\/a><\/b><\/li>\n<li><b>Un respirador artificial desarrollado por ingenieros de la escuder\u00eda Mercedes de F\u00f3rmula 1<\/b>. Ingenieros de la escuder\u00eda Mercedes de F\u00f3rmula 1 han desarrollado un respirador artificial para pacientes con Covid-19. Estos dispositivos se probar\u00e1n en hospitales brit\u00e1nicos.<\/li>\n<li><b>Escasez de alimentos:\u00a0<\/b>\u00abHoy no hay escasez en los grandes almacenes ni en las tiendas de alimentaci\u00f3n\u00bb, declar\u00f3 el Ministro de Econom\u00eda, Bruno Le Marie.<\/li>\n<li><b>La ARS advierte contra la automedicaci\u00f3n con hidroxicloroquina<\/b> Toxicidad cardiaca: \u00abSe han notificado casos de toxicidad cardiaca [...] tras la automedicaci\u00f3n [...] con hidroxicloroquina ante s\u00edntomas sugestivos de Covid-19, que a veces han necesitado hospitalizaci\u00f3n en cuidados intensivos\u00bb, afirma la Agence r\u00e9gionale de sant\u00e9 de la Nouvelle-Aquitaine en un comunicado. <a class=\"color1\" href=\"https:\/\/www.nouvelle-aquitaine.ars.sante.fr\/communique-de-presse-coronavirus-point-de-situation-en-nouvelle-aquitaine-du-29032020\" target=\"_blank\" rel=\"noopener\">comunicado de prensa<\/a>.<\/li>\n<\/ul>\n<h3>Viernes 27\/03\/2020<\/h3>\n<ul>\n<li><b>Contenci\u00f3n renovada hasta el 15 de abril:<\/b>\u00a0anunci\u00f3 el Primer Ministro Edouard Philippe. \u00abEste periodo podr\u00e1 prorrogarse si la situaci\u00f3n sanitaria lo requiere\u00bb, declar\u00f3 Edouard Philippe al t\u00e9rmino del Consejo de Ministros.<\/li>\n<li><b><a class=\"color1\" href=\"https:\/\/www.legifrance.gouv.fr\/affichTexte.do;jsessionid=DFB679D8DF43FC756CD6CDB0C00449CD.tplgfr30s_3?cidTexte=JORFTEXT000041755775&amp;dateTexte&amp;oldAction=rechJO&amp;categorieLien=id&amp;idJO=JORFCONT000041755510&amp;fbclid=IwAR0N0YPuRS-MbhSgEtYbj2A_WWbH0wjwCQMZuBDrbpgJ4TtDRcs11MOnp-0\" target=\"_blank\" rel=\"noopener\">Hidroxicloroquina autorizada<\/a> : <\/b>En un decreto publicado en el Journal Officiel el jueves 26 de marzo, el Gobierno ha autorizado la prescripci\u00f3n de hidroxicloroquina a los pacientes que padecen covid-19.<\/li>\n<li><b><a class=\"color1\" href=\"http:\/\/tr.asp2075.espmp-nifr.net\/do?157580A6C6C528BE91B180E358410B8974905145B2B388FCF8AA48104CD6F3EFA178349F04B2CA910E3B97830DB9BF220FF473450EB2B08845A9BEFC8B749777BCDF743185270235D039F15B16D81530\" target=\"_blank\" rel=\"noopener\">Bolet\u00edn de servicio p\u00fablico<\/a> <\/b>Descubra la informaci\u00f3n oficial m\u00e1s reciente sobre COVID-19 y la vida en confinamiento en el bolet\u00edn de servicio p\u00fablico. En particular, encontrar\u00e1 la <a class=\"color1\" href=\"https:\/\/www.service-public.fr\/particuliers\/actualites\/A13959?xtor=EPR-100\" target=\"_blank\" rel=\"noopener\">Preguntas frecuentes oficiales sobre Coronarivus<\/a>.<\/li>\n<\/ul>\n<h3>Jueves 26\/03\/2020<\/h3>\n<ul>\n<li><b><a class=\"color1\" href=\"https:\/\/www.renfort-covid.fr\/\" target=\"_blank\" rel=\"noopener\">Solicitud de profesionales sanitarios adicionales : <\/a><\/b>En los \u00faltimos d\u00edas, varias Agencias Regionales de Salud han hecho un llamamiento a estudiantes y profesionales en activo y jubilados para que ayuden a reforzar los equipos de profesionales sanitarios que trabajan en la lucha contra el COVID-19. Los voluntarios pueden darse a conocer a trav\u00e9s de esta plataforma: <strong><a class=\"color1\" href=\"https:\/\/www.renfort-covid.fr\/\" target=\"_blank\" rel=\"noopener\">renfort-covid.fr<\/a><\/strong><\/li>\n<\/ul>\n<h3>Mi\u00e9rcoles 25\/03\/2020<\/h3>\n<ul>\n<li><strong><a class=\"color1\" href=\"https:\/\/www.gouvernement.fr\/sites\/default\/files\/contenu\/piece-jointe\/2020\/03\/attestation-deplacement-fr-20200324.pdf\" target=\"_blank\" rel=\"noopener\">Nuevo certificado de exenci\u00f3n<\/a> : <\/strong>Tras el endurecimiento de las normas de internamiento, se ha modificado el certificado de salida derogatorio. Ahora hay que a\u00f1adir la hora de la baja y se han modificado y a\u00f1adido los motivos de la misma. <a class=\"color1\" href=\"https:\/\/www.gouvernement.fr\/sites\/default\/files\/contenu\/piece-jointe\/2020\/03\/attestation-deplacement-fr-20200324.pdf\" target=\"_blank\" rel=\"noopener\">V\u00e9alo aqu\u00ed.<\/a><\/li>\n<li><strong><a class=\"color1\" href=\"https:\/\/www.geoportail.gouv.fr\/carte\" target=\"_blank\" rel=\"noopener\">Una herramienta en l\u00ednea<\/a> <\/strong>facilita la identificaci\u00f3n del radio de un kil\u00f3metro alrededor del domicilio para las salidas o actividades deportivas de los ni\u00f1os. He aqu\u00ed las condiciones mencionadas en el nuevo certificado:<br \/>\n<em><em>Desplazamientos cortos de hasta una hora al d\u00eda en un radio m\u00e1ximo de un kil\u00f3metro del domicilio, relacionados bien con la actividad f\u00edsica del individuo, con exclusi\u00f3n de cualquier actividad deportiva en grupo y de cualquier proximidad a otras personas, bien con el paseo \u00fanicamente con personas agrupadas en el mismo domicilio, bien con las necesidades de los animales de compa\u00f1\u00eda.<br \/>\n<\/em><\/em><strong><a class=\"color1\" href=\"https:\/\/www.geoportail.gouv.fr\/carte\" target=\"_blank\" rel=\"noopener\">Para utilizar esta herramienta en l\u00ednea<\/a> : <\/strong>Una vez en el mapa, haz clic en la rueda de la parte superior derecha. A continuaci\u00f3n, haz clic en la pesta\u00f1a de mediciones y, debajo, en \u00abcalcular una is\u00f3crona\u00bb. Introduce tu direcci\u00f3n, luego marca isodistancia junto al cron\u00f3metro azul. Justo debajo, en la ventana \u00abdistancia\u00bb, introduce 1 km. Y en la parte inferior, haz clic en calcular. Ahora tienes un mapa preciso de las rutas que puedes seguir si necesitas salir de casa.<\/li>\n<\/ul>\n<h3>Martes 24\/03\/2020<\/h3>\n<ul>\n<li><strong><a class=\"color1\" style=\"text-decoration: none;\" href=\"https:\/\/maladiecoronavirus.fr\/\" target=\"_blank\" rel=\"noopener\">Normas de contenci\u00f3n m\u00e1s estrictas :<br \/>\n<\/a><\/strong>Los paseos infantiles o deportivos deben realizarse en un radio de 1 km del domicilio, durante un m\u00e1ximo de 1 hora y en solitario. Tambi\u00e9n deber\u00e1 anotar la hora en la declaraci\u00f3n jurada que debe redactar para cada salida.<br \/>\nCierre de los mercados abiertos (con excepciones en los pueblos donde \u00e9sta sea la \u00fanica fuente de abastecimiento, por ejemplo).<br \/>\nLos viajes por motivos m\u00e9dicos s\u00f3lo deben ser para una urgencia o una cita con el m\u00e9dico. Cualquier otro desplazamiento puede dar lugar a una multa.<\/li>\n<\/ul>\n<h3>Lunes 23\/03\/2020<\/h3>\n<ul>\n<li><strong><a class=\"color1\" style=\"text-decoration: none;\" href=\"https:\/\/maladiecoronavirus.fr\/\" target=\"_blank\" rel=\"noopener\">Prueba del coronavirus :<br \/>\n<\/a><\/strong>\u00bfC\u00f3mo s\u00e9 si tengo el coronavirus? Compruebe sus s\u00edntomas en este sitio web proporcionado por el Gobierno: <a class=\"color1\" style=\"text-decoration: none;\" href=\"https:\/\/maladiecoronavirus.fr\/\" target=\"_blank\" rel=\"noopener\">https:\/\/maladiecoronavirus.fr\/<br \/>\n<\/a>Advertencia: esta prueba no es un diagn\u00f3stico m\u00e9dico. Si tiene dudas o s\u00edntomas persistentes, consulte a su m\u00e9dico de cabecera.<\/li>\n<\/ul>\n<h3>Viernes 20\/03\/2020<\/h3>\n<ul>\n<li><strong><a class=\"color1\" style=\"text-decoration: none;\" href=\"http:\/\/tr.asp2075.espmp-nifr.net\/do?A7B3ECCF608940A67ABC9F4B36EEF2329116AD09490CD96C9BD47E2D7B3EAF5F7D159532A3B2A3376503C05D783D056E2AF79DE0A0835750D85D71965B55483C117CBBFB4C93AE8E32926CADFC06158C\" target=\"_blank\" rel=\"noopener\">La nueva carta de servicio p\u00fablico<\/a><\/strong> Mant\u00e9ngase al d\u00eda de todas las novedades de Covid-19.<\/li>\n<li>Procedimiento de entrega a domicilio<\/li>\n<li>Para cumplir con las medidas adoptadas por el gobierno :\n<ul>\n<li>Se dar\u00e1 prioridad a las entregas en los buzones est\u00e1ndar del destinatario. Se recomienda a los remitentes que optimicen el tama\u00f1o de sus paquetes para facilitar al m\u00e1ximo este tipo de entrega.<\/li>\n<li>En el caso de las entregas que no quepan en un buz\u00f3n est\u00e1ndar, el repartidor informar\u00e1 al cliente o a la persona designada de su llegada (llamando a la puerta o llamando por tel\u00e9fono).<\/li>\n<li>El repartidor coloca el paquete en la puerta e inmediatamente se aleja al menos 1 metro de la puerta antes de que el cliente la abra.<\/li>\n<li>Puede dejar el paquete en la puerta o comprobar a distancia que el cliente lo ha recibido. No obtiene la firma manuscrita del cliente.<\/li>\n<li>El objetivo es no estar en estrecho contacto y, en particular, no pasarse el paquete de mano en mano.<\/li>\n<\/ul>\n<\/li>\n<\/ul>\n<h3>Jueves 19\/03\/20<\/h3>\n<ul>\n<li><strong>Nuevas recomendaciones del Ministro de Deportes: \u00a1mantente activo! <\/strong><a class=\"color1\" style=\"text-decoration: none;\" href=\"http:\/\/sports.gouv.fr\/accueil-du-site\/actualites\/article\/avec-le-ministere-des-sports-faire-du-sport-chez-soi-c-est-facile\" target=\"_blank\" rel=\"noopener\"><span style=\"border: none; width: 512px; height: 288px;\"><img loading=\"lazy\" decoding=\"async\" style=\"margin-left: auto; margin-top: 0px; margin-right: auto;\" src=\"https:\/\/lh4.googleusercontent.com\/gNEQoNp3lq9W8Ix0LnDCrCT8bD_zUKTSmqUiObL9obgvOaI8D1Z0ACmmTdAYWzict3DMoVABuzThH0RZgvDS8wkvvcaU3Gau2VDCzAMONZe2CoIHqdbgbNnHY3rbzHlX2gEERCi_\" alt=\"\" width=\"512\" height=\"288\" \/><\/span><\/a>Estas actividades f\u00edsicas siguen estando sujetas a la normativa vigente durante este periodo de reclusi\u00f3n. Se recomienda un footing de \u00ab1 a 2 km como m\u00e1ximo cerca de casa\u00bb, seg\u00fan el Ministerio de Deportes, as\u00ed como un m\u00ednimo de 1 hora de ejercicio al d\u00eda para ni\u00f1os y adolescentes, y 30 minutos al d\u00eda para adultos.<a class=\"color1\" style=\"text-decoration: none;\" href=\"http:\/\/sports.gouv.fr\/accueil-du-site\/actualites\/article\/avec-le-ministere-des-sports-faire-du-sport-chez-soi-c-est-facile\" target=\"_blank\" rel=\"noopener\">#BougezChezVous <\/a><span style=\"border: none; width: 346px; height: 369px;\"><img loading=\"lazy\" decoding=\"async\" style=\"margin-left: auto; margin-top: 0px; margin-right: auto;\" src=\"https:\/\/lh5.googleusercontent.com\/PKCpO4acgm2nKw64SJroGMsB0u9meGmWH1jPXMaysJIol3QyK6-SBO_GxUBYa3aSxHEn6-Hy5bR4BFSlMnaOs_WkVMuCfryS8uecV6-VbUI_cEjzkJJ05QfTtdePzvwMiu7qgFeH\" alt=\"\" width=\"346\" height=\"369\" \/><\/span><\/li>\n<\/ul>\n<h3>Mi\u00e9rcoles 18\/03\/20<\/h3>\n<ul>\n<li>Aumenta a 135 euros la multa por incumplimiento de la obligaci\u00f3n de confinamiento<\/li>\n<li>2 opciones para <a class=\"color1\" style=\"text-decoration: none;\" href=\"https:\/\/www.gouvernement.fr\/sites\/default\/files\/contenu\/piece-jointe\/2020\/03\/attestation_de_deplacement_derogatoire.pdf\" target=\"_blank\" rel=\"noopener\">certificado de viaje<\/a> :\n<ol>\n<li>Imprima y rellene el documento<\/li>\n<li>Copiar el documento a mano<\/li>\n<\/ol>\n<\/li>\n<li>El paracetamol, el ibuprofeno y la aspirina estar\u00e1n racionados en las farmacias y suspendidos en Internet a partir de este mi\u00e9rcoles, seg\u00fan ha anunciado la Agencia Nacional del Medicamento francesa \u00abpara garantizar (su) disponibilidad\u00bb.\u00bb<\/li>\n<li>S\u00f3lo una caja por persona en ausencia de s\u00edntomas, y dos en caso de dolor o fiebre en la farmacia.<\/li>\n<li>Se ha suspendido la venta en l\u00ednea de \u00abparacetamol, ibuprofeno y medicamentos a base de aspirina\u00bb.<\/li>\n<li>Para aliviar la carga de trabajo de los m\u00e9dicos de cabecera, desbordados por la epidemia de coronavirus, se autoriza excepcionalmente a las farmacias a aceptar recetas caducadas hasta el 31\/05\/2020.<\/li>\n<\/ul>\n<h3>Martes 17\/03\/20<\/h3>\n<ul>\n<li>Se han establecido medidas de contenci\u00f3n en toda Francia a partir de las 12.00 horas del martes 17 de marzo, durante un m\u00ednimo de dos semanas. Se proh\u00edbe viajar salvo en determinados casos, y \u00fanicamente con certificado.<\/li>\n<\/ul>\n<\/div>","protected":false},"excerpt":{"rendered":"<p>&nbsp; L\u2019essentiel Informations Coronavirus : Suivez l&rsquo;\u00e9volution du COVID-19 en France depuis cette carte cas confirm\u00e9s, hospitalisations, r\u00e9animations, retours \u00e0 domicile et d\u00e9c\u00e8s \u00e0 l&rsquo;h\u00f4pital, les chiffres officiels tous les jours. Lundi 11\/05\/20 Premier jour de d\u00e9confinement en France ! Tous les commerces (sauf bar, restaurants) ont rouvert ce matin, en respectants gestes barri\u00e8res et [&hellip;]<\/p>","protected":false},"featured_media":8613,"template":"","categories":[45],"class_list":["post-8612","itek-infos","type-itek-infos","status-publish","has-post-thumbnail","hentry","category-blog"],"acf":[],"yoast_head":"<!-- This site is optimized with the Yoast SEO plugin v26.6 - https:\/\/yoast.com\/wordpress\/plugins\/seo\/ -->\n<title>Itekpharma | Guide Coronavirus pour les Pharmaciens<\/title>\n<meta name=\"description\" content=\"Informations et protocoles COVID-19 pour les pharmacies. Guide complet pour la gestion de la crise sanitaire\" \/>\n<meta name=\"robots\" content=\"index, follow, max-snippet:-1, max-image-preview:large, max-video-preview:-1\" \/>\n<link rel=\"canonical\" href=\"https:\/\/www.itekpharma.com\/es\/informacion\/guia-de-farmacia-sobre-coronavirus\/\" \/>\n<meta property=\"og:locale\" content=\"es_ES\" \/>\n<meta property=\"og:type\" content=\"article\" \/>\n<meta property=\"og:title\" content=\"Itekpharma | Guide Coronavirus pour les Pharmaciens\" \/>\n<meta property=\"og:description\" content=\"Informations et protocoles COVID-19 pour les pharmacies. Guide complet pour la gestion de la crise sanitaire\" \/>\n<meta property=\"og:url\" content=\"https:\/\/www.itekpharma.com\/es\/informacion\/guia-de-farmacia-sobre-coronavirus\/\" \/>\n<meta property=\"og:site_name\" content=\"Itekpharma | Expert e-commerce pharmacies &amp; laboratoires depuis 2005\" \/>\n<meta property=\"article:modified_time\" content=\"2024-12-26T14:29:27+00:00\" \/>\n<meta property=\"og:image\" content=\"https:\/\/www.itekpharma.com\/wp-content\/uploads\/2020\/03\/jour-coronavirus.jpg\" \/>\n\t<meta property=\"og:image:width\" content=\"1920\" \/>\n\t<meta property=\"og:image:height\" content=\"890\" \/>\n\t<meta property=\"og:image:type\" content=\"image\/jpeg\" \/>\n<meta name=\"twitter:card\" content=\"summary_large_image\" \/>\n<meta name=\"twitter:label1\" content=\"Tiempo de lectura\" \/>\n\t<meta name=\"twitter:data1\" content=\"25 minutos\" \/>\n<script type=\"application\/ld+json\" class=\"yoast-schema-graph\">{\"@context\":\"https:\/\/schema.org\",\"@graph\":[{\"@type\":\"WebPage\",\"@id\":\"https:\/\/www.itekpharma.com\/itek-infos\/guide-coronavirus-pharmacie\/\",\"url\":\"https:\/\/www.itekpharma.com\/itek-infos\/guide-coronavirus-pharmacie\/\",\"name\":\"Itekpharma | Guide Coronavirus pour les Pharmaciens\",\"isPartOf\":{\"@id\":\"https:\/\/www.itekpharma.com\/#website\"},\"primaryImageOfPage\":{\"@id\":\"https:\/\/www.itekpharma.com\/itek-infos\/guide-coronavirus-pharmacie\/#primaryimage\"},\"image\":{\"@id\":\"https:\/\/www.itekpharma.com\/itek-infos\/guide-coronavirus-pharmacie\/#primaryimage\"},\"thumbnailUrl\":\"https:\/\/www.itekpharma.com\/wp-content\/uploads\/2020\/03\/jour-coronavirus.jpg\",\"datePublished\":\"2020-03-19T14:20:14+00:00\",\"dateModified\":\"2024-12-26T14:29:27+00:00\",\"description\":\"Informations et protocoles COVID-19 pour les pharmacies. Guide complet pour la gestion de la crise sanitaire\",\"breadcrumb\":{\"@id\":\"https:\/\/www.itekpharma.com\/itek-infos\/guide-coronavirus-pharmacie\/#breadcrumb\"},\"inLanguage\":\"es\",\"potentialAction\":[{\"@type\":\"ReadAction\",\"target\":[\"https:\/\/www.itekpharma.com\/itek-infos\/guide-coronavirus-pharmacie\/\"]}]},{\"@type\":\"ImageObject\",\"inLanguage\":\"es\",\"@id\":\"https:\/\/www.itekpharma.com\/itek-infos\/guide-coronavirus-pharmacie\/#primaryimage\",\"url\":\"https:\/\/www.itekpharma.com\/wp-content\/uploads\/2020\/03\/jour-coronavirus.jpg\",\"contentUrl\":\"https:\/\/www.itekpharma.com\/wp-content\/uploads\/2020\/03\/jour-coronavirus.jpg\",\"width\":1920,\"height\":890},{\"@type\":\"BreadcrumbList\",\"@id\":\"https:\/\/www.itekpharma.com\/itek-infos\/guide-coronavirus-pharmacie\/#breadcrumb\",\"itemListElement\":[{\"@type\":\"ListItem\",\"position\":1,\"name\":\"Accueil\",\"item\":\"https:\/\/www.itekpharma.com\/\"},{\"@type\":\"ListItem\",\"position\":2,\"name\":\"ITEK INFOS\",\"item\":\"https:\/\/www.itekpharma.com\/itek-infos\/\"},{\"@type\":\"ListItem\",\"position\":3,\"name\":\"Itekpharma | Guide Coronavirus pour les Pharmaciens\"}]},{\"@type\":\"WebSite\",\"@id\":\"https:\/\/www.itekpharma.com\/#website\",\"url\":\"https:\/\/www.itekpharma.com\/\",\"name\":\"Itekpharma | Expert e-commerce pharmacies &amp; laboratoires depuis 2005\",\"description\":\"L&#039;expertise e-commerce au service de votre sant\u00e9\",\"publisher\":{\"@id\":\"https:\/\/www.itekpharma.com\/#organization\"},\"potentialAction\":[{\"@type\":\"SearchAction\",\"target\":{\"@type\":\"EntryPoint\",\"urlTemplate\":\"https:\/\/www.itekpharma.com\/?s={search_term_string}\"},\"query-input\":{\"@type\":\"PropertyValueSpecification\",\"valueRequired\":true,\"valueName\":\"search_term_string\"}}],\"inLanguage\":\"es\"},{\"@type\":\"Organization\",\"@id\":\"https:\/\/www.itekpharma.com\/#organization\",\"name\":\"Itekpharma | Expert e-commerce pharmacies &amp; laboratoires depuis 2005\",\"url\":\"https:\/\/www.itekpharma.com\/\",\"logo\":{\"@type\":\"ImageObject\",\"inLanguage\":\"es\",\"@id\":\"https:\/\/www.itekpharma.com\/#\/schema\/logo\/image\/\",\"url\":\"https:\/\/www.itekpharma.com\/wp-content\/uploads\/2022\/09\/logo-header.png\",\"contentUrl\":\"https:\/\/www.itekpharma.com\/wp-content\/uploads\/2022\/09\/logo-header.png\",\"width\":321,\"height\":85,\"caption\":\"Itekpharma | Expert e-commerce pharmacies &amp; laboratoires depuis 2005\"},\"image\":{\"@id\":\"https:\/\/www.itekpharma.com\/#\/schema\/logo\/image\/\"}}]}<\/script>\n<!-- \/ Yoast SEO plugin. -->","yoast_head_json":{"title":"Itekpharma | Gu\u00eda sobre el coronavirus para farmac\u00e9uticos","description":"Informaci\u00f3n y protocolos COVID-19 para farmacias. Gu\u00eda completa para gestionar una crisis sanitaria","robots":{"index":"index","follow":"follow","max-snippet":"max-snippet:-1","max-image-preview":"max-image-preview:large","max-video-preview":"max-video-preview:-1"},"canonical":"https:\/\/www.itekpharma.com\/es\/informacion\/guia-de-farmacia-sobre-coronavirus\/","og_locale":"es_ES","og_type":"article","og_title":"Itekpharma | Guide Coronavirus pour les Pharmaciens","og_description":"Informations et protocoles COVID-19 pour les pharmacies. Guide complet pour la gestion de la crise sanitaire","og_url":"https:\/\/www.itekpharma.com\/es\/informacion\/guia-de-farmacia-sobre-coronavirus\/","og_site_name":"Itekpharma | Expert e-commerce pharmacies &amp; laboratoires depuis 2005","article_modified_time":"2024-12-26T14:29:27+00:00","og_image":[{"width":1920,"height":890,"url":"https:\/\/www.itekpharma.com\/wp-content\/uploads\/2020\/03\/jour-coronavirus.jpg","type":"image\/jpeg"}],"twitter_card":"summary_large_image","twitter_misc":{"Tiempo de lectura":"25 minutos"},"schema":{"@context":"https:\/\/schema.org","@graph":[{"@type":"WebPage","@id":"https:\/\/www.itekpharma.com\/itek-infos\/guide-coronavirus-pharmacie\/","url":"https:\/\/www.itekpharma.com\/itek-infos\/guide-coronavirus-pharmacie\/","name":"Itekpharma | Gu\u00eda sobre el coronavirus para farmac\u00e9uticos","isPartOf":{"@id":"https:\/\/www.itekpharma.com\/#website"},"primaryImageOfPage":{"@id":"https:\/\/www.itekpharma.com\/itek-infos\/guide-coronavirus-pharmacie\/#primaryimage"},"image":{"@id":"https:\/\/www.itekpharma.com\/itek-infos\/guide-coronavirus-pharmacie\/#primaryimage"},"thumbnailUrl":"https:\/\/www.itekpharma.com\/wp-content\/uploads\/2020\/03\/jour-coronavirus.jpg","datePublished":"2020-03-19T14:20:14+00:00","dateModified":"2024-12-26T14:29:27+00:00","description":"Informaci\u00f3n y protocolos COVID-19 para farmacias. Gu\u00eda completa para gestionar una crisis sanitaria","breadcrumb":{"@id":"https:\/\/www.itekpharma.com\/itek-infos\/guide-coronavirus-pharmacie\/#breadcrumb"},"inLanguage":"es","potentialAction":[{"@type":"ReadAction","target":["https:\/\/www.itekpharma.com\/itek-infos\/guide-coronavirus-pharmacie\/"]}]},{"@type":"ImageObject","inLanguage":"es","@id":"https:\/\/www.itekpharma.com\/itek-infos\/guide-coronavirus-pharmacie\/#primaryimage","url":"https:\/\/www.itekpharma.com\/wp-content\/uploads\/2020\/03\/jour-coronavirus.jpg","contentUrl":"https:\/\/www.itekpharma.com\/wp-content\/uploads\/2020\/03\/jour-coronavirus.jpg","width":1920,"height":890},{"@type":"BreadcrumbList","@id":"https:\/\/www.itekpharma.com\/itek-infos\/guide-coronavirus-pharmacie\/#breadcrumb","itemListElement":[{"@type":"ListItem","position":1,"name":"Accueil","item":"https:\/\/www.itekpharma.com\/"},{"@type":"ListItem","position":2,"name":"ITEK INFOS","item":"https:\/\/www.itekpharma.com\/itek-infos\/"},{"@type":"ListItem","position":3,"name":"Itekpharma | Guide Coronavirus pour les Pharmaciens"}]},{"@type":"WebSite","@id":"https:\/\/www.itekpharma.com\/#website","url":"https:\/\/www.itekpharma.com\/","name":"Itekpharma | Experto en comercio electr\u00f3nico para farmacias y laboratorios desde 2005","description":"La experiencia del comercio electr\u00f3nico al servicio de su salud","publisher":{"@id":"https:\/\/www.itekpharma.com\/#organization"},"potentialAction":[{"@type":"SearchAction","target":{"@type":"EntryPoint","urlTemplate":"https:\/\/www.itekpharma.com\/?s={search_term_string}"},"query-input":{"@type":"PropertyValueSpecification","valueRequired":true,"valueName":"search_term_string"}}],"inLanguage":"es"},{"@type":"Organization","@id":"https:\/\/www.itekpharma.com\/#organization","name":"Itekpharma | Experto en comercio electr\u00f3nico para farmacias y laboratorios desde 2005","url":"https:\/\/www.itekpharma.com\/","logo":{"@type":"ImageObject","inLanguage":"es","@id":"https:\/\/www.itekpharma.com\/#\/schema\/logo\/image\/","url":"https:\/\/www.itekpharma.com\/wp-content\/uploads\/2022\/09\/logo-header.png","contentUrl":"https:\/\/www.itekpharma.com\/wp-content\/uploads\/2022\/09\/logo-header.png","width":321,"height":85,"caption":"Itekpharma | Expert e-commerce pharmacies &amp; laboratoires depuis 2005"},"image":{"@id":"https:\/\/www.itekpharma.com\/#\/schema\/logo\/image\/"}}]}},"_links":{"self":[{"href":"https:\/\/www.itekpharma.com\/es\/wp-json\/wp\/v2\/itek-infos\/8612","targetHints":{"allow":["GET"]}}],"collection":[{"href":"https:\/\/www.itekpharma.com\/es\/wp-json\/wp\/v2\/itek-infos"}],"about":[{"href":"https:\/\/www.itekpharma.com\/es\/wp-json\/wp\/v2\/types\/itek-infos"}],"wp:featuredmedia":[{"embeddable":true,"href":"https:\/\/www.itekpharma.com\/es\/wp-json\/wp\/v2\/media\/8613"}],"wp:attachment":[{"href":"https:\/\/www.itekpharma.com\/es\/wp-json\/wp\/v2\/media?parent=8612"}],"wp:term":[{"taxonomy":"category","embeddable":true,"href":"https:\/\/www.itekpharma.com\/es\/wp-json\/wp\/v2\/categories?post=8612"}],"curies":[{"name":"wp","href":"https:\/\/api.w.org\/{rel}","templated":true}]}}