{"id":8882,"date":"2020-10-29T15:50:41","date_gmt":"2020-10-29T14:50:41","guid":{"rendered":"https:\/\/www.itekpharma.com\/?post_type=itek-infos&#038;p=8882"},"modified":"2024-12-26T14:54:04","modified_gmt":"2024-12-26T13:54:04","slug":"servicios-farmaceuticos-de-contencion","status":"publish","type":"itek-infos","link":"https:\/\/www.itekpharma.com\/es\/informacion\/servicios-farmaceuticos-de-contencion\/","title":{"rendered":"Itekpharma | Servicios de Farmacia durante la Contenci\u00f3n 2020"},"content":{"rendered":"<p><strong>A medida que se acerca el inicio de la quinta oleada de COVID-19<\/strong><b>, El gobierno est\u00e1 haciendo todo lo que est\u00e1 en su mano para frenar la propagaci\u00f3n de la epidemia.<\/b><\/p>\n<p>En esta p\u00e1gina encontrar\u00e1 toda la informaci\u00f3n que necesita saber sobre la evoluci\u00f3n del virus y las normas que se aplican.<\/p>\n<p style=\"text-align: center; max-width: 1100px; margin: 0 auto 35px;\"><iframe title=\"Caso Iframe covid\" src=\"https:\/\/dashboard.covid19.data.gouv.fr\/vue-d-ensemble?location=FRA\" width=\"100%\" height=\"600\" data-mce-fragment=\"1\"><\/iframe><\/p>\n<h2 style=\"text-align: center; font-size: 2.4em;\">- Noticias d\u00eda a d\u00eda -<\/h2>\n<h2 style=\"text-align: left; color: #ba2123; font-size: 25px;\">VIERNES 31 de diciembre de 2021<\/h2>\n<p>Para hacer frente a las dos oleadas simult\u00e1neas de las variantes Delta y Omicron, el Primer Ministro Jean Castex ha anunciado un ajuste de las medidas sanitarias en vigor.<\/p>\n<h4>Vacunaci\u00f3n<\/h4>\n<ul>\n<li><strong>El plazo para la dosis de recuerdo se ha reducido a tres meses<\/strong>\u00a0despu\u00e9s de la \u00faltima inyecci\u00f3n o la \u00faltima infecci\u00f3n con Covid-19.<\/li>\n<li>La vacuna de refuerzo est\u00e1 disponible para todos los mayores de 18 a\u00f1os desde el 24 de diciembre de 2021.<\/li>\n<li>La\u00a0<a class=\"atClass\" title=\"Enlace al art\u00edculo sobre la vacunaci\u00f3n de los ni\u00f1os de 5 a 11 a\u00f1os (nueva ventana)\" href=\"https:\/\/www.gouvernement.fr\/covid-19-le-delai-d-eligibilite-a-la-dose-de-rappel-reduit-a-4-mois\" target=\"_blank\" rel=\"noopener\" data-smarttag-click=\"{&quot;name&quot;: &quot;https\/\/www.gouvernement.fr\/covid-19-le-delai-d-eligibilite-a-la-dose-de-rappel-reduit-a-4-mois&quot;, &quot;type&quot;: &quot;navigation&quot;,&quot;chapter1&quot;:&quot;info_coronavirus_covid_19&quot;}\">La vacunaci\u00f3n est\u00e1 abierta a todos los ni\u00f1os de 5 a 11 a\u00f1os.<\/a>\u00a0a partir del 22 de diciembre de 2021.<\/li>\n<\/ul>\n<h4>\u00abPase sanitario\u00bb<\/h4>\n<ul>\n<li>Se presentar\u00e1 al Parlamento un proyecto de ley para\u00a0<strong>transformaci\u00f3n de la \u00abtarjeta sanitaria\u00bb en \u00abtarjeta de vacunaci\u00f3n\u00bb a partir del 15 de enero<\/strong>. Tambi\u00e9n pretende endurecer las condiciones de los controles y las sanciones contra los \u00abpases\u00bb falsos.<\/li>\n<\/ul>\n<h4>Entorno profesional<\/h4>\n<ul>\n<li><strong>A partir del 3 de enero, el teletrabajo ser\u00e1 obligatorio para todos los empleados para los que sea posible, durante un m\u00ednimo de tres d\u00edas a la semana y cuatro d\u00edas cuando sea posible.<\/strong><\/li>\n<li>Todas las ceremonias de A\u00f1o Nuevo se posponen hasta enero.<\/li>\n<\/ul>\n<h4>Eventos y ocio<\/h4>\n<p>A partir del 3 de enero y durante tres semanas:<\/p>\n<ul>\n<li>Se restablecer\u00e1 el aforo para grandes acontecimientos: 2.000 personas en el interior, 5.000 en el exterior.<\/li>\n<li>No se permitir\u00e1n conciertos de pie.<\/li>\n<li>En los caf\u00e9s y bares estar\u00e1 prohibido consumir de pie.<\/li>\n<\/ul>\n<p>Hasta el 24 de enero inclusive,\u00a0<strong>se proh\u00edbe a las discotecas recibir p\u00fablico<\/strong>. Esta prohibici\u00f3n se aplica hasta la misma fecha a las actividades de baile en establecimientos abiertos al p\u00fablico, como restaurantes o bares.<\/p>\n<h4>Gestos de barrera<\/h4>\n<ul>\n<li><strong>El uso de mascarillas, que ya es obligatorio en el interior de todos los establecimientos abiertos al p\u00fablico, se ampliar\u00e1 a determinados centros urbanos.<\/strong><\/li>\n<li>La ventilaci\u00f3n frecuente de los espacios cerrados es m\u00e1s importante que nunca. Le recomendamos que\u2019<a class=\"atClass\" title=\"Enlace a la infograf\u00eda (nueva ventana)\" href=\"https:\/\/www.gouvernement.fr\/covid-19-pourquoi-il-faut-aerer-10-minutes-toutes-les-heures\" target=\"_blank\" rel=\"noopener\" data-smarttag-click=\"{&quot;name&quot;: &quot;https\/\/www.gouvernement.fr\/covid-19-pourquoi-il-faut-aerer-10-minutes-toutes-les-heures&quot;, &quot;type&quot;: &quot;navigation&quot;,&quot;chapter1&quot;:&quot;info_coronavirus_covid_19&quot;}\"><strong>ventile cada habitaci\u00f3n durante 10 minutos cada hora<\/strong><\/a>.<\/li>\n<li>En\u00a0<strong><a class=\"atClass\" title=\"Enlace a la p\u00e1gina dedicada a las medidas de barrera (nueva ventana)\" href=\"https:\/\/www.gouvernement.fr\/info-coronavirus\/gestes-barrieres\" target=\"_blank\" rel=\"noopener\" data-smarttag-click=\"{&quot;name&quot;: &quot;https\/\/www.gouvernement.fr\/info-coronavirus\/gestes-barrieres&quot;, &quot;type&quot;: &quot;navigation&quot;,&quot;chapter1&quot;:&quot;info_coronavirus_covid_19&quot;}\">gestos de barrera<\/a>\u00a0debe respetarse escrupulosamente<\/strong>\u00a0durante las fiestas: evitar los abrazos, llevar mascarilla, ventilar regularmente los espacios cerrados, etc. Tambi\u00e9n recomendamos\u00a0<strong>evitar las grandes reuniones<\/strong>\u00a0Cuanta menos gente, menos riesgos.<\/li>\n<\/ul>\n<h4>Viajar<\/h4>\n<ul>\n<li><strong>Todas las personas mayores de 12 a\u00f1os que entren en Francia deben presentar una prueba PCR o de ant\u00edgenos negativa de menos de 24 o 48 horas, seg\u00fan el pa\u00eds de origen.\u00a0<\/strong>La \u00fanica excepci\u00f3n son las personas con un calendario de vacunaci\u00f3n completo, que no necesitan someterse a la prueba si proceden de un Estado miembro de la Uni\u00f3n Europea, Andorra, Islandia, Liechtenstein, M\u00f3naco, Noruega, San Marino, la Santa Sede o Suiza.<\/li>\n<li>Adem\u00e1s, para combatir la propagaci\u00f3n de la variante Omicron,\u00a0<strong>el\u00a0<a class=\"atClass\" title=\"Enlace a la p\u00e1gina de viajes (nueva ventana)\" href=\"https:\/\/www.gouvernement.fr\/info-coronavirus\/deplacements\" target=\"_blank\" rel=\"noopener\" data-smarttag-click=\"{&quot;name&quot;: &quot;https\/\/www.gouvernement.fr\/info-coronavirus\/deplacements&quot;, &quot;type&quot;: &quot;navigation&quot;,&quot;chapter1&quot;:&quot;info_coronavirus_covid_19&quot;}\">clasificaci\u00f3n por pa\u00edses<\/a>, definida en funci\u00f3n de indicadores de salud ha evolucionado, con la adici\u00f3n de una clasificaci\u00f3n de pa\u00edses \u00abrojo escarlata\u00bb.\u00bb<\/strong>.<\/li>\n<\/ul>\n<h2 style=\"text-align: left; color: #ba2123; font-size: 25px;\">VIERNES 24 de diciembre de 2021<\/h2>\n<p>Est\u00e1n entrando en vigor nuevas medidas para hacer frente a la circulaci\u00f3n epid\u00e9mica y a la quinta oleada.<\/p>\n<p><u>Proyecci\u00f3n<\/u><\/p>\n<ul>\n<li>Todas las personas, hayan sido o no vacunadas, son\u00a0<b>invitados a someterse a pruebas en las horas previas a las fiestas<\/b>.<\/li>\n<\/ul>\n<p><u>Vacunaci\u00f3n<\/u><\/p>\n<ul>\n<li><strong>La vacunaci\u00f3n es\u00a0<a class=\"atClass\" title=\"gouvernement.fr (nueva ventana)\" href=\"https:\/\/www.gouvernement.fr\/covid-19-elargissement-de-la-vaccination-a-l-ensemble-des-enfants-de-5-a-11-ans\" target=\"_blank\" rel=\"noopener\" data-smarttag-click=\"{&quot;name&quot;: &quot;\/covid-19-elargissement-de-la-vaccination-a-l-ensemble-des-enfants-de-5-a-11-ans&quot;, &quot;type&quot;: &quot;navigation&quot;,&quot;chapter1&quot;:&quot;info_coronavirus_covid_19&quot;}\">abierto a todos los ni\u00f1os de 5 a 11 a\u00f1os<\/a>\u00a0a partir del 22 de diciembre de 2021.<\/strong><\/li>\n<li><strong>La vacunaci\u00f3n de refuerzo est\u00e1 abierta a todas las personas mayores de 18 a\u00f1os.\u00a0<\/strong>a partir de cinco meses despu\u00e9s de la \u00faltima inyecci\u00f3n o de la \u00faltima infecci\u00f3n con Covid-19. A partir del 3 de enero, la vacuna de refuerzo estar\u00e1 disponible a partir de 4 meses despu\u00e9s de la \u00faltima inyecci\u00f3n.<\/li>\n<\/ul>\n<p><u>\u00abPase sanitario\u00bb<\/u><\/p>\n<ul>\n<li><strong>Las personas mayores de 65 a\u00f1os y las vacunadas con la vacuna Janssen deben presentar una prueba de vacunaci\u00f3n de refuerzo para que se les prorrogue la \u00abtarjeta sanitaria\u00bb.<\/strong>.<\/li>\n<li><strong>Las personas de entre 18 y 64 a\u00f1os que hayan recibido su \u00faltima dosis de vacuna antes del 17 de junio tendr\u00e1n que haberse vacunado antes del 15 de enero para que su \u00abpase\" sea v\u00e1lido.<\/strong><span style=\"color: #000000;\"><span style=\"font-family: Marianne, monospace;\">\u00a0\u00bb<\/span><\/span><strong>\u00a0no est\u00e1 desactivado<\/strong>, En esa fecha, habr\u00e1n superado el plazo de 5 meses para poder acogerse a la retirada y el plazo de 8 semanas para llevarla a cabo.<\/li>\n<li><strong>S\u00f3lo las pruebas PCR y antig\u00e9nicas de menos de 24 horas de antig\u00fcedad constituir\u00e1n la prueba del \u00abpase sanitario\u00bb.<\/strong><\/li>\n<li>A principios de enero se presentar\u00e1 al Parlamento un proyecto de ley para transformar la \u00abtarjeta sanitaria\u00bb en \u00abtarjeta de vacunaci\u00f3n\u00bb y endurecer las condiciones de control y sanci\u00f3n de las \u00abtarjetas\u00bb falsas.<\/li>\n<\/ul>\n<p><u>Gestos de barrera<\/u><\/p>\n<ul>\n<li><strong>Las mascarillas deben llevarse en el interior de todos los establecimientos abiertos al p\u00fablico.<\/strong><\/li>\n<li>La ventilaci\u00f3n frecuente de los espacios cerrados es m\u00e1s importante que nunca. Le recomendamos que\u2019<strong>ventile cada habitaci\u00f3n durante 10 minutos cada hora<\/strong>.<\/li>\n<li>En\u00a0<strong>los gestos de barrera deben respetarse escrupulosamente<\/strong>\u00a0durante las fiestas: evitar los abrazos, llevar mascarilla, ventilar regularmente los espacios cerrados, etc. Tambi\u00e9n recomendamos\u00a0<strong>evitar las grandes reuniones<\/strong>\u00a0Cuanta menos gente, menos riesgos.<\/li>\n<\/ul>\n<p><u>Recopilaci\u00f3n<\/u><\/p>\n<ul>\n<li>En\u00a0<b>los prefectos prohibir\u00e1n las reuniones no autorizadas, el consumo de alcohol en la v\u00eda p\u00fablica, etc.<\/b>\u00a0e invitar\u00a0<b>los municipios se abstengan de organizar grandes concentraciones en la v\u00eda p\u00fablica<\/b>, No deben celebrarse ceremonias de saludo ni reuniones sociales.<\/li>\n<\/ul>\n<p><u>Educaci\u00f3n<\/u><\/p>\n<ul>\n<li><strong>El protocolo sanitario de la escuela primaria pasa al nivel 3<\/strong>\u00a0(hay que llevar m\u00e1scaras en el patio de recreo, y existen restricciones para arrastrar los pies en el comedor y para realizar actividades deportivas de alta intensidad en el interior).<\/li>\n<li>La norma de cerrar la clase durante 7 d\u00edas a partir del primer caso positivo ya no se aplica a las escuelas primarias:\u00a0<strong>Los alumnos que den negativo en las 24 horas siguientes podr\u00e1n seguir asistiendo a clase.<\/strong><\/li>\n<li>Los alumnos de secundaria a partir de 6\u00ba curso que hayan recibido todas las vacunas pueden continuar sus clases en el aula. Los alumnos no vacunados deben seguir sus clases en casa durante el periodo de aislamiento.<\/li>\n<\/ul>\n<p><u>Ocio<\/u><\/p>\n<ul>\n<li><strong>Prohibici\u00f3n de que los locales nocturnos abran sus puertas al p\u00fablico hasta el 6 de enero de 2022 inclusive<\/strong>. Esta prohibici\u00f3n se aplica hasta la misma fecha a las actividades de baile en establecimientos abiertos al p\u00fablico, como restaurantes o bares.<\/li>\n<li><strong>Limitar las reuniones festivas<\/strong>\u00a0en el \u00e1mbito privado.<\/li>\n<li>En cuanto a los eventos al aire libre, como los mercados de Navidad, se elaborar\u00e1n protocolos, bajo la supervisi\u00f3n de los prefectos, para garantizar que el consumo de productos alimenticios est\u00e9 estrictamente controlado.<\/li>\n<\/ul>\n<p><u>Entorno profesional<\/u><\/p>\n<ul>\n<li><strong>Introducci\u00f3n del teletrabajo de 2 a 3 d\u00edas por semana cuando sea posible.<\/strong><\/li>\n<li><strong>Limitaci\u00f3n de las reuniones presenciales.<\/strong><\/li>\n<li><strong>Aplazamiento de las ceremonias de A\u00f1o Nuevo, fiestas de despedida...<\/strong><\/li>\n<\/ul>\n<p><u>Viajar<\/u><\/p>\n<ul>\n<li><strong>Todas las personas mayores de 12 a\u00f1os que entren en Francia deben presentar una prueba PCR o de ant\u00edgenos negativa de menos de 24 o 48 horas, seg\u00fan el pa\u00eds de origen.\u00a0<\/strong>La \u00fanica excepci\u00f3n son las personas con un calendario de vacunaci\u00f3n completo, que no necesitan someterse a la prueba si proceden de un Estado miembro de la Uni\u00f3n Europea, Andorra, Islandia, Liechtenstein, M\u00f3naco, Noruega, San Marino, la Santa Sede o Suiza.<\/li>\n<li>Adem\u00e1s, para combatir la propagaci\u00f3n de la variante Omicron,\u00a0<strong>la clasificaci\u00f3n de pa\u00edses, definida en funci\u00f3n de indicadores sanitarios, ha cambiado, con la adici\u00f3n de una clasificaci\u00f3n de pa\u00edses \u00abrojo escarlata\u00bb.\u00bb<\/strong>.<\/li>\n<\/ul>\n<h2 style=\"text-align: left; color: #ba2123; font-size: 25px;\">VIERNES 17 de diciembre de 2021<\/h2>\n<p><span style=\"font-weight: 400;\">ACTUALIZACI\u00d3N DE LA SITUACI\u00d3N<br \/>\n<\/span><span style=\"font-weight: 400;\">Est\u00e1n entrando en vigor nuevas medidas para hacer frente a la circulaci\u00f3n epid\u00e9mica y a la quinta oleada.<br \/>\n<\/span><span style=\"font-weight: 400;\">Vacunaci\u00f3n<\/span><\/p>\n<ul>\n<li style=\"font-weight: 400;\" aria-level=\"1\"><b>Pueden vacunarse los ni\u00f1os de 5 a 11 a\u00f1os que vivan en contacto con personas inmunodeprimidas y con enfermedades graves.<\/b><\/li>\n<li style=\"font-weight: 400;\" aria-level=\"1\"><b>La vacunaci\u00f3n de refuerzo est\u00e1 abierta a todas las personas mayores de 18 a\u00f1os. <\/b><span style=\"font-weight: 400;\">cinco meses despu\u00e9s de la \u00faltima inyecci\u00f3n o la \u00faltima infecci\u00f3n con Covid-19.<\/span><\/li>\n<\/ul>\n<p><span style=\"font-weight: 400;\">\u00abPase sanitario\u00bb<\/span><\/p>\n<ul>\n<li style=\"font-weight: 400;\" aria-level=\"1\"><b>Las personas mayores de 65 a\u00f1os y las vacunadas con la vacuna Janssen deben presentar una prueba de vacunaci\u00f3n de refuerzo para que se les prorrogue la \u00abtarjeta sanitaria\u00bb.<\/b><span style=\"font-weight: 400;\">.<\/span><\/li>\n<li style=\"font-weight: 400;\" aria-level=\"1\"><b>Las personas de entre 18 y 64 a\u00f1os que hayan recibido su \u00faltima dosis de vacuna antes del 17 de junio tendr\u00e1n que haberse vacunado antes del 15 de enero para que su \u00abpase\" sea v\u00e1lido.<\/b><span style=\"font-weight: 400;\"> \u00bb<\/span><b> no est\u00e1 desactivado<\/b><span style=\"font-weight: 400;\">, En esa fecha, habr\u00e1n superado el plazo de 5 meses para poder acogerse a la retirada y el plazo de 8 semanas para llevarla a cabo.<\/span><\/li>\n<li style=\"font-weight: 400;\" aria-level=\"1\"><b>S\u00f3lo las pruebas PCR y antig\u00e9nicas de menos de 24 horas de antig\u00fcedad constituir\u00e1n la prueba del \u00abpase sanitario\u00bb.<\/b><\/li>\n<\/ul>\n<p><span style=\"font-weight: 400;\">Gestos de barrera<\/span><\/p>\n<ul>\n<li style=\"font-weight: 400;\" aria-level=\"1\"><b>Las mascarillas deben llevarse en el interior de todos los establecimientos abiertos al p\u00fablico.<\/b><\/li>\n<li style=\"font-weight: 400;\" aria-level=\"1\"><span style=\"font-weight: 400;\">La ventilaci\u00f3n frecuente de los espacios cerrados es m\u00e1s importante que nunca. Le recomendamos que\u2019<\/span><b>ventile cada habitaci\u00f3n durante 10 minutos cada hora<\/b><span style=\"font-weight: 400;\">.<\/span><\/li>\n<\/ul>\n<p><span style=\"font-weight: 400;\">Educaci\u00f3n<\/span><\/p>\n<ul>\n<li style=\"font-weight: 400;\" aria-level=\"1\"><b>El protocolo sanitario de la escuela primaria pasa al nivel 3<\/b><span style=\"font-weight: 400;\"> (hay que llevar m\u00e1scaras en el patio de recreo, y existen restricciones para arrastrar los pies en el comedor y para realizar actividades deportivas de alta intensidad en el interior).<\/span><\/li>\n<li style=\"font-weight: 400;\" aria-level=\"1\"><span style=\"font-weight: 400;\">La norma de cerrar la clase durante 7 d\u00edas a partir del primer caso positivo ya no se aplica a las escuelas primarias: <\/span><b>Los alumnos que den negativo en las 24 horas siguientes podr\u00e1n seguir asistiendo a clase.<\/b><\/li>\n<li style=\"font-weight: 400;\" aria-level=\"1\"><span style=\"font-weight: 400;\">Los alumnos de secundaria a partir de 6\u00ba curso que hayan recibido todas las vacunas pueden continuar sus clases en el aula. Los alumnos no vacunados deben seguir sus clases en casa durante el periodo de aislamiento.<\/span><\/li>\n<\/ul>\n<p><span style=\"font-weight: 400;\">Ocio<\/span><\/p>\n<ul>\n<li style=\"font-weight: 400;\" aria-level=\"1\"><b>Prohibici\u00f3n de que los locales nocturnos abran sus puertas al p\u00fablico hasta el 6 de enero de 2022 inclusive<\/b><span style=\"font-weight: 400;\">. Esta prohibici\u00f3n se aplica hasta la misma fecha a las actividades de baile en establecimientos abiertos al p\u00fablico, como restaurantes o bares.<\/span><\/li>\n<li style=\"font-weight: 400;\" aria-level=\"1\"><b>Limitar las reuniones festivas<\/b><span style=\"font-weight: 400;\"> en el \u00e1mbito privado.<\/span><\/li>\n<li style=\"font-weight: 400;\" aria-level=\"1\"><span style=\"font-weight: 400;\">En cuanto a los eventos al aire libre, como los mercados de Navidad, se elaborar\u00e1n protocolos, bajo la supervisi\u00f3n de los prefectos, para garantizar que el consumo de productos alimenticios est\u00e9 estrictamente controlado.<\/span><\/li>\n<\/ul>\n<p><span style=\"font-weight: 400;\">Entorno profesional<\/span><\/p>\n<ul>\n<li style=\"font-weight: 400;\" aria-level=\"1\"><b>Introducci\u00f3n del teletrabajo de 2 a 3 d\u00edas por semana cuando sea posible.<\/b><\/li>\n<li style=\"font-weight: 400;\" aria-level=\"1\"><b>Limitaci\u00f3n de las reuniones presenciales.<\/b><\/li>\n<li style=\"font-weight: 400;\" aria-level=\"1\"><b>Aplazamiento de ceremonias de A\u00f1o Nuevo, fiestas de despedida, etc.<\/b><\/li>\n<\/ul>\n<p><span style=\"font-weight: 400;\">Viajar<\/span><\/p>\n<ul>\n<li style=\"font-weight: 400;\" aria-level=\"1\"><b>Todas las personas mayores de 12 a\u00f1os que entren en Francia deben presentar una prueba PCR o de ant\u00edgenos negativa de menos de 24 o 48 horas, seg\u00fan el pa\u00eds de origen. <\/b><span style=\"font-weight: 400;\">La \u00fanica excepci\u00f3n son las personas con un calendario de vacunaci\u00f3n completo, que no necesitan someterse a la prueba si proceden de un Estado miembro de la Uni\u00f3n Europea, Andorra, Islandia, Liechtenstein, M\u00f3naco, Noruega, San Marino, la Santa Sede o Suiza.<\/span><\/li>\n<li style=\"font-weight: 400;\" aria-level=\"1\"><span style=\"font-weight: 400;\">Adem\u00e1s, para combatir la propagaci\u00f3n de la variante Omicron, <\/span><b>la clasificaci\u00f3n de pa\u00edses, definida en funci\u00f3n de indicadores sanitarios, ha cambiado, con la adici\u00f3n de una clasificaci\u00f3n de pa\u00edses \u00abrojo escarlata\u00bb.\u00bb<\/b><span style=\"font-weight: 400;\">.<\/span><\/li>\n<\/ul>\n<p>&nbsp;<\/p>\n<h2 style=\"text-align: left; color: #ba2123; font-size: 25px;\">VIERNES 10 de diciembre de 2021<\/h2>\n<ul>\n<li><span style=\"font-weight: 400;\">A partir del 15 de diciembre :<\/span>\n<ul>\n<li style=\"font-weight: 400;\" aria-level=\"1\"><span style=\"font-weight: 400;\">Los vacunados mayores de 65 a\u00f1os deben recibir una dosis de refuerzo al menos 5 meses y como m\u00e1ximo 7 meses despu\u00e9s de la \u00faltima inyecci\u00f3n.<\/span><\/li>\n<li aria-level=\"1\"><span style=\"font-weight: 400;\">Las personas mayores de 65 a\u00f1os vacunadas con Jansen deben recibir una dosis de refuerzo entre 1 y 2 meses despu\u00e9s de la \u00faltima inyecci\u00f3n.<\/span><\/li>\n<\/ul>\n<\/li>\n<li><span style=\"font-weight: 400;\">A partir del 15 de enero de 2022 :<\/span>\n<ul>\n<li style=\"font-weight: 400;\" aria-level=\"1\"><span style=\"font-weight: 400;\">Los mayores de 18 a\u00f1os9 deben recibir la dosis de refuerzo entre 5 y 7 meses despu\u00e9s de la \u00faltima inyecci\u00f3n.<\/span><\/li>\n<\/ul>\n<\/li>\n<li><span style=\"font-weight: 400;\">Deber\u00e1 esperar 7 d\u00edas despu\u00e9s de la dosis de refuerzo para obtener una tarjeta sanitaria v\u00e1lida.<\/span><\/li>\n<li dir=\"ltr\" aria-level=\"1\">\n<p dir=\"ltr\" role=\"presentation\"><span style=\"font-weight: 400;\">Los farmac\u00e9uticos inyectan una media de 750.000 dosis a la semana.<\/span><\/p>\n<\/li>\n<li dir=\"ltr\" aria-level=\"1\">\n<p dir=\"ltr\" role=\"presentation\"><span style=\"font-weight: 400;\">Las farmacias se organizan poco a poco para vacunar los domingos<\/span><\/p>\n<\/li>\n<li dir=\"ltr\" aria-level=\"1\">\n<p dir=\"ltr\" role=\"presentation\"><span style=\"font-weight: 400;\">Pfizer dosis de refuerzo para j\u00f3venes de 16-17 a\u00f1os autorizadas por Estados Unidos<\/span><\/p>\n<\/li>\n<li dir=\"ltr\" aria-level=\"1\">\n<p dir=\"ltr\" role=\"presentation\"><span style=\"font-weight: 400;\">Una nueva vacuna est\u00e1 a punto de llegar a Francia. El laboratorio Sanofi recibir\u00e1 en breve las autorizaciones necesarias para comercializar la vacuna a principios de 2022.<\/span><\/p>\n<\/li>\n<li dir=\"ltr\" aria-level=\"1\"><span style=\"font-weight: 400;\">En las \u00faltimas 24 horas se han contabilizado m\u00e1s de 56.000 contaminaciones<\/span><\/li>\n<li dir=\"ltr\" aria-level=\"1\">\n<p dir=\"ltr\" role=\"presentation\"><span style=\"font-weight: 400;\">Hasta la fecha, m\u00e1s de 13.00 pacientes de Covid-19 est\u00e1n hospitalizados, incluidos m\u00e1s de 2.400 en cuidados intensivos, un n\u00famero superior al de la cuarta oleada.<\/span><\/p>\n<\/li>\n<li dir=\"ltr\" aria-level=\"1\">\n<p dir=\"ltr\" role=\"presentation\"><span style=\"font-weight: 400;\">10.908.135 personas recibieron la dosis de refuerzo de la vacuna COVID-19<\/span><\/p>\n<\/li>\n<\/ul>\n<h2 style=\"text-align: left; color: #ba2123; font-size: 25px;\">VIERNES 3 de diciembre de 2021<\/h2>\n<ul>\n<li dir=\"ltr\" aria-level=\"1\">\n<p dir=\"ltr\" role=\"presentation\"><span style=\"font-weight: 400;\">El Jefe del Estado convocar\u00e1 un Consejo de Defensa el pr\u00f3ximo lunes<\/span><\/p>\n<\/li>\n<li dir=\"ltr\" aria-level=\"1\">\n<p dir=\"ltr\" role=\"presentation\"><span style=\"font-weight: 400;\">Actualmente, no est\u00e1 prevista la vacunaci\u00f3n obligatoria en Francia.<\/span><\/p>\n<\/li>\n<li dir=\"ltr\" aria-level=\"1\">\n<p dir=\"ltr\" role=\"presentation\"><span style=\"font-weight: 400;\">Desde los anuncios del Gobierno, Doctolib ha batido un r\u00e9cord al reservar 5,5 millones de citas.<\/span><\/p>\n<\/li>\n<li dir=\"ltr\" aria-level=\"1\">\n<p dir=\"ltr\" role=\"presentation\"><span style=\"font-weight: 400;\">Seg\u00fan la OMS, hasta la fecha no se ha registrado ninguna muerte relacionada con la variante Omicron.<\/span><\/p>\n<\/li>\n<li dir=\"ltr\" aria-level=\"1\">\n<p dir=\"ltr\" role=\"presentation\"><span style=\"font-weight: 400;\">Actualmente se est\u00e1n realizando estudios cient\u00edficos en Francia para determinar la virulencia, contagiosidad y resistencia de la variante Omicron.<\/span><\/p>\n<\/li>\n<li dir=\"ltr\" aria-level=\"1\">\n<p dir=\"ltr\" role=\"presentation\"><span style=\"font-weight: 400;\">Dosis de refuerzo: es posible tomar la tercera dosis con una vacuna diferente despu\u00e9s de los 30 a\u00f1os.<\/span><\/p>\n<\/li>\n<li dir=\"ltr\" aria-level=\"1\">\n<p dir=\"ltr\" role=\"presentation\"><span style=\"font-weight: 400;\">A partir de ahora, las clases de infantil y primaria ya no se cerrar\u00e1n autom\u00e1ticamente si se detecta un caso. En caso de que un alumno d\u00e9 positivo en la prueba de COVID-19, todos los alumnos de la misma clase tendr\u00e1n que someterse a la prueba, y s\u00f3lo podr\u00e1n volver a la escuela si el resultado es negativo.<\/span><\/p>\n<\/li>\n<li dir=\"ltr\" aria-level=\"1\">\n<p dir=\"ltr\" role=\"presentation\"><span style=\"font-weight: 400;\">En B\u00e9lgica, las escuelas primarias e infantiles cerrar\u00e1n el 18 de diciembre, una semana antes de las vacaciones de verano. Las mascarillas ser\u00e1n obligatorias a partir de los 6 a\u00f1os.<\/span><\/p>\n<\/li>\n<li dir=\"ltr\" aria-level=\"1\">\n<p dir=\"ltr\" role=\"presentation\"><span style=\"font-weight: 400;\">Olivier V\u00e9ran ha anunciado que, si la Autoridad Nacional Francesa de la Salud lo recomienda, Francia abrir\u00e1 la vacunaci\u00f3n a todos los ni\u00f1os de aqu\u00ed a enero, pero de forma gradual y facultativa.<\/span><\/p>\n<\/li>\n<\/ul>\n<ul>\n<li><span style=\"font-weight: 400;\">Informaci\u00f3n actualizada sobre la situaci\u00f3n en nuestros hospitales:<\/span>\n<ul>\n<li style=\"font-weight: 400;\" aria-level=\"1\"><span style=\"font-weight: 400;\">+60% de nuevas contaminaciones en una semana<\/span><\/li>\n<li aria-level=\"1\"><span style=\"font-weight: 400;\">8.765 pacientes hospitalizados<\/span><\/li>\n<li aria-level=\"1\"><span style=\"font-weight: 400;\">770 nuevas admisiones en 24 horas<\/span><\/li>\n<\/ul>\n<\/li>\n<li><span style=\"font-weight: 400;\">Hasta la fecha, 8.216.798 personas han recibido la dosis de refuerzo de la vacuna<\/span><\/li>\n<\/ul>\n<h2 style=\"text-align: left; color: #ba2123; font-size: 25px;\">VIERNES 26 de noviembre de 2021<\/h2>\n<ul>\n<li><span style=\"font-weight: 400;\">Francia suspende los vuelos procedentes de 7 pa\u00edses africanos. Los pa\u00edses afectados son :<\/span>\n<ul>\n<li style=\"font-weight: 400;\" aria-level=\"1\"><span style=\"font-weight: 400;\">Sud\u00e1frica, Lesoto, Botsuana, Zimbabue, Mozambique, Namibia y Eswatini<\/span><\/li>\n<\/ul>\n<\/li>\n<li><span style=\"font-weight: 400;\">La nueva variante aparecida en Sud\u00e1frica preocupa a las autoridades sanitarias<\/span>\n<ul>\n<li style=\"font-weight: 400;\" aria-level=\"1\"><span style=\"font-weight: 400;\">La variante B.1.1.529 est\u00e1 causando un aumento exponencial de casos en Sud\u00e1frica<\/span><\/li>\n<li style=\"font-weight: 400;\" aria-level=\"1\"><span style=\"font-weight: 400;\">Esta variante no s\u00f3lo tiene una mayor capacidad de transmisi\u00f3n, sino que tambi\u00e9n es capaz de eludir ciertas partes del sistema inmunitario.<\/span><\/li>\n<\/ul>\n<\/li>\n<li><span style=\"font-weight: 400;\">Un caso de la nueva variante detectado en B\u00e9lgica tras aparecer en Botsuana, Hong Kong e Israel<\/span><\/li>\n<li><span style=\"font-weight: 400;\">Hasta la fecha, no se ha establecido la eficacia de las vacunas contra esta variante.<\/span><\/li>\n<li><span style=\"font-weight: 400;\">B\u00e9lgica vuelve a endurecer sus restricciones:<\/span>\n<ul>\n<li style=\"font-weight: 400;\" aria-level=\"1\"><span style=\"font-weight: 400;\">Discotecas y salas de fiesta cerradas<\/span><\/li>\n<li aria-level=\"1\"><span style=\"font-weight: 400;\">Los bares y restaurantes est\u00e1n obligados a cerrar entre las 23.00 y las 5.00 horas, con un m\u00e1ximo de seis comensales.<\/span><\/li>\n<li aria-level=\"1\"><span style=\"font-weight: 400;\">Los comercios nocturnos deben cerrar a las 23.00 horas<\/span><\/li>\n<\/ul>\n<\/li>\n<li><span style=\"font-weight: 400;\">S\u00f3lo el jueves, Doctolib registr\u00f3 un r\u00e9cord de citas reservadas, con un total de m\u00e1s de un mill\u00f3n.<\/span><\/li>\n<li><span style=\"font-weight: 400;\">Hasta la fecha, 5.826.321 personas han recibido 3 dosis de la vacuna\u00a0<\/span><\/li>\n<\/ul>\n<h2 style=\"text-align: left; color: #ba2123; font-size: 25px;\">VIERNES 19 de noviembre de 2021<\/h2>\n<ul>\n<li><span style=\"font-weight: 400;\">Varios pa\u00edses europeos han decidido ampliar la tercera dosis a todos los grupos de edad susceptibles de recibir la vacuna. Los pa\u00edses afectados: <\/span>\n<ul>\n<li style=\"font-weight: 400;\" aria-level=\"1\"><span style=\"font-weight: 400;\">Israel, B\u00e9lgica, Alemania y Hungr\u00eda<\/span><\/li>\n<\/ul>\n<\/li>\n<li><span style=\"font-weight: 400;\">En respuesta al recrudecimiento de los casos de COVID en Austria, el pa\u00eds anunci\u00f3 el viernes el bloqueo de toda la poblaci\u00f3n, incluidas las personas vacunadas. Esta medida entrar\u00e1 en vigor a partir del pr\u00f3ximo lunes<\/span><\/li>\n<li><span style=\"font-weight: 400;\">Austria har\u00e1 obligatoria la vacunaci\u00f3n para todos a partir del 1 de febrero del a\u00f1o que viene<\/span><\/li>\n<li><span style=\"font-weight: 400;\">Con una media de 60.000 nuevos casos cada d\u00eda, Alemania ha decidido apretar las tuercas a las mujeres no vacunadas<\/span>\n<ul>\n<li style=\"font-weight: 400;\" aria-level=\"1\"><span style=\"font-weight: 400;\">Ya no bastar\u00e1 con dar negativo en las pruebas de PCR y ant\u00edgenos para ir a restaurantes, cines o incluso peluquer\u00edas: a partir de ahora habr\u00e1 que vacunarse. <\/span><\/li>\n<li style=\"font-weight: 400;\" aria-level=\"1\"><span style=\"font-weight: 400;\">Para ir a trabajar, tendr\u00e1s que hacerte la prueba todos los d\u00edas o te descontar\u00e1n el sueldo.<\/span><\/li>\n<li style=\"font-weight: 400;\" aria-level=\"1\"><span style=\"font-weight: 400;\">Actualmente, la tasa de vacunaci\u00f3n en Alemania se sit\u00faa en 68%, muy lejos de la inmunidad colectiva.<\/span><\/li>\n<\/ul>\n<\/li>\n<li><span style=\"font-weight: 400;\">El Jefe del Estado declar\u00f3 que esperaba \u201cla opini\u00f3n de las autoridades sanitarias\u201d sobre la utilidad de una tercera dosis para toda la poblaci\u00f3n.<\/span><\/li>\n<li><span style=\"font-weight: 400;\">Tambi\u00e9n considera que el confinamiento de personas no vacunadas no es necesario en Francia<\/span>\n<ul>\n<li style=\"font-weight: 400;\" aria-level=\"1\"><span style=\"font-weight: 400;\">El Gobierno considera que el pase sanitario es actualmente suficiente para fomentar la vacunaci\u00f3n y contener la pandemia.<\/span><\/li>\n<\/ul>\n<\/li>\n<li><span style=\"font-weight: 400;\">En Israel, la campa\u00f1a de retirada iniciada en julio est\u00e1 demostrando su eficacia.<\/span>\n<ul>\n<li style=\"font-weight: 400;\" aria-level=\"1\"><span style=\"font-weight: 400;\">El pa\u00eds no ha registrado un nuevo pico de casos de infecci\u00f3n y el n\u00famero de casos activos incluso cay\u00f3 por debajo de la marca de los 10.000 a finales de octubre.<\/span><\/li>\n<\/ul>\n<\/li>\n<li><span style=\"font-weight: 400;\">En Francia, el n\u00famero de casos est\u00e1 creciendo muy r\u00e1pidamente, con una media de 13.000 casos detectados al d\u00eda (+43%), pero el impacto en los hospitales sigue siendo moderado:<\/span>\n<ul>\n<li style=\"font-weight: 400;\" aria-level=\"1\"><span style=\"font-weight: 400;\">+43% de ingresos hospitalarios en una semana<\/span><\/li>\n<li aria-level=\"1\"><span style=\"font-weight: 400;\">+37% de ingresos en cuidados cr\u00edticos durante una semana<\/span><\/li>\n<\/ul>\n<\/li>\n<li><span style=\"font-weight: 400;\">Hasta la fecha, 4.674.068 personas han recibido la 3\u00aa dosis de refuerzo.<\/span><\/li>\n<\/ul>\n<h2 style=\"text-align: left; color: #ba2123; font-size: 25px;\">VIERNES 12 de noviembre de 2021<\/h2>\n<ul>\n<li><span style=\"font-weight: 400;\">El Jefe del Estado franc\u00e9s anunci\u00f3 el martes que los mayores de 65 a\u00f1os tendr\u00edan que recibir una dosis de refuerzo si quer\u00edan conservar su tarjeta sanitaria.<\/span><\/li>\n<li><span style=\"font-weight: 400;\">Tras contraer el virus COVID-19, nuestros anticuerpos nos protegen entre uno y dos a\u00f1os.<\/span><\/li>\n<li><span style=\"font-weight: 400;\">Pa\u00edses en los que la epidemia se acelera:\u00a0<\/span>\n<ul>\n<li aria-level=\"1\"><span style=\"font-weight: 400;\">Estonia: 1.300 casos por mill\u00f3n de COVID hoy, frente a 844 a mediados de octubre<\/span><\/li>\n<li aria-level=\"1\"><span style=\"font-weight: 400;\">En Bulgaria, Ruman\u00eda, Croacia y Eslovaquia, la tasa de incidencia es de 500 casos por cada 100.000 habitantes.<\/span><\/li>\n<li aria-level=\"1\"><span style=\"font-weight: 400;\">En Alemania, el jueves se super\u00f3 la barrera de las 50.000 nuevas infecciones diarias.<\/span><\/li>\n<li aria-level=\"1\"><span style=\"font-weight: 400;\">Austria: donde el 65% de la poblaci\u00f3n est\u00e1 totalmente vacunada, el Canciller ha anunciado que quiere imponer el confinamiento s\u00f3lo a las personas no vacunadas.<\/span><\/li>\n<li aria-level=\"1\"><span style=\"font-weight: 400;\">En B\u00e9lgica, se propone una dosis de refuerzo de la vacuna para toda la poblaci\u00f3n, en un momento en que el pa\u00eds registra 8.000 nuevas infecciones al d\u00eda.<\/span><\/li>\n<li aria-level=\"1\"><span style=\"font-weight: 400;\">Los Pa\u00edses Bajos restablecer\u00e1n algunas restricciones sanitarias ante el aumento de casos<\/span><\/li>\n<li aria-level=\"1\"><span style=\"font-weight: 400;\">El Reino Unido registra un ligero descenso, con 40.000 nuevos casos diarios<\/span><\/li>\n<\/ul>\n<\/li>\n<li><span style=\"font-weight: 400;\">El Primer Ministro noruego anunci\u00f3 el viernes que el pa\u00eds volver\u00eda a imponer restricciones en respuesta al aumento de casos de<\/span><\/li>\n<li><span style=\"font-weight: 400;\">La tasa de incidencia se dispara en Francia, con un aumento de 44% en una semana<\/span>\n<ul>\n<li aria-level=\"1\"><span style=\"font-weight: 400;\">Una media de 94 casos por cada 100.000 habitantes<\/span><\/li>\n<li aria-level=\"1\"><span style=\"font-weight: 400;\">Los incidentes son m\u00e1s frecuentes entre los treinta\u00f1eros: 131 casos por cada 100.000 habitantes.<\/span><\/li>\n<\/ul>\n<\/li>\n<\/ul>\n<ul>\n<li><span style=\"font-weight: 400;\">Israel es el tercer pa\u00eds que autoriza la vacunaci\u00f3n de ni\u00f1os de 5 a 11 a\u00f1os, despu\u00e9s de Cuba y Estados Unidos.<\/span>\n<ul>\n<li aria-level=\"1\"><span style=\"font-weight: 400;\">Estos ni\u00f1os recibir\u00e1n dosis especialmente adaptadas desarrolladas por Pfizer<\/span><\/li>\n<\/ul>\n<\/li>\n<\/ul>\n<ul>\n<li><span style=\"font-weight: 400;\">El sur de Europa sigue a salvo de lo que parece el inicio de la 5\u00aa oleada de la epidemia<\/span><\/li>\n<li><span style=\"font-weight: 400;\">A partir de este mi\u00e9rcoles, los viajeros no vacunados de Alemania, Austria, B\u00e9lgica, Grecia, Hungr\u00eda, Irlanda, los Pa\u00edses Bajos y la Rep\u00fablica Checa tendr\u00e1n que presentar una prueba PCR negativa de menos de 24 horas de antig\u00fcedad para viajar a Francia.<\/span><\/li>\n<li><span style=\"font-weight: 400;\">Hasta la fecha, 3.840.517 personas han recibido en Francia la tercera dosis de la vacuna.<\/span><\/li>\n<\/ul>\n<h2 style=\"text-align: left; color: #ba2123; font-size: 25px;\">VIERNES 5 de noviembre de 2021<\/h2>\n<ul>\n<li><span style=\"font-weight: 400;\">A partir del pr\u00f3ximo lunes, la m\u00e1scara volver\u00e1 a las escuelas de 39 departamentos franceses donde ya no era obligatoria.<\/span>\n<ul>\n<li style=\"font-weight: 400;\" aria-level=\"1\"><span style=\"font-weight: 400;\">Esto se aplica a los departamentos en los que el \u00edndice de incidencia ha sido superior a 50 durante cinco d\u00edas seguidos.<\/span><\/li>\n<li aria-level=\"1\"><span style=\"font-weight: 400;\">En la actualidad participan 61 departamentos<\/span><\/li>\n<\/ul>\n<\/li>\n<li><span style=\"font-weight: 400;\">El gigante estadounidense Pfizer ha anunciado que su tratamiento antiv\u00edrico reduce el riesgo de formas graves del virus en 98%.<\/span>\n<ul>\n<li style=\"font-weight: 400;\" aria-level=\"1\"><span style=\"font-weight: 400;\">En vista de esta eficacia, Pfizer interrumpi\u00f3 los ensayos para acelerar la solicitud de autorizaci\u00f3n de comercializaci\u00f3n en Estados Unidos.<\/span><\/li>\n<\/ul>\n<\/li>\n<li><span style=\"font-weight: 400;\">El Reino Unido se convierte en el primer pa\u00eds que autoriza un tratamiento oral para la COVID-19 denominado Molnupiravir<\/span><\/li>\n<li><span style=\"font-weight: 400;\">Hasta la fecha, 48% de la poblaci\u00f3n susceptible de recibir la dosis de refuerzo la han recibido.<\/span><\/li>\n<li><span style=\"font-weight: 400;\">El Parlamento da luz verde a la pr\u00f3rroga del c\u00e9ntimo sanitario hasta el 31 de julio<\/span><\/li>\n<li><span style=\"font-weight: 400;\">La Organizaci\u00f3n Mundial de la Salud teme un aumento de los casos de COVID-19 durante el invierno, por 2 razones principales:<\/span>\n<ul>\n<li style=\"font-weight: 400;\" aria-level=\"1\"><span style=\"font-weight: 400;\">Cobertura de vacunaci\u00f3n insuficiente<\/span><\/li>\n<li aria-level=\"1\"><span style=\"font-weight: 400;\">Una flexibilizaci\u00f3n significativa de las medidas sanitarias y sociales<\/span><\/li>\n<\/ul>\n<\/li>\n<li><span style=\"font-weight: 400;\">Seg\u00fan la OMS, esta situaci\u00f3n podr\u00eda causar la muerte de medio mill\u00f3n de personas m\u00e1s en el continente europeo de aqu\u00ed a febrero de 2022.<\/span><\/li>\n<li><span style=\"font-weight: 400;\">El Presidente de la Rep\u00fablica Francesa se dirigir\u00e1 pr\u00f3ximamente a los franceses, como se comprometi\u00f3 a hacer en su \u00faltimo discurso del 12 de julio.<\/span><\/li>\n<li><span style=\"font-weight: 400;\">La vacunaci\u00f3n de las personas mayores podr\u00eda ser obligatoria en breve <\/span><\/li>\n<li><span style=\"font-weight: 400;\">Hasta la fecha, 51.236.943 millones de personas han recibido una primera dosis de la vacuna y 3.028.581 han recibido una tercera dosis.<\/span><\/li>\n<\/ul>\n<h2 style=\"text-align: left; color: #ba2123; font-size: 25px;\">VIERNES 27 DE OCTUBRE DE 2021<\/h2>\n<ul>\n<li><span style=\"font-weight: 400;\">La Academia Francesa de Medicina se opone a condicionar el paso sanitario a una tercera dosis<\/span>\n<ul>\n<li style=\"font-weight: 400;\" aria-level=\"1\"><span style=\"font-weight: 400;\">El Gobierno espera las recomendaciones cient\u00edficas antes de pronunciarse<\/span><\/li>\n<\/ul>\n<\/li>\n<li><span style=\"font-weight: 400;\">Las autoridades sanitarias confirman la reanudaci\u00f3n de la epidemia en Francia <\/span>\n<ul>\n<li style=\"font-weight: 400;\" aria-level=\"1\"><span style=\"font-weight: 400;\">Hubo un aumento de 2% en ingresos hospitalarios y de 12% en ingresos en cuidados cr\u00edticos.<\/span><\/li>\n<\/ul>\n<\/li>\n<li><span style=\"font-weight: 400;\">Seg\u00fan estudios cient\u00edficos realizados en Israel, parece que la inmunidad a la vacuna desaparece gradualmente en un periodo de meses.<\/span><\/li>\n<li><span style=\"font-weight: 400;\">Novedades en nuestras escuelas : <\/span>\n<ul>\n<li aria-level=\"1\"><span style=\"font-weight: 400;\">20 escuelas cerradas de 59.650, es decir, 0,03% (esto s\u00f3lo afecta a las escuelas)<\/span><\/li>\n<li aria-level=\"1\"><span style=\"font-weight: 400;\">1 246 clases cerradas de 527 200, es decir, 0,24%<\/span><\/li>\n<li aria-level=\"1\"><span style=\"font-weight: 400;\">3.620 casos de covirus en alumnos de 12.223.000, es decir, 0,03% acumulados en los \u00faltimos 7 d\u00edas<\/span><\/li>\n<li aria-level=\"1\"><span style=\"font-weight: 400;\">257 casos de covirus entre el personal de un total de 1.201.500, es decir, 0,02% acumulados en los \u00faltimos 7 d\u00edas<\/span><\/li>\n<\/ul>\n<\/li>\n<li><span style=\"font-weight: 400;\">Hasta la fecha, 51.147.229 personas han recibido una primera dosis de la vacuna, incluidas 49.937.559 personas que han completado el calendario de vacunaci\u00f3n completo.<\/span><\/li>\n<\/ul>\n<h2 style=\"text-align: left; color: #ba2123; font-size: 25px;\">VIERNES 22 DE OCTUBRE DE 2021<\/h2>\n<ul>\n<li><span style=\"font-weight: 400;\">La tarjeta sanitaria ha sido aprobada por 62% de los franceses, frente a 57% el pasado mes de febrero.<\/span>\n<ul>\n<li style=\"font-weight: 400;\" aria-level=\"1\"><span style=\"font-weight: 400;\">Casi la mitad considera positiva en general la respuesta del Gobierno a la crisis sanitaria, frente a un tercio el pasado mes de mayo.<\/span><\/li>\n<\/ul>\n<\/li>\n<li><span style=\"font-weight: 400;\">Seg\u00fan el Ministro franc\u00e9s de Sanidad y Solidaridad, se ha producido un peque\u00f1o aumento del COVID-19, pero por el momento no ha tenido repercusiones en la salud.<\/span><span style=\"font-weight: 400;\">\u00a0<\/span>\n<ul>\n<li style=\"font-weight: 400;\" aria-level=\"1\"><span style=\"font-weight: 400;\">Una media de 5.000 nuevos casos<\/span><\/li>\n<\/ul>\n<\/li>\n<li><span style=\"font-weight: 400;\">En la \u00faltima semana, el n\u00famero de pruebas de detecci\u00f3n ha descendido<\/span>\n<ul>\n<li aria-level=\"1\"><span style=\"font-weight: 400;\">250.000 pruebas menos que la semana pasada<\/span><\/li>\n<li aria-level=\"1\"><span style=\"font-weight: 400;\">El sindicato Solidaires ha presentado una solicitud ante el Conseil d'\u00c9tat para que se ponga fin a la gratuidad de las pruebas de detecci\u00f3n COVID-19.<\/span><\/li>\n<\/ul>\n<\/li>\n<li><span style=\"font-weight: 400;\">Refuerzo de la vacuna COVID-19: \u00bfCu\u00e1les son los criterios de admisibilidad?<\/span>\n<ul>\n<li aria-level=\"1\"><span style=\"font-weight: 400;\">Tener m\u00e1s de 65 a\u00f1os seis meses despu\u00e9s de recibir la \u00faltima dosis de la vacuna.<\/span><\/li>\n<li aria-level=\"1\"><span style=\"font-weight: 400;\">Estar inmunodeprimido o tener una comorbilidad 3 meses despu\u00e9s de la \u00faltima inyecci\u00f3n<\/span><\/li>\n<li style=\"font-weight: 400;\" aria-level=\"1\"><span style=\"font-weight: 400;\">Haber recibido una dosis \u00fanica de la vacuna (Janssen), cuatro semanas despu\u00e9s de la primera inyecci\u00f3n<\/span><\/li>\n<li aria-level=\"1\"><span style=\"font-weight: 400;\">Hasta la fecha, unos 25 millones de personas cumplen estos criterios de admisibilidad.<\/span><\/li>\n<\/ul>\n<\/li>\n<li>A pesar de las protestas, Marruecos lanza un pase de vacunaci\u00f3n con efecto inmediato<\/li>\n<li><span style=\"font-weight: 400;\">Desde el inicio de la crisis, entre 80.000 y 180.000 cuidadores han muerto a causa del virus entre enero de 2020 y mayo de 2021.<\/span><\/li>\n<li><span style=\"font-weight: 400;\">Seg\u00fan Pfizer\/BioNTech, la tercera vacuna, tambi\u00e9n conocida como dosis \u201cde refuerzo\u201d, es eficaz en un 95,6% contra las formas sintom\u00e1ticas de la enfermedad.<\/span><\/li>\n<li><span style=\"font-weight: 400;\">Hasta la fecha, 49.679.838 personas han sido totalmente vacunadas y 50.958.869 han recibido una primera dosis de la vacuna.<\/span><\/li>\n<\/ul>\n<h2 style=\"text-align: left; color: #ba2123; font-size: 25px;\">VIERNES 15 DE OCTUBRE DE 2021<\/h2>\n<ul style=\"font-weight: 400;\">\n<li><span style=\"font-weight: 400;\">Ya hemos llegado al final de las pruebas COVID gratuitas:<\/span>\n<ul>\n<li style=\"font-weight: 400;\" aria-level=\"1\"><span style=\"font-weight: 400;\">Todas las personas no vacunadas tendr\u00e1n que pagar ahora una prueba:<\/span>\n<ul>\n<li style=\"font-weight: 400;\" aria-level=\"1\"><span style=\"font-weight: 400;\">Casi 44 euros por una prueba PCR<\/span><\/li>\n<li aria-level=\"1\"><span style=\"font-weight: 400;\">5,20 para un autodiagn\u00f3stico realizado ante un profesional<\/span><\/li>\n<li style=\"font-weight: 400;\" aria-level=\"1\"><span style=\"font-weight: 400;\">22 por una prueba de ant\u00edgenos de laboratorio\u00a0<\/span><\/li>\n<li aria-level=\"1\"><span style=\"font-weight: 400;\">De 25 a 30 euros por una prueba de ant\u00edgenos en una farmacia<\/span><\/li>\n<\/ul>\n<\/li>\n<\/ul>\n<\/li>\n<\/ul>\n<ul>\n<li aria-level=\"1\"><span style=\"font-weight: 400;\">Estas pruebas seguir\u00e1n siendo gratuitas para todos los franceses que hayan completado su calendario de vacunaci\u00f3n, para los que dispongan de receta m\u00e9dica y para los menores.<\/span><\/li>\n<li aria-level=\"1\"><span style=\"font-weight: 400;\">Si la prueba se realiza \u00abcon fines de cribado\u00bb, seg\u00fan el gobierno, tambi\u00e9n se reembolsa.<\/span><\/li>\n<\/ul>\n<ul>\n<li><span style=\"font-weight: 400;\">En las \u00faltimas 24 horas<\/span>\u00a0:\n<ul>\n<li aria-level=\"1\"><span style=\"font-weight: 400;\">5187 nuevos casos registrados<\/span><\/li>\n<li aria-level=\"1\"><span style=\"font-weight: 400;\">Se registraron 38 muertes en el hospital<\/span><\/li>\n<li aria-level=\"1\"><span style=\"font-weight: 400;\">44 nuevos ingresos en cuidados intensivos<\/span><\/li>\n<li aria-level=\"1\"><span style=\"font-weight: 400;\">206 nuevos ingresos hospitalarios<\/span><\/li>\n<\/ul>\n<\/li>\n<li><span style=\"font-weight: 400;\">Por el momento :<\/span>\n<ul>\n<li aria-level=\"1\"><span style=\"font-weight: 400;\">1075 pacientes en cuidados intensivos<\/span><\/li>\n<li aria-level=\"1\"><span style=\"font-weight: 400;\">6.523 pacientes hospitalizados<\/span><\/li>\n<\/ul>\n<\/li>\n<\/ul>\n<ul>\n<li><span style=\"font-weight: 400;\">En casi 36 departamentos, la tasa de incidencia ha aumentado durante la \u00faltima semana<\/span>\n<ul>\n<li aria-level=\"1\"><span style=\"font-weight: 400;\">Esta situaci\u00f3n se est\u00e1 vigilando principalmente en Loz\u00e8re, donde la tasa de incidencia se ha duplicado en siete d\u00edas.<\/span><\/li>\n<li aria-level=\"1\"><span style=\"font-weight: 400;\">El uso de mascarilla volver\u00e1 a ser obligatorio a partir del 18 de octubre en las escuelas primarias.<\/span><\/li>\n<\/ul>\n<\/li>\n<\/ul>\n<ul>\n<li><span style=\"font-weight: 400;\">Desde el inicio de la crisis sanitaria, los investigadores que se manifiestan en los medios de comunicaci\u00f3n son cada vez m\u00e1s objeto de amenazas y acoso:<\/span>\n<ul>\n<li aria-level=\"1\"><span style=\"font-weight: 400;\">Un estudio revela que m\u00e1s de <\/span><span style=\"font-weight: 400;\">m\u00e1s de 300 cient\u00edficos que se pronunciaron en los medios de comunicaci\u00f3n o en las redes sociales. Dos tercios de los encuestados informaron de experiencias negativas tras estas apariciones.<\/span><\/li>\n<\/ul>\n<\/li>\n<li><span style=\"font-weight: 400;\">Hasta la fecha, 50.747.857 personas han recibido su primera dosis de vacuna. Al mismo tiempo, 49.374.474 personas han completado su calendario de vacunaci\u00f3n.<\/span><\/li>\n<\/ul>\n<h2 style=\"text-align: left; color: #ba2123; font-size: 25px;\">VIERNES 8 DE OCTUBRE DE 2021<\/h2>\n<ul style=\"font-weight: 400;\">\n<li><span style=\"font-weight: 400;\">El Consejo Cient\u00edfico Asesor recomienda que el pase sanitario se retire progresivamente entre mediados de noviembre y finales de a\u00f1o, para dar tiempo a ver c\u00f3mo evoluciona la situaci\u00f3n de la epidemia en relaci\u00f3n con el tiempo.<\/span><\/li>\n<li><span style=\"font-weight: 400;\">A partir del pr\u00f3ximo viernes, las pruebas de detecci\u00f3n de COVID ser\u00e1n de pago<\/span>\n<ul>\n<li style=\"font-weight: 400;\" aria-level=\"1\"><span style=\"font-weight: 400;\">Las personas que no se hayan vacunado y no tengan receta tendr\u00e1n que pagar : <\/span>\n<ul>\n<li style=\"font-weight: 400;\" aria-level=\"1\"><span style=\"font-weight: 400;\">5,20 para un autodiagn\u00f3stico realizado ante un profesional<\/span><\/li>\n<li aria-level=\"1\"><span style=\"font-weight: 400;\">Casi 44 euros por una prueba PCR v\u00e1lida durante 72 horas<\/span><\/li>\n<li style=\"font-weight: 400;\" aria-level=\"1\"><span style=\"font-weight: 400;\">22 por una prueba de ant\u00edgenos de laboratorio\u00a0<\/span><\/li>\n<li aria-level=\"1\"><span style=\"font-weight: 400;\">De 25 a 30 euros por una prueba de ant\u00edgenos en una farmacia<\/span><\/li>\n<\/ul>\n<\/li>\n<\/ul>\n<\/li>\n<\/ul>\n<ul>\n<li><span style=\"font-weight: 400;\">El jueves, Pzifer present\u00f3 una solicitud a la Administraci\u00f3n de Alimentos y Medicamentos de EE.UU. para que diera luz verde a la vacuna desarrollada con BioNTech contra el Covid-19 en ni\u00f1os de 5 a 11 a\u00f1os.<\/span>\n<ul>\n<li style=\"font-weight: 400;\" aria-level=\"1\"><span style=\"font-weight: 400;\">La dosis se ajust\u00f3 a 10 microgramos por inyecci\u00f3n, frente a los 30 microgramos de los grupos m\u00e1s antiguos.<\/span><\/li>\n<li style=\"font-weight: 400;\" aria-level=\"1\"><span style=\"font-weight: 400;\">Este grupo de edad representa a 28 millones de ni\u00f1os estadounidenses.<\/span><\/li>\n<\/ul>\n<\/li>\n<li><span style=\"font-weight: 400;\">La campa\u00f1a para la 3\u00aa dosis est\u00e1 abierta a los cuidadores desde este jueves<\/span><span style=\"font-weight: 400;\">\u00a0<\/span>\n<ul>\n<li style=\"font-weight: 400;\" aria-level=\"1\"><span style=\"font-weight: 400;\">Por el momento, este recordatorio no es obligatorio.<\/span><\/li>\n<\/ul>\n<\/li>\n<\/ul>\n<ul>\n<li><span style=\"font-weight: 400;\">En Israel, los efectos alentadores de la tercera dosis de :<\/span>\n<ul>\n<li aria-level=\"1\"><span style=\"font-weight: 400;\">Casi 40% de los israel\u00edes han recibido tres dosis<\/span><\/li>\n<li aria-level=\"1\"><span style=\"font-weight: 400;\">En septiembre, el n\u00famero de nuevos casos diarios se acerc\u00f3 o super\u00f3 la barrera de los 11.000, antes de descender a 3.119 el 6 de octubre.<\/span><\/li>\n<li aria-level=\"1\"><span style=\"font-weight: 400;\">El n\u00famero de pacientes graves es ahora de 472, frente a los 759 del 30 de agosto.<\/span><\/li>\n<\/ul>\n<\/li>\n<li><span style=\"font-weight: 400;\">Hasta la fecha, 48.989.674 personas se han vacunado completamente y 50.523.678 se han vacunado por primera vez.<\/span><\/li>\n<\/ul>\n<h2 style=\"text-align: left; color: #ba2123; font-size: 25px;\">VIERNES 1 DE OCTUBRE DE 2021<\/h2>\n<ul>\n<li>La DREES muestra que la diferencia entre vacunados y no vacunados sigue siendo significativa:\n<ul>\n<li aria-level=\"1\"><span style=\"font-weight: 400;\">Hay ocho veces m\u00e1s pruebas positivas entre las personas que no han sido vacunadas que entre las que han recibido todas las vacunas.<\/span><\/li>\n<li aria-level=\"1\"><span style=\"font-weight: 400;\">Entre el 13 y el 19 de septiembre, se produjeron 11 muertes por cada mill\u00f3n de personas no vacunadas, frente a las 2 de las plenamente vacunadas. Es decir, 6 veces m\u00e1s muertes entre los no vacunados que entre los totalmente vacunados.<\/span><\/li>\n<\/ul>\n<\/li>\n<li><span style=\"font-weight: 400;\">El Ministerio de Educaci\u00f3n franc\u00e9s ha anunciado el cierre de casi 1.700 clases a causa de la COVID-19 : <\/span>\n<ul>\n<li aria-level=\"1\"><span style=\"font-weight: 400;\">Esta cifra es inferior a la anterior de 2.366 aulas cerradas.<\/span><\/li>\n<\/ul>\n<\/li>\n<\/ul>\n<ul>\n<li><span style=\"font-weight: 400;\">Las tarjetas sanitarias son obligatorias para los j\u00f3venes de 12 a 17 a\u00f1os <\/span>\n<ul>\n<li aria-level=\"1\"><span style=\"font-weight: 400;\">Los j\u00f3venes menores de edad deben presentar un c\u00f3digo QR v\u00e1lido que demuestre la vacunaci\u00f3n completa, una prueba negativa de menos de 72 horas de antig\u00fcedad o un certificado de recuperaci\u00f3n de Covid-19.<\/span><\/li>\n<\/ul>\n<\/li>\n<\/ul>\n<ul>\n<li><span style=\"font-weight: 400;\">Cierra sus puertas el vacun\u00f3dromo del Estadio de Francia, donde se administraron casi medio mill\u00f3n de dosis en 6 meses.<\/span><\/li>\n<li><span style=\"font-weight: 400;\">A partir del pr\u00f3ximo lunes, ya no ser\u00e1 obligatorio que los alumnos de primaria lleven mascarilla en 47 departamentos franceses.<\/span>\n<ul>\n<li aria-level=\"1\"><span style=\"font-weight: 400;\">En todos estos departamentos, la tasa de incidencia fue inferior a 50 durante 5 d\u00edas consecutivos.<\/span><\/li>\n<\/ul>\n<\/li>\n<li>Sanofi anunci\u00f3 el martes que deten\u00eda el desarrollo de su vacuna de ARN mensajero<\/li>\n<li><span style=\"font-weight: 400;\">En Nueva Caledonia, el bloqueo se ha prolongado dos semanas debido a la excesiva circulaci\u00f3n de Covid-19.<\/span>\n<ul>\n<li style=\"font-weight: 400;\" aria-level=\"2\"><span style=\"font-weight: 400;\">En las \u00faltimas 24 horas se han producido 10 muertes m\u00e1s, lo que eleva el total a 129.<\/span><\/li>\n<\/ul>\n<\/li>\n<\/ul>\n<ul>\n<li><span style=\"font-weight: 400;\">Hasta la fecha, se ha inyectado la primera dosis de la vacuna a 50.285.691 personas.<\/span><\/li>\n<li><span style=\"font-weight: 400;\">Al mismo tiempo, 48.528.074 personas han sido vacunadas en su totalidad.<\/span><\/li>\n<\/ul>\n<h2 style=\"text-align: left; color: #ba2123; font-size: 25px;\">VIERNES 17 DE SEPTIEMBRE DE 2021<\/h2>\n<ul>\n<li>Emmanuel Macron se declara dispuesto a \u201clevantar el c\u00e9ntimo sanitario\u201d en determinados \u00e1mbitos<\/li>\n<li>La Polinesia Francesa anuncia una relajaci\u00f3n de las restricciones sanitarias:\n<ul>\n<li aria-level=\"1\">El bloqueo se levantar\u00e1 por completo excepto en las islas m\u00e1s pobladas, donde seguir\u00e1 vigente durante el fin de semana.<\/li>\n<li aria-level=\"1\">El toque de queda permanecer\u00e1 en vigor entre las 21.00 y las 4.00 horas.<\/li>\n<li aria-level=\"1\">Los restaurantes podr\u00e1n reabrir y se permitir\u00e1 hacer deporte. Sin embargo, los museos, salas de exposiciones y cines permanecen cerrados.<\/li>\n<\/ul>\n<\/li>\n<li>En la regi\u00f3n de los Pirineos Atl\u00e1nticos, se suavizar\u00e1 la obligaci\u00f3n de llevar mascarilla en la costa<\/li>\n<li>Algo m\u00e1s de 3.000 clases se han cerrado desde el inicio del curso escolar debido a Covid-19.\n<ul>\n<li aria-level=\"1\">Esto representa el 0,5% de las 540.000 aulas del pa\u00eds.<\/li>\n<\/ul>\n<\/li>\n<\/ul>\n<ul>\n<li>El protocolo sanitario se mantiene en el nivel 2\n<ul>\n<li aria-level=\"1\">Seg\u00fan el Ministerio de Educaci\u00f3n franc\u00e9s, 67% de los j\u00f3venes de 12 a 17 a\u00f1os han recibido una dosis de la vacuna, mientras que 54% han sido vacunados completamente.<\/li>\n<\/ul>\n<\/li>\n<\/ul>\n<ul>\n<li>El Ministro de Sanidad ha anunciado que casi 3.000 han sido suspendidos por negarse a vacunar. Sin embargo, afirma que muchas de estas suspensiones son solo temporales.<\/li>\n<li>Cifras clave :\n<ul>\n<li aria-level=\"1\">Algo m\u00e1s de 8.000 nuevos casos en 24 horas, frente a los m\u00e1s de 11.000 de hace una semana.<\/li>\n<li aria-level=\"1\">9297 personas est\u00e1n actualmente hospitalizadas por infecci\u00f3n de COVID-19<\/li>\n<li aria-level=\"1\">1952 personas actualmente en cuidados intensivos<\/li>\n<\/ul>\n<\/li>\n<li>Las estad\u00edsticas bajan a nivel nacional<\/li>\n<li>El hito de los 50 millones de vacunaciones primarias deber\u00eda superarse este fin de semana<\/li>\n<li>Hasta la fecha, 47.133.318 personas han sido vacunadas en su totalidad.<\/li>\n<\/ul>\n<h2 style=\"text-align: left; color: #ba2123; font-size: 25px;\">VIERNES 10 DE SEPTIEMBRE DE 2021<\/h2>\n<ul>\n<li><span style=\"font-weight: 400;\">La lista de pa\u00edses en situaci\u00f3n de riesgo sanitario sigue evolucionando:<\/span>\n<ul>\n<li style=\"font-weight: 400;\" aria-level=\"2\"><span style=\"font-weight: 400;\">Estados Unidos e Israel clasificados en la zona naranja<\/span><\/li>\n<\/ul>\n<\/li>\n<li><span style=\"font-weight: 400;\">Desde el inicio del curso escolar se han cerrado 545 clases debido a casos de Covid-19. Esto representa el 0,1% del n\u00famero total de clases. Esto representa el 0,1% del n\u00famero total de clases.<\/span><\/li>\n<li><span style=\"font-weight: 400;\">Moderna trabaja en una nueva vacuna para combinar la 3\u00aa dosis con la de la gripe <\/span><\/li>\n<li>La Orden de M\u00e9dicos pide el acceso inmediato a la 3\u00aa dosis de vacunas\n<ul>\n<li style=\"font-weight: 400;\" aria-level=\"1\"><span style=\"font-weight: 400;\">Desde el 1 de septiembre se han administrado 120.000 inyecciones de refuerzo<\/span><\/li>\n<\/ul>\n<\/li>\n<li><span style=\"font-weight: 400;\">\u00bfY las variantes de COVID-19?<\/span>\n<ul>\n<li style=\"font-weight: 400;\" aria-level=\"1\"><span style=\"font-weight: 400;\">La variante MU de Colombia sigue clasificada como \u201cvariante a vigilar\u201d por la OMS<\/span><\/li>\n<li aria-level=\"1\"><span style=\"font-weight: 400;\">La variante C.1.2 descubierta en Sud\u00e1frica presenta mutaciones en su genoma similares a otras variantes preocupantes, como la Delta. Por este motivo, permanece bajo estrecha vigilancia de las autoridades sanitarias.<\/span><\/li>\n<li aria-level=\"1\"><span style=\"font-weight: 400;\">La variante lambda identificada en Per\u00fa en agosto de 2020 se considera una variante de inter\u00e9s desde junio de 2021.<\/span><\/li>\n<li style=\"font-weight: 400;\" aria-level=\"1\"><span style=\"font-weight: 400;\">La variante Delta, mayoritaria en Francia desde principios de julio, es entre 40 y 60% m\u00e1s transmisible que la variante Alfa. Sin embargo, a\u00fan es pronto para saber si es inmune a la evasi\u00f3n.<\/span><\/li>\n<\/ul>\n<\/li>\n<li><span style=\"font-weight: 400;\">El viernes, Dinamarca levant\u00f3 todas sus restricciones sanitarias. Se convierte as\u00ed en el primer pa\u00eds europeo en volver a un estilo de vida \u201cprecov\u00eddico\u201d.\u201d<\/span><\/li>\n<li><span style=\"font-weight: 400;\">Cifras clave desde el inicio de la epidemia :<\/span>\n<ul>\n<li style=\"font-weight: 400;\" aria-level=\"1\"><span style=\"font-weight: 400;\">6.877.825 casos de Covid-19<\/span><\/li>\n<li style=\"font-weight: 400;\" aria-level=\"1\"><span style=\"font-weight: 400;\">115.363 muertes, m\u00e1s de 26.000 de ellas en residencias de ancianos<\/span><\/li>\n<li style=\"font-weight: 400;\" aria-level=\"1\"><span style=\"font-weight: 400;\">10.323 ingresos hospitalarios en curso <\/span><\/li>\n<li style=\"font-weight: 400;\" aria-level=\"1\"><span style=\"font-weight: 400;\">2195 reanimaciones en curso\u00a0<\/span><\/li>\n<\/ul>\n<\/li>\n<li>Hasta la fecha, 46.077.914 personas han sido vacunadas en su totalidad, mientras que 49.239.856 personas han recibido al menos una primera dosis de la vacuna.<\/li>\n<\/ul>\n<h2 style=\"text-align: left; color: #ba2123; font-size: 25px;\">VIERNES 3 DE SEPTIEMBRE DE 2021<\/h2>\n<ul>\n<li><span style=\"font-weight: 400;\">Han aparecido nuevas variantes:<\/span>\n<ul>\n<li style=\"font-weight: 400;\" aria-level=\"1\"><span style=\"font-weight: 400;\">La variante MU descubierta en Colombia no est\u00e1 presente actualmente en Francia. Est\u00e1 clasificada como \u201cvariante a vigilar\u201d por la OMS.<\/span><\/li>\n<li style=\"font-weight: 400;\" aria-level=\"1\"><span style=\"font-weight: 400;\">La aparici\u00f3n de la variante sudafricana conocida como C.1.2 podr\u00eda preocupar a los cient\u00edficos. Sin embargo, a\u00fan es pronto para determinar su evoluci\u00f3n.<\/span><\/li>\n<\/ul>\n<\/li>\n<li><span style=\"font-weight: 400;\">El Ministerio de Sanidad ha indicado que los centros de vacunaci\u00f3n ofrecer\u00e1n la vacuna sin cita previa durante el primer fin de semana del nuevo curso escolar.<\/span><\/li>\n<li><span style=\"font-weight: 400;\">Se acelera la vacunaci\u00f3n del personal sanitario\u00a0<\/span>\n<ul>\n<li style=\"font-weight: 400;\" aria-level=\"1\"><span style=\"font-weight: 400;\">A partir del 15 de septiembre, cualquier persona que no haya recibido al menos una dosis podr\u00e1 ser suspendida del programa de vacunaci\u00f3n.<\/span><\/li>\n<li style=\"font-weight: 400;\" aria-level=\"1\"><span style=\"font-weight: 400;\">Seg\u00fan las previsiones, 90% cuidadores ser\u00e1n vacunados en un plazo de 15 d\u00edas.<\/span><\/li>\n<\/ul>\n<\/li>\n<li><span style=\"font-weight: 400;\">Un indicio de sabotaje en los p\u00e1ramos<\/span>\n<ul>\n<li style=\"font-weight: 400;\" aria-level=\"1\"><span style=\"font-weight: 400;\">entre 10 y 12% de las citas para la primera inyecci\u00f3n de la vacuna contra el c\u00f3vido 19 no se respetaron en la regi\u00f3n de las Landas<\/span><\/li>\n<\/ul>\n<\/li>\n<li><span style=\"font-weight: 400;\">Hasta la fecha, 44.611.426 personas han sido vacunadas en su totalidad y 48.650.125 han recibido al menos una dosis. <\/span><\/li>\n<li><span style=\"font-weight: 400;\">80% de 18 a\u00f1os o m\u00e1s est\u00e1n totalmente vacunados frente a 88% de 65 a\u00f1os o m\u00e1s<\/span><\/li>\n<\/ul>\n<h2 style=\"text-align: left; color: #ba2123; font-size: 25px;\">VIERNES 27 DE AGOSTO DE 2021<\/h2>\n<ul style=\"font-weight: 400;\">\n<li><span style=\"font-weight: 400;\">El ministro franc\u00e9s de Educaci\u00f3n ha aclarado el protocolo sanitario que se aplicar\u00e1 en los colegios a partir del pr\u00f3ximo jueves: se aplicar\u00e1 el nivel 2. Esto puede cambiar en funci\u00f3n de la circulaci\u00f3n del virus. <\/span>:\n<ul>\n<li style=\"font-weight: 400;\" aria-level=\"1\"><span style=\"font-weight: 400;\">En las guarder\u00edas\u00a0<\/span>:\n<ul>\n<li style=\"font-weight: 400;\" aria-level=\"1\"><span style=\"font-weight: 400;\">Los cursos se impartir\u00e1n de forma presencial<\/span><\/li>\n<li aria-level=\"1\"><span style=\"font-weight: 400;\">El uso de mascarilla sigue estando prohibido, una norma que no cambiar\u00e1 independientemente del nivel de circulaci\u00f3n de la epidemia.<\/span><\/li>\n<li aria-level=\"1\"><span style=\"font-weight: 400;\">Clase cerrada en cuanto se detecta el primer caso<\/span><\/li>\n<\/ul>\n<\/li>\n<li><span style=\"font-weight: 400;\">En primaria \/ secundaria \/ bachillerato<\/span>\n<ul>\n<li aria-level=\"1\"><span style=\"font-weight: 400;\">Los cursos se impartir\u00e1n de forma presencial<\/span><\/li>\n<li aria-level=\"1\"><span style=\"font-weight: 400;\">Deben utilizarse mascarillas para interiores<\/span><\/li>\n<li aria-level=\"1\"><span style=\"font-weight: 400;\">Sin embargo, al aire libre, no es obligatorio<\/span><\/li>\n<li aria-level=\"1\"><span style=\"font-weight: 400;\">Se permitir\u00e1n las actividades deportivas de interior, con excepci\u00f3n de los deportes de contacto<\/span><\/li>\n<\/ul>\n<\/li>\n<li style=\"font-weight: 400;\" aria-level=\"1\"><span style=\"font-weight: 400;\">En los centros de ense\u00f1anza secundaria inferior y superior, los casos de contacto no vacunados se aislar\u00e1n en cuanto se confirme que un alumno de la clase en cuesti\u00f3n est\u00e1 infectado.<\/span><\/li>\n<li style=\"font-weight: 400;\" aria-level=\"1\"><span style=\"font-weight: 400;\">En las escuelas primarias, se cerrar\u00e1 autom\u00e1ticamente toda la clase en caso de contaminaci\u00f3n de un alumno.<\/span><\/li>\n<\/ul>\n<\/li>\n<li>Ser\u00e1 posible combinar la vacuna antigripal con el refuerzo COVID, ya que no se han identificado contraindicaciones.<\/li>\n<li><span style=\"font-weight: 400;\">La Polinesia Francesa est\u00e1 sumergida por la epidemia, y s\u00f3lo 34% de la poblaci\u00f3n recibe un calendario de vacunaci\u00f3n completo.<\/span>\n<ul>\n<li style=\"font-weight: 400;\" aria-level=\"1\"><span style=\"font-weight: 400;\">En un solo d\u00eda, el pa\u00eds registr\u00f3 254 hospitalizaciones, 42 de ellas en cuidados intensivos, y 25 fallecimientos.<\/span><\/li>\n<\/ul>\n<\/li>\n<li>Hasta la fecha, 47.843.262 personas han recibido una primera dosis de la vacuna y 42.463.856 franceses han sido completamente vacunados.<\/li>\n<\/ul>\n<h2 style=\"text-align: left; color: #ba2123; font-size: 25px;\">VIERNES 20 AGOSTO 2021<\/h2>\n<ul>\n<li><span style=\"font-weight: 400;\">Con el inicio del nuevo curso escolar cada vez m\u00e1s cerca, surgen dudas sobre el nuevo protocolo, seg\u00fan el cual no se exigir\u00e1 el carn\u00e9 sanitario. <\/span><\/li>\n<li>Una decena de bomberos de Alta Saboya suspendidos de sus funciones por la aplicaci\u00f3n progresiva de la vacunaci\u00f3n obligatoria<\/li>\n<li>El Gobierno ha destinado un presupuesto de 2.000 millones de euros para la compra de vacunas en 2022.<\/li>\n<li>Ante la cr\u00edtica situaci\u00f3n de las Antillas francesas, m\u00e1s de 300 profesionales sanitarios volar\u00e1n desde el aeropuerto de Par\u00eds Orly a Martinica y Guadalupe.\n<ul>\n<li style=\"font-weight: 400;\" aria-level=\"1\"><span style=\"font-weight: 400;\">El 10 de agosto se marcharon 240 m\u00e9dicos, enfermeros y auxiliares, a los que siguieron 120 el pasado martes.<\/span><\/li>\n<li style=\"font-weight: 400;\" aria-level=\"1\"><span style=\"font-weight: 400;\">En Guadalupe, la vacunaci\u00f3n avanza, con 33% de la poblaci\u00f3n que ha recibido su primera dosis.<\/span><\/li>\n<li style=\"font-weight: 400;\" aria-level=\"1\"><span style=\"font-weight: 400;\">En Martinica, s\u00f3lo el 28,8% de la poblaci\u00f3n ha recibido una primera dosis.<\/span><\/li>\n<\/ul>\n<\/li>\n<li>Nueva Zelanda ampl\u00eda su confinamiento a todo el archipi\u00e9lago<\/li>\n<li>En Israel, el gobierno rebaja a 40 a\u00f1os la edad para recibir la tercera dosis de la vacuna.<\/li>\n<li>Francia ha superado la barrera de los 40 millones de personas con el calendario de vacunaci\u00f3n completo. Esto representa el 60% de la poblaci\u00f3n francesa.<\/li>\n<li>Hasta la fecha, 46.842.436 personas han recibido la primera vacuna, lo que se acerca al objetivo de 50 millones para finales de agosto fijado por el Gobierno a principios de verano.<\/li>\n<\/ul>\n<h2 style=\"text-align: left; color: #ba2123; font-size: 25px;\">VIERNES 13 DE AGOSTO DE 2021<\/h2>\n<ul>\n<li><span style=\"font-weight: 400;\">Configuraci\u00f3n de la tarjeta sanitaria :<\/span>\n<ul>\n<li style=\"font-weight: 400;\" aria-level=\"1\"><span style=\"font-weight: 400;\">Esta semana las autoridades se han mostrado flexibles con respecto al carn\u00e9 sanitario, pero la semana que viene empezar\u00e1n a aplicarse multas.<\/span><\/li>\n<li style=\"font-weight: 400;\" aria-level=\"1\"><span style=\"font-weight: 400;\">Los restauradores informan de una afluencia inferior a la de la semana pasada<\/span><\/li>\n<\/ul>\n<\/li>\n<li>Para obtener una tarjeta sanitaria debe :\n<ul>\n<li style=\"font-weight: 400;\" aria-level=\"1\"><span style=\"font-weight: 400;\">Demostrar que se ha vacunado con las dos dosis de la vacuna<\/span><\/li>\n<li style=\"font-weight: 400;\" aria-level=\"1\"><span style=\"font-weight: 400;\">Realizar una prueba PCR o de ant\u00edgenos v\u00e1lida durante 72 horas<\/span><\/li>\n<li style=\"font-weight: 400;\" aria-level=\"1\"><span style=\"font-weight: 400;\">Una autoprueba supervisada por un profesional sanitario, tambi\u00e9n v\u00e1lida durante 72 horas<\/span><\/li>\n<\/ul>\n<\/li>\n<li>La campa\u00f1a de vacunaci\u00f3n de refuerzo comenzar\u00e1 el 15 de septiembre para las personas m\u00e1s vulnerables.<\/li>\n<li>Las citas pueden concertarse a partir de finales de agosto.<\/li>\n<li>La variante Delta plus, conocida por ser m\u00e1s resistente a los anticuerpos que la variante Delta, sigue siendo objeto de un estrecho seguimiento por parte de las autoridades.<\/li>\n<li>Sin embargo, la OMS sigue calific\u00e1ndola de \u201cvariante de inter\u00e9s\u00bb y no de \u201cvariante preocupante\u00bb.\u00bb<\/li>\n<li>Hasta la fecha, 38.185.615 personas han sido vacunadas en su totalidad, y otras 45.517.748 est\u00e1n en proceso de adquirir la segunda dosis.<\/li>\n<\/ul>\n<h2 style=\"text-align: left; color: #ba2123; font-size: 25px;\">VIERNES 23 DE JULIO DE 2021<\/h2>\n<ul>\n<li>La variante delta representa m\u00e1s del 80% de los casos positivos en Francia<\/li>\n<li>PRUEBAS PCR: 80% de los casos positivos son no vacunados<\/li>\n<li>Los casos de contacto vacunados estar\u00e1n exentos de aislamiento en caso de resultado negativo. Esta es la \u00fanica flexibilizaci\u00f3n concedida a las personas totalmente vacunadas en materia de aislamiento.<\/li>\n<li>Sin embargo, las personas vacunadas que hayan dado positivo deben permanecer aisladas durante diez d\u00edas.<\/li>\n<li>Desde el comienzo del verano se han registrado cada vez m\u00e1s agrupaciones:\n<ul>\n<li style=\"font-weight: 400;\" aria-level=\"1\"><span style=\"font-weight: 400;\">Para bodas<\/span><\/li>\n<li style=\"font-weight: 400;\" aria-level=\"1\"><span style=\"font-weight: 400;\">En discotecas<\/span><\/li>\n<li style=\"font-weight: 400;\" aria-level=\"1\"><span style=\"font-weight: 400;\">En campings y otros eventos a los que asistan m\u00e1s de 50 personas<\/span><\/li>\n<\/ul>\n<\/li>\n<li>Con la reanudaci\u00f3n de la epidemia, el uso de mascarilla al aire libre vuelve a ser progresivamente obligatorio en varios departamentos franceses:\n<ul>\n<li style=\"font-weight: 400;\" aria-level=\"1\"><span style=\"font-weight: 400;\">Charente-Maritime\u00a0<\/span><\/li>\n<li style=\"font-weight: 400;\" aria-level=\"1\"><span style=\"font-weight: 400;\">Meurthe-et-Moselle<\/span><\/li>\n<li style=\"font-weight: 400;\" aria-level=\"1\"><span style=\"font-weight: 400;\">H\u00e9rault<\/span><\/li>\n<li style=\"font-weight: 400;\" aria-level=\"1\"><span style=\"font-weight: 400;\">Vend\u00e9e<\/span><\/li>\n<li style=\"font-weight: 400;\" aria-level=\"1\"><span style=\"font-weight: 400;\">Le var y otros<\/span><\/li>\n<\/ul>\n<\/li>\n<li>En el grupo de edad de 10 a 19 a\u00f1os, la tasa de incidencia pas\u00f3 de 63 a 156, lo que supone un aumento de 146% en el espacio de tan s\u00f3lo una semana.<\/li>\n<li>Los treinta\u00f1eros ocuparon el segundo lugar, con 141 casos por cada 100.000 habitantes en la semana 28.<\/li>\n<li>Hasta la fecha, han muerto 4.098.967 personas en todo el mundo, 742.847 de ellas en Europa.<\/li>\n<li>38.599.797 personas han recibido ya una primera dosis de la vacuna y 31.857.094 franceses est\u00e1n totalmente vacunados.<\/li>\n<\/ul>\n<h2 style=\"text-align: left; color: #ba2123; font-size: 25px;\">VIERNES 16 DE JULIO DE 2021<\/h2>\n<ul style=\"font-weight: 400;\">\n<li>Estos son los puntos clave de los anuncios de Emmanuel Macron el lunes 12 de julio:\n<ul>\n<li aria-level=\"1\">Ampliaci\u00f3n del paso sanitario :\n<ul>\n<li aria-level=\"1\">A partir del 21 de julio, para los locales de ocio y cultura que reciban a m\u00e1s de 50 personas<\/li>\n<li aria-level=\"1\">A principios de agosto para su uso en cafeter\u00edas, restaurantes, bares, centros comerciales, hospitales, residencias de ancianos, asilos y para viajes de larga distancia en avi\u00f3n, tren o autocar.<\/li>\n<li aria-level=\"1\">Para los j\u00f3venes de 12 a 17 a\u00f1os, la tarjeta sanitaria no se introducir\u00e1 hasta finales de agosto.<\/li>\n<\/ul>\n<\/li>\n<li aria-level=\"1\">La vacunaci\u00f3n ser\u00e1 obligatoria para todos los cuidadores y personas que trabajen con poblaciones vulnerables a partir de septiembre, so pena de dejar de cobrar. Los controles se efectuar\u00e1n a partir del 15 de septiembre.<\/li>\n<li aria-level=\"1\">A partir de octubre, todos los franceses tendr\u00e1n que pagar por una prueba PCR a menos que se la prescriba un m\u00e9dico<\/li>\n<\/ul>\n<\/li>\n<\/ul>\n<ul style=\"font-weight: 400;\">\n<li>Tras estos anuncios, se produjo una explosi\u00f3n de solicitudes de vacunaci\u00f3n en varios sitios que ofrecen citas en l\u00ednea<\/li>\n<li>Se pondr\u00e1n en marcha campa\u00f1as espec\u00edficas de vacunaci\u00f3n para alumnos y estudiantes de secundaria a partir del inicio del nuevo curso acad\u00e9mico.<\/li>\n<\/ul>\n<ul style=\"font-weight: 400;\">\n<li>La variante Delta representa ya m\u00e1s del 60% de los casos de coronavirus detectados diariamente en Francia<\/li>\n<\/ul>\n<ul style=\"font-weight: 400;\">\n<li>Estamos avanzando en materia de vacunaci\u00f3n, con 36.415.465 millones de personas vacunadas por primera vez y 28.687.069 millones totalmente vacunadas.<\/li>\n<\/ul>\n<h2 style=\"text-align: left; color: #ba2123; font-size: 25px;\">JUEVES 8 DE JULIO DE 2021<\/h2>\n<ul>\n<li>La variante Delta representa ya m\u00e1s de 40% de contaminaciones en Francia<\/li>\n<li>Las regiones m\u00e1s afectadas son Nouvelle Aquitaine, Ile de France y Provence Alpes C\u00f4te d'Azur.<\/li>\n<li>Para frenar el rebrote de la epidemia, el gobierno estudiar\u00e1 nuevas v\u00edas en una reuni\u00f3n excepcional del Consejo de Defensa de la Salud.<\/li>\n<li>Esto es lo que podemos esperar:\n<ul>\n<li aria-level=\"1\">Ampliaci\u00f3n de la tarjeta sanitaria a estadios, cines, teatros e incluso restaurantes<\/li>\n<li aria-level=\"1\"><span style=\"font-weight: 400;\">vacunaci\u00f3n obligatoria para los cuidadores <\/span><\/li>\n<li style=\"font-weight: 400;\" aria-level=\"1\"><span style=\"font-weight: 400;\">Fin de las pruebas \u201cconfort\u201d gratuitas. Desde el 7 de julio, los extranjeros tienen que pagar 49 euros por una prueba PCR y 29 euros por una prueba de ant\u00edgenos.<\/span><\/li>\n<li style=\"font-weight: 400;\" aria-level=\"1\"><span style=\"font-weight: 400;\">La devoluci\u00f3n de las medidas territoriales o fronterizas<\/span><\/li>\n<\/ul>\n<\/li>\n<li>Sin embargo, las cifras de vacunaci\u00f3n siguen aumentando, con 24.889.188 personas vacunadas hasta la fecha.<\/li>\n<li>Este verano, 71% de los franceses tienen previsto ir de vacaciones a Francia<\/li>\n<\/ul>\n<h2 style=\"text-align: left; color: #ba2123; font-size: 25px;\">VIERNES 02 JULIO 2021<\/h2>\n<ul>\n<li><span style=\"font-weight: 400;\">Mientras las autoridades temen una cuarta oleada en septiembre, las cifras de vacunaci\u00f3n vuelven a aumentar<\/span><\/li>\n<li><span style=\"font-weight: 400;\">C<\/span>Sin embargo, el hito alcanzado el martes de 50% de franceses vacunados por primera vez sigue siendo insuficiente para esperar una inmunidad colectiva.<\/li>\n<li>Hasta la fecha, la variante Delta representa el 20% de los nuevos casos en Francia. Para ofrecer la mejor protecci\u00f3n posible a las personas mayores, est\u00e1 prevista una tercera dosis de la vacuna en oto\u00f1o.<\/li>\n<li><span style=\"font-weight: 400;\">\u00bfHacia el fin de las pruebas de cribado gratuitas?<\/span><span style=\"font-weight: 400;\">\u00a0<\/span>\n<ul>\n<li style=\"font-weight: 400;\" aria-level=\"1\">El portavoz del Gobierno, Gabriel Attal, anunci\u00f3 el lunes que se estudiar\u00edan cambios en este \u00e1mbito para el inicio del nuevo curso escolar.<\/li>\n<\/ul>\n<\/li>\n<li>Los autodiagn\u00f3sticos en farmacias son un aut\u00e9ntico fracaso. Seg\u00fan las \u00faltimas estad\u00edsticas, en tres meses solo se vendieron 400.000 cajas de cinco autodiagn\u00f3sticos.<\/li>\n<li>Hasta la fecha, 22.813.043 personas han sido vacunadas contra COVID 19 en Francia.<\/li>\n<li><span style=\"font-weight: 400;\">Jean Castex se ha fijado tres objetivos para impulsar la campa\u00f1a de vacunaci\u00f3n de aqu\u00ed al final del verano:<\/span>\n<ul>\n<li style=\"font-weight: 400;\" aria-level=\"1\"><span style=\"font-weight: 400;\">40 millones de personas vacunadas por primera vez\u00a0<\/span><\/li>\n<li style=\"font-weight: 400;\" aria-level=\"1\"><span style=\"font-weight: 400;\">35 millones de calendarios de vacunaci\u00f3n completos\u00a0<\/span><\/li>\n<li style=\"font-weight: 400;\" aria-level=\"1\"><span style=\"font-weight: 400;\">85% mayores de 50 a\u00f1os y adultos con comorbilidades vacunados por primera vez<\/span><\/li>\n<\/ul>\n<\/li>\n<\/ul>\n<h2 style=\"text-align: left; color: #ba2123; font-size: 25px;\">VIERNES 25 DE JUNIO DE 2021<\/h2>\n<ul>\n<li><span style=\"font-weight: 400;\">Las autoridades est\u00e1n preocupadas por la variante Delta, que actualmente representa 70% de los casos positivos detectados en la regi\u00f3n de Las Landas y entre 9 y 10% en Francia.\u00a0<\/span><\/li>\n<li><span style=\"font-weight: 400;\">Pero la vida empieza a volver a su cauce\u00a0<\/span><\/li>\n<li><span style=\"font-weight: 400;\">El ejecutivo decidi\u00f3 poner fin al toque de queda antes de lo previsto, por lo que finaliz\u00f3 el domingo 20 de junio. <\/span><\/li>\n<li><span style=\"font-weight: 400;\">Ya no es obligatorio llevar mascarilla al aire libre\u00a0<\/span><\/li>\n<li><span style=\"font-weight: 400;\">Los locales nocturnos ya tienen fecha de reapertura: el 9 de julio, aunque se han puesto condiciones:\u00a0<\/span>\n<ul>\n<li style=\"font-weight: 400;\" aria-level=\"1\"><span style=\"font-weight: 400;\">Tarjeta sanitaria<\/span><\/li>\n<li style=\"font-weight: 400;\" aria-level=\"1\"><span style=\"font-weight: 400;\">75% calibre interior ser\u00e1 necesario<\/span><\/li>\n<\/ul>\n<\/li>\n<li><span style=\"font-weight: 400;\">El s\u00e1bado 26 de junio se celebrar\u00e1 un concierto de prueba. Participar\u00e1n 4.400 personas. Para participar es imprescindible haber recibido las dos dosis de vacunaci\u00f3n y poder demostrarlo. Las curvas de contaminaci\u00f3n se analizar\u00e1n despu\u00e9s del concierto.<\/span>\n<ul>\n<li style=\"font-weight: 400;\" aria-level=\"1\"><span style=\"font-weight: 400;\">2200 personas asistir\u00e1n al concierto, sin m\u00e1scaras<\/span><\/li>\n<li style=\"font-weight: 400;\" aria-level=\"1\"><span style=\"font-weight: 400;\">Las otras 2.200 personas se quedar\u00e1n en casa<\/span><\/li>\n<li style=\"font-weight: 400;\" aria-level=\"1\"><span style=\"font-weight: 400;\">La selecci\u00f3n se har\u00e1 por sorteo<\/span><\/li>\n<\/ul>\n<\/li>\n<li><span style=\"font-weight: 400;\">Hasta la fecha, 365.000 adolescentes han recibido la primera inyecci\u00f3n de la vacuna. <\/span><\/li>\n<li><span style=\"font-weight: 400;\">Hasta la fecha, 32.251.464 personas han recibido la primera dosis de la vacuna y 18.734.028 la segunda.\u00a0<\/span><\/li>\n<\/ul>\n<h2 style=\"text-align: left; color: #ba2123; font-size: 25px;\">LUNES 7 DE JUNIO DE 2021<\/h2>\n<ul>\n<li><span style=\"font-weight: 400;\">Los europeos vacunados podr\u00e1n entrar en Francia sin la prueba PCR a partir del 9 de junio\u00a0<\/span><\/li>\n<li><span style=\"font-weight: 400;\">A partir del 15 de junio, podr\u00e1n vacunarse los menores a partir de 12 a\u00f1os<\/span><\/li>\n<li><span style=\"font-weight: 400;\">La tarjeta sanitaria s\u00f3lo ser\u00e1 obligatoria a partir de los 11 a\u00f1os.<\/span><\/li>\n<li><span style=\"font-weight: 400;\">Por el momento, el uso de mascarilla sigue siendo obligatorio.<\/span><\/li>\n<li><span style=\"font-weight: 400;\">Este mi\u00e9rcoles 9 de junio comienza una nueva fase de desconfinanciaci\u00f3n:\u00a0<\/span>\n<ul>\n<li style=\"font-weight: 400;\" aria-level=\"1\"><span style=\"font-weight: 400;\">Toque de queda aplazado hasta las 23:00<\/span><\/li>\n<li style=\"font-weight: 400;\" aria-level=\"1\"><span style=\"font-weight: 400;\">Teletrabajo m\u00e1s flexible<\/span><\/li>\n<li style=\"font-weight: 400;\" aria-level=\"1\"><span style=\"font-weight: 400;\">Acoger a turistas extranjeros<\/span><\/li>\n<li style=\"font-weight: 400;\" aria-level=\"1\"><span style=\"font-weight: 400;\">Reapertura de pabellones deportivos\u00a0<\/span><\/li>\n<li style=\"font-weight: 400;\" aria-level=\"1\"><span style=\"font-weight: 400;\">Un cupo de 5.000 personas puede alojarse en recintos culturales y deportivos<\/span><\/li>\n<li style=\"font-weight: 400;\" aria-level=\"1\"><span style=\"font-weight: 400;\">Reapertura de ferias y exposiciones<\/span><\/li>\n<\/ul>\n<\/li>\n<li><span style=\"font-weight: 400;\">Hasta la fecha, 27.838.330 personas han recibido la primera dosis de la vacuna y 13.652.005 la segunda.\u00a0<\/span><\/li>\n<\/ul>\n<h2 style=\"text-align: left; color: #ba2123; font-size: 25px;\">VIERNES 28 DE MAYO DE 2021<\/h2>\n<ul>\n<li>Se ha creado un nuevo teleservicio para obtener su certificado de vacunaci\u00f3n. S\u00f3lo tiene que conectarse al sitio FranceConnect<\/li>\n<li><span style=\"font-weight: 400;\">Le <\/span>La tarjeta sanitaria servir\u00e1 para acceder a los actos a partir del 9 de junio. Deber\u00e1 presentar uno de los 3 documentos siguientes: prueba de una prueba PCR o antig\u00e9nica negativa, certificado de vacunaci\u00f3n o certificado de recuperaci\u00f3n de Covid-19.<\/li>\n<li><span style=\"font-weight: 400;\">La vacunaci\u00f3n sigue aceler\u00e1ndose, con farmacias autorizadas a administrar : AstraZeneca, Janssen y ahora Moderna<\/span><\/li>\n<li>La situaci\u00f3n de la epidemia mejora d\u00eda a d\u00eda, ya que el n\u00famero de casos positivos y la media de nuevos ingresos hospitalarios siguen disminuyendo.<\/li>\n<li>Hasta la fecha, 24.150.103 personas han recibido la primera dosis de la vacuna y 11.108.158 la segunda.<\/li>\n<\/ul>\n<h2 style=\"text-align: left; color: #ba2123; font-size: 25px;\">VIERNES 21 DE MAYO DE 2021<\/h2>\n<ul>\n<li><span style=\"font-weight: 400;\">Desde el 19 de mayo, las terrazas de restaurantes y caf\u00e9s, cines y locales culturales vuelven a estar abiertas al p\u00fablico. Adem\u00e1s, el toque de queda se ha ampliado hasta las 21:00 horas.<\/span><\/li>\n<li><span style=\"font-weight: 400;\">Sin embargo, el Primer Ministro Jean Castex llam\u00f3 al orden a los franceses y les record\u00f3 que deb\u00edan cumplir la normativa sanitaria tras registrarse varios incidentes.<\/span><\/li>\n<li><span style=\"font-weight: 400;\">Sant\u00e9 Publique ha anunciado que ha sobrestimado las cifras de contaminaci\u00f3n en 6%<\/span><\/li>\n<li><span style=\"font-weight: 400;\">A partir del 31 de mayo, cualquier persona mayor de 18 a\u00f1os podr\u00e1 vacunarse sin condiciones.<\/span><\/li>\n<li><span style=\"font-weight: 400;\">Hasta la fecha, 21.606.656 personas han recibido la primera dosis de la vacuna y 10.048.728 la segunda.<\/span><\/li>\n<\/ul>\n<h2 style=\"text-align: left; color: #ba2123; font-size: 25px;\">VIERNES 14 DE MAYO DE 2021<\/h2>\n<ul>\n<li>En v\u00edsperas de la reapertura de las plazas abiertas al p\u00fablico, sigue bajando el n\u00famero de casos de coronavirus y de pacientes en cuidados intensivos<\/li>\n<li><span style=\"font-weight: 400;\">En la noche del martes 11 al mi\u00e9rcoles 12 de mayo se vot\u00f3 la tarjeta sanitaria COVID 19. Por tanto, ser\u00e1 imprescindible para acceder a determinados lugares <\/span><\/li>\n<li><span style=\"font-weight: 400;\">El certificado de vacunaci\u00f3n y el certificado negativo aparecer\u00e1n en la tarjeta sanitaria.\u00a0<\/span><\/li>\n<li><span style=\"font-weight: 400;\">Durante la votaci\u00f3n en la Asamblea del pase sanitario, el MODEM negoci\u00f3 la reapertura de los locales nocturnos y el adelanto del fin del estado de emergencia sanitaria al 30 de septiembre de 2021.<\/span><\/li>\n<li><span style=\"font-weight: 400;\">\u00c0\u00a0<\/span>Hasta la fecha, 18.966.771 personas han recibido la primera dosis de la vacuna y 9.069.839 han recibido la segunda dosis.<\/li>\n<\/ul>\n<p>&nbsp;<\/p>\n<h2 style=\"text-align: left; color: #ba2123; font-size: 25px;\">VIERNES 7 DE MAYO DE 2021<\/h2>\n<ul>\n<li><span style=\"font-weight: 400;\">Los parques tem\u00e1ticos podr\u00e1n reabrir el 19 de mayo, pero las atracciones permanecer\u00e1n cerradas<\/span><\/li>\n<li><span style=\"font-weight: 400;\">Se introducen cambios en el bachillerato de 2021<\/span><\/li>\n<li><span style=\"font-weight: 400;\">Desciende el n\u00famero de casos de coronavirus en Francia<\/span><\/li>\n<li><span style=\"font-weight: 400;\">Las gafas deportivas de D\u00e9cathlon salen a la venta en mayo<\/span><\/li>\n<li><span style=\"font-weight: 400;\">A partir del 9 de junio se introducir\u00e1 la tarjeta sanitaria. Se utilizar\u00e1 en lugares donde se re\u00fana la gente, pero no para las actividades cotidianas.\u00a0<\/span><\/li>\n<li><span style=\"font-weight: 400;\">Emmanuel Macron anunci\u00f3 el jueves 6 de mayo que la vacunaci\u00f3n estar\u00eda abierta a todo el mundo a partir del mi\u00e9rcoles 12 de mayo si hay dosis disponibles.<\/span><\/li>\n<li><span style=\"font-weight: 400;\">Hasta la fecha, 16.791.193 han recibido la primera dosis de la vacuna y 7.554.787 han recibido la segunda dosis. Actualmente, 11.28% de la poblaci\u00f3n han recibido todas las dosis requeridas.<\/span><\/li>\n<\/ul>\n<h2 style=\"text-align: left; color: #ba2123; font-size: 25px;\">VIERNES 30 ABRIL 2021<\/h2>\n<ul>\n<li>El jueves 29 de abril, el ejecutivo anunci\u00f3 el calendario de desmantelamiento.<\/li>\n<li>Francia se prepara para salir del encierro en 4 etapas hacia la vuelta a la vida normal<\/li>\n<li>La desconfinanciaci\u00f3n comienza el 3 de mayo y debe terminar el 30 de junio.<\/li>\n<li><span style=\"font-weight: 400;\">Este es el horario oficial:\u00a0<\/span><\/li>\n<li><strong>Etapa 1: 3 de mayo :<br \/>\n<\/strong>- No es necesario un certificado para desplazarse a m\u00e1s de 10 km de distancia<br \/>\n- Los centros de ense\u00f1anza secundaria inferior y superior vuelven a recibir a los alumnos en persona<\/li>\n<li><strong>Etapa 2: 19 de mayo:<\/strong><br \/>\n- Toque de queda ampliado de 19.00 a 21.00 horas.<br \/>\n- Reapertura de terrazas de caf\u00e9s y restaurantes, comercios no esenciales y cines, museos y teatros<\/li>\n<li><strong>Etapa 3: 9 de junio:<\/strong><br \/>\n- Toque de queda ampliado de 21.00 a 23.00 horas.<br \/>\n- Se est\u00e1n reabriendo caf\u00e9s y restaurantes, ferias y exposiciones, pabellones deportivos, estadios e instalaciones deportivas. Sin embargo, la capacidad sigue siendo limitada<br \/>\n- El teletrabajo podr\u00eda empezar a ser m\u00e1s flexible<\/li>\n<li><strong>Etapa 4: 30 de junio:<\/strong><br \/>\n- Desaparece el toque de queda<\/li>\n<li><span style=\"font-weight: 400;\">La variante india ha llegado a suelo franc\u00e9s\u00a0<\/span><\/li>\n<li><span style=\"font-weight: 400;\">El n\u00famero de personas que pueden vacunarse sigue aumentando. Olivier V\u00e9ran ha anunciado que la vacunaci\u00f3n estar\u00e1 abierta a todos los franceses de entre 18 y 55 a\u00f1os que padezcan enfermedades cr\u00f3nicas: afecciones progresivas de larga duraci\u00f3n. Entre ellas figuran el c\u00e1ncer, la diabetes, las enfermedades respiratorias cr\u00f3nicas, etc.<\/span><\/li>\n<li><span style=\"font-weight: 400;\">Hasta la fecha, 14.900.784 personas han recibido la primera dosis de la vacuna y 6.320.274 la segunda.<\/span><\/li>\n<\/ul>\n<h2 style=\"text-align: left; color: #ba2123; font-size: 25px;\">VIERNES 23 DE ABRIL DE 2021<\/h2>\n<ul>\n<li><span style=\"font-weight: 400;\">El jueves 22 de abril, el Primer Ministro Jean Castex organiz\u00f3 una rueda de prensa.\u00a0<\/span><\/li>\n<li><span style=\"font-weight: 400;\">Se han levantado algunas restricciones:\u00a0<\/span><\/li>\n<li><span style=\"font-weight: 400;\">En principio, se mantendr\u00e1n las fechas de apertura de los centros escolares: las escuelas infantiles y primarias reabrir\u00e1n el lunes 26 de abril y los centros de secundaria el lunes 3 de mayo.<\/span><\/li>\n<li><span style=\"font-weight: 400;\">Sin embargo, los alumnos de 3\u00e8me y 4\u00e8me volver\u00e1n a las clases de media jornada en los 15 departamentos m\u00e1s afectados por COVID-19<\/span><\/li>\n<li><span style=\"font-weight: 400;\">Tambi\u00e9n se pondr\u00e1 en marcha una campa\u00f1a de cribado en los colegios: se ofrecer\u00e1n 400.000 pruebas de saliva en los colegios, y autopruebas en los institutos.<\/span><\/li>\n<li><span style=\"font-weight: 400;\">Se ofrecer\u00e1 un total de 64 millones de autodiagn\u00f3sticos al personal educativo nacional<\/span><\/li>\n<li><span style=\"font-weight: 400;\">El 3 de mayo, si las cifras lo permiten, se levantar\u00e1 la norma de los 10 km, aunque seguir\u00e1 vigente el toque de queda. Sin embargo, habr\u00e1 que esperar hasta mediados de mayo para que vuelvan a abrir los comercios, y tambi\u00e9n cabe esperar que reabran los locales culturales, polideportivos, bares y restaurantes...\u00a0<\/span><\/li>\n<li><span style=\"font-weight: 400;\">A partir del s\u00e1bado 24 de abril, las personas que viajen desde India, Sud\u00e1frica, Chile, Argentina y Brasil tendr\u00e1n que permanecer en sus casas durante 10 d\u00edas. Estos son los pa\u00edses donde circulan las variantes m\u00e1s contagiosas.<\/span><\/li>\n<li><span style=\"font-weight: 400;\">En cuanto a la epidemia en Francia, seg\u00fan Jean Castex, la tercera oleada parece haber quedado atr\u00e1s.<\/span><\/li>\n<li><span style=\"font-weight: 400;\">La vacunaci\u00f3n sigue aceler\u00e1ndose en Francia, y hasta la fecha 13.265.147 personas han recibido la primera dosis de la vacuna y 5.019.183 la segunda.<\/span><\/li>\n<li><strong>Adem\u00e1s, a partir del s\u00e1bado 24 de abril, los farmac\u00e9uticos podr\u00e1n administrar la vacuna Johnson &amp; Johnson<\/strong><\/li>\n<\/ul>\n<h2 style=\"text-align: left; color: #ba2123; font-size: 25px;\">VIERNES 16 DE ABRIL DE 2021<\/h2>\n<ul>\n<li>Este\u00a0<span style=\"font-weight: 400;\">El jueves 15 de abril, Francia super\u00f3 la barrera de los 100.000 muertos en Covid-19.<\/span><\/li>\n<li>La fecha prevista para la reapertura de locales culturales, restaurantes y bares se mantiene en el 15 de mayo.<\/li>\n<li>Las autopruebas ya est\u00e1n disponibles en las farmacias. Se recomienda utilizar las autopruebas si tiene m\u00e1s de 15 a\u00f1os y es asintom\u00e1tico.<\/li>\n<li><span style=\"font-weight: 400;\">A partir de hoy, las personas mayores de 60 a\u00f1os pueden vacunarse<\/span><\/li>\n<li><span style=\"font-weight: 400;\">A partir de este fin de semana, se abrir\u00e1n plazas de vacunaci\u00f3n para profesionales expuestos regularmente al virus. Estas plazas de vacunaci\u00f3n estar\u00e1n abiertas a profesores, agentes de las fuerzas de seguridad, guardias de prisiones, cuidadores de ni\u00f1os y puericultores.<\/span><\/li>\n<li><span style=\"font-weight: 400;\">El Primer Ministro Jean Castex hab\u00eda anunciado un objetivo de 10 millones de personas vacunadas para mediados de abril. Hasta la fecha, 11.654.420 personas han recibido la primera dosis de la vacuna y 4.121.706 la segunda. Por tanto, el gobierno ha cumplido sus compromisos un poco antes de lo previsto.<\/span><\/li>\n<\/ul>\n<h2 style=\"text-align: left; color: #ba2123; font-size: 25px;\">VIERNES 9 DE ABRIL DE 2021<\/h2>\n<ul>\n<li>Algunos departamentos llevan 3 semanas bajo bloqueo. Desde estas nuevas medidas, sobre todo en los departamentos de \u00cele de France, Dunkerque y Alpes Mar\u00edtimos, cada vez hay menos personas que den positivo en las pruebas de COVID-19. Las curvas de contaminaci\u00f3n en Francia tambi\u00e9n empiezan a descender.<\/li>\n<li>Hasta la fecha, 9.818.102 personas han recibido la primera dosis de la vacuna y 3.342.650 han recibido la segunda dosis. Actualmente hay 14.65% franceses vacunados para la primera dosis y 4.99% franceses vacunados para las dos dosis.<\/li>\n<li><span style=\"font-weight: 400;\">Se ha lanzado una aplicaci\u00f3n \u201cCovidliste\u201d. Sirve para recuperar las dosis que no se han reservado y que, por tanto, se tirar\u00e1n a la basura. Al inscribirse en esta lista, permite que las personas que no est\u00e1n en la lista prioritaria reciban una dosis de vacuna. Por el momento, esto s\u00f3lo es posible en Par\u00eds.\u00a0<\/span><\/li>\n<li><strong>Los farmac\u00e9uticos siguen vacunando en las farmacias\u00a0<\/strong><\/li>\n<\/ul>\n<h2 style=\"text-align: left; color: #ba2123; font-size: 25px;\">VIERNES 2 DE ABRIL DE 2021<\/h2>\n<ul>\n<li><span style=\"font-weight: 400;\">El mi\u00e9rcoles 31 de marzo, el presidente Emmanuel Macron se dirigi\u00f3 al pueblo franc\u00e9s para anunciar nuevas medidas para hacer frente a la aceleraci\u00f3n de la epidemia.<\/span><\/li>\n<li><em><strong>Se han anunciado varias restricciones:\u00a0<\/strong><\/em><\/li>\n<li>El confinamiento que afect\u00f3 a\u00a0<span style=\"font-weight: 400;\">Los 24 departamentos se ampliar\u00e1n ahora a toda Francia a partir de las 00.00 horas del s\u00e1bado.<\/span><\/li>\n<li>Los comercios deben cerrar, s\u00f3lo los que figuran en la lista del Gobierno pueden seguir abiertos<\/li>\n<li>Los franceses pueden viajar\u00a0<span style=\"font-weight: 400;\">10 km de su domicilio sin certificado. Para distancias superiores a 10 km, necesitar\u00e1 un certificado.<\/span><\/li>\n<li>Las guarder\u00edas, escuelas infantiles y primarias, colegios y liceos permanecen cerrados.<br \/>\nA partir del lunes 5 de abril, los alumnos estar\u00e1n en la ense\u00f1anza a distancia, seguida de dos semanas de vacaciones. Al comienzo del nuevo curso escolar, s\u00f3lo los alumnos de infantil y primaria volver\u00e1n a la ense\u00f1anza a distancia.<br \/>\nLos alumnos de secundaria y bachillerato permanecer\u00e1n una semana m\u00e1s en la ense\u00f1anza a distancia y despu\u00e9s podr\u00e1n volver a las aulas.<br \/>\nLos estudiantes podr\u00e1n seguir asistiendo a la universidad un d\u00eda a la semana<br \/>\nAs\u00ed pues, las vacaciones escolares de primavera se prolongar\u00e1n del 12 al 26 de abril, todas las zonas juntas.<\/li>\n<li>Se autorizan los viajes interregionales durante el fin de semana de Pascua<\/li>\n<li><span style=\"font-weight: 400;\">El Gobierno franc\u00e9s tambi\u00e9n ha anunciado que la vacunaci\u00f3n se acelerar\u00e1 en las pr\u00f3ximas semanas. A partir del 16 de abril podr\u00e1n vacunarse los mayores de 60 a\u00f1os, y el 15 de mayo, los mayores de 50 a\u00f1os.<\/span><\/li>\n<li><span style=\"font-weight: 400;\">Hasta la fecha, 8.535.750 personas han recibido la primera dosis de la vacuna y 2.851.057 la segunda.<\/span><\/li>\n<li><strong>Las farmacias francesas siguen plenamente movilizadas para vacunar al mayor n\u00famero posible de personas<\/strong><\/li>\n<\/ul>\n<h2 style=\"text-align: left; color: #ba2123; font-size: 25px;\">VIERNES 26 DE MARZO DE 2021<\/h2>\n<ul>\n<li>Como cada jueves, Olivier V\u00e9ran ofreci\u00f3 una rueda de prensa para informar a los franceses de la evoluci\u00f3n del virus.<\/li>\n<li>Se anuncia el cierre de tres nuevos departamentos en la noche del viernes 26 al s\u00e1bado 27. Se trata de Aube, Rh\u00f4ne y Ni\u00e8vre. Se trata de Aube, Rh\u00f4ne y Ni\u00e8vre.<\/li>\n<li><span style=\"font-weight: 400;\">En la actualidad, 24 departamentos est\u00e1n bajo vigilancia reforzada. Esta es la lista: Var, Bouches-du-Rh\u00f4ne, Gard, Lauz\u00e8re, Vaucluse, Alpes-de-Haute-Provence, Hautes-Alpes, Is\u00e8re, Savoie, Loire, Ain, Haute-Savoie, Jura, Doubs, Moselle, Meurthe-et-Moselle, Meuse, Marne, Ardennes, Yonne, Indre-et-Loire, Loi-et-Cher, Eure-et-Loir, Orne.<br \/>\n<\/span><\/li>\n<li><span style=\"font-weight: 400;\">Por el momento, el cierre de escuelas se considera el \u00faltimo recurso.<br \/>\n<\/span><\/li>\n<li><span style=\"font-weight: 400;\">A partir del viernes 26 de marzo, las enfermeras podr\u00e1n recetar ellas mismas la vacuna COVID-19.\u00a0<\/span><\/li>\n<li><span style=\"font-weight: 400;\">Hasta la fecha, 6.870.993 personas han recibido la primera dosis de la vacuna y 2.549.521 han recibido la segunda dosis.\u00a0<\/span><\/li>\n<li><strong>Los farmac\u00e9uticos se movilizan m\u00e1s que nunca para vacunar a la poblaci\u00f3n francesa\u00a0<\/strong><\/li>\n<\/ul>\n<h2 style=\"text-align: left; color: #ba2123; font-size: 25px;\">VIERNES 19 DE MARZO DE 2021<\/h2>\n<ul>\n<li>Hasta la fecha, en Francia, podemos hablar de una tercera oleada de COVID19. M\u00e1s de 70% de los casos son actualmente variantes inglesas.<\/li>\n<li><strong>El jueves 18 de marzo, Jean Castex, Primer Ministro franc\u00e9s, anunci\u00f3 nuevas restricciones.<\/strong><\/li>\n<li><span style=\"font-weight: 400;\">A partir del s\u00e1bado 20 de marzo, 16 departamentos estar\u00e1n bloqueados 7 d\u00edas a la semana. Entre ellos figuran :\u00a0<\/span><\/li>\n<li><span style=\"font-weight: 400;\">-Aisne, -Alpes-Maritimes, -Essonne, -Eure, -Hauts-de-Seine, -Nord, -Oise, -Paris, -Pas-de-Calais, -Seine-et-Marne, -Seine-Maritime, -Somme, -Val d'Oise, -Val-de-Marne et les Yvelines<\/span><\/li>\n<li><span style=\"font-weight: 400;\">Las normas durante este confinamiento son las siguientes:\u00a0<\/span><\/li>\n<li><span style=\"font-weight: 400;\">Es posible salir durante el d\u00eda con un certificado en un radio de 10 km.<\/span><\/li>\n<li><span style=\"font-weight: 400;\">Los colegios permanecen abiertos, s\u00f3lo los de secundaria funcionan a media capacidad<\/span><\/li>\n<li><span style=\"font-weight: 400;\">Los viajes interregionales est\u00e1n prohibidos salvo por razones imperiosas<\/span><\/li>\n<li><span style=\"font-weight: 400;\">S\u00f3lo permanecen abiertos los comercios esenciales<\/span><\/li>\n<li><span style=\"font-weight: 400;\">El toque de queda se retrasar\u00e1 una hora en toda la ciudad a partir del s\u00e1bado 20 de marzo, de 18:00 a 19:00 horas.<\/span><\/li>\n<li>Hasta la fecha, 5.630.671 personas han recibido la primera dosis de la vacuna y 2.297.100 han recibido la segunda dosis.<\/li>\n<li>La vacuna de Astrazeneca fue suspendida en Francia el lunes a la espera del dictamen del Consejo de la Agencia Europea del Medicamento, que anunci\u00f3 que la vacuna era \u201csegura y eficaz\u201d.\u201d<\/li>\n<li>\u00a0<strong>La vacunaci\u00f3n AstraZeneca puede reanudarse este viernes 19 de marzo en farmacias y otros lugares<\/strong><\/li>\n<\/ul>\n<h2 style=\"text-align: left; color: #ba2123; font-size: 25px;\">VIERNES 12 DE MARZO DE 2021<\/h2>\n<ul>\n<li><span style=\"font-weight: 400;\">El bloqueo en el departamento de Alpes Mar\u00edtimos se ha prorrogado otro fin de semana<\/span><\/li>\n<li><span style=\"font-weight: 400;\">El encierro de fin de semana en Dunkerque se ha prolongado 3 semanas.<\/span><\/li>\n<li><span style=\"font-weight: 400;\">Hasta la fecha, 4.337.343 personas han recibido la primera dosis de la vacuna y 2.089.694 han recibido la segunda dosis.<\/span><\/li>\n<li><span style=\"font-weight: 400;\">Desde el 15 de diciembre, Francia ha cambiado el confinamiento por el toque de queda. El gobierno franc\u00e9s ha anunciado que el toque de queda durar\u00e1 entre 4 y 6 semanas m\u00e1s. Un rayo de esperanza para los franceses que llevan m\u00e1s de un a\u00f1o haciendo campa\u00f1a. No hay que olvidar, sin embargo, que la decisi\u00f3n depende de la evoluci\u00f3n de la situaci\u00f3n sanitaria.\u00a0<\/span><\/li>\n<li><strong>A partir de la pr\u00f3xima semana, los farmac\u00e9uticos podr\u00e1n empezar a vacunar con COVID-19 en las farmacias\u00a0<\/strong><\/li>\n<\/ul>\n<h2 style=\"text-align: left; color: #ba2123; font-size: 25px;\">VIERNES 05 MARZO 2021<\/h2>\n<ul>\n<li><strong>Se ha anunciado oficialmente la autorizaci\u00f3n de la vacunaci\u00f3n COVID en las farmacias. A partir del 15 de marzo, ser\u00e1 posible vacunarse en las farmacias. S\u00f3lo podr\u00e1n vacunarse las personas mayores de 50 a\u00f1os con comorbilidades.<\/strong><span style=\"font-weight: 400;\"><br \/>\n<\/span><\/li>\n<li><span style=\"font-weight: 400;\">Esta es la lista de personas que pueden vacunarse:\u00a0<\/span><a href=\"https:\/\/solidarites-sante.gouv.fr\/grands-dossiers\/vaccin-covid-19\/article\/la-strategie-vaccinale-et-la-liste-des-publics-prioritaires\"><span style=\"font-weight: 400;\">https:\/\/solidarites-sante.gouv.fr\/grands-dossiers\/vaccin-covid-19\/article\/la-strategie-vaccinale-et-la-liste-des-publics-prioritaires<\/span><\/a><span style=\"font-weight: 400;\">\u00a0<\/span><\/li>\n<li><span style=\"font-weight: 400;\">De los 20 departamentos sometidos a alta vigilancia, s\u00f3lo Pas-De-Calais ha sido bloqueado durante el fin de semana a partir de las 18.00 horas del viernes 5 de marzo.<\/span><\/li>\n<li><span style=\"font-weight: 400;\">Hasta la fecha, 3.245.517 personas han recibido la primera dosis de la vacuna y 1.771.246 la segunda. El Gobierno aspira a que 10 millones de franceses est\u00e9n vacunados a mediados de abril.<\/span><\/li>\n<li><span style=\"font-weight: 400;\">En Par\u00eds, se cierran las tiendas de productos no alimentarios y los centros comerciales de m\u00e1s de 10.000 m\u00b2.<\/span><\/li>\n<\/ul>\n<h2 style=\"text-align: left; color: #ba2123; font-size: 25px;\">VIERNES 26 DE FEBRERO DE 2021<\/h2>\n<ul>\n<li><span style=\"font-weight: 400;\">Una parte de los Alpes Mar\u00edtimos y de la aglomeraci\u00f3n de Dunkerque permanecen bloqueados durante el fin de semana. Este cierre parcial comienza el viernes a las 18.00 h y termina el lunes a las 6.00 h. Est\u00e1 prohibido salir sin un certificado y un motivo v\u00e1lido. Est\u00e1 prohibido salir sin un certificado y un motivo v\u00e1lido. S\u00f3lo se puede salir durante una hora, en un radio de 5 km alrededor del domicilio.<\/span><\/li>\n<li><span style=\"font-weight: 400;\">Actualmente, 20 departamentos est\u00e1n bajo vigilancia reforzada debido a un \u201calto nivel de incidencia, con una proporci\u00f3n de variantes superior a 50%\u201d. Estos departamentos podr\u00e1n ser confinados localmente a partir del fin de semana del 6 de marzo si la situaci\u00f3n se deteriora.<\/span><\/li>\n<li><span style=\"font-weight: 400;\">Est\u00e1n bajo vigilancia los siguientes departamentos Var, Bouches-du-Rh\u00f4ne, Dr\u00f4me, Rh\u00f4ne, Meurthe-et-Moselle, Moselle, Seine-et-Marne, Essonne, Eure-et-Loir, Yvelines, Val-d'Oise, Oise, Somme, Pas-de-Calais, Nord, Hauts-de-Seine, Par\u00eds, Val-de-Marne y Seine-Saint-Denis.<\/span><\/li>\n<li><span style=\"font-weight: 400;\">El jueves 26 de febrero, Par\u00eds propuso un periodo de confinamiento de 3 semanas. Esta propuesta ser\u00e1 estudiada por el gobierno<\/span><\/li>\n<li><span style=\"font-weight: 400;\">Hasta la fecha, 2.712.800 personas han recibido la primera dosis de la vacuna y 1.398.984 la segunda. <\/span><span style=\"font-weight: 400;\">Desde el jueves 25 de febrero, algunos m\u00e9dicos aut\u00f3nomos pueden administrar vacunas en sus consultas. La vacuna inyectada por los m\u00e9dicos aut\u00f3nomos es AstraZeneca. <strong>Las farmacias dispensadoras almacenan dosis de vacunas para m\u00e9dicos aut\u00f3nomos<\/strong><\/span><\/li>\n<\/ul>\n<h2 style=\"text-align: left; color: #ba2123; font-size: 25px;\">VIERNES 19 DE FEBRERO DE 2021<\/h2>\n<ul>\n<li><span style=\"font-weight: 400;\">Por el momento, no se prev\u00e9n restricciones hasta el 8 de marzo para \u201cdar un respiro a los franceses\u201d.\u201d<\/span><\/li>\n<li><span style=\"font-weight: 400;\">A partir del 22 de febrero, el periodo de aislamiento de las personas que den positivo en las pruebas de COVID-19 se ampliar\u00e1 de 7 a 10 d\u00edas.<\/span><\/li>\n<li><span style=\"font-weight: 400;\">Los profesionales sanitarios menores de 65 a\u00f1os pueden vacunarse en un centro de vacunaci\u00f3n o en su lugar de trabajo. La vacuna que se les administra es Astrazeneca<\/span><\/li>\n<li><span style=\"font-weight: 400;\">Los profesionales sanitarios de riesgo mayores de 65 a\u00f1os tambi\u00e9n pueden vacunarse en un centro de vacunaci\u00f3n o en su lugar de trabajo. Pueden recibir las vacunas Pfizer-Biontech y Moderna.<\/span><\/li>\n<li><span style=\"font-weight: 400;\">Las personas con riesgo de contraer COVID-19 mayores de 75 a\u00f1os pueden vacunarse en un centro de vacunaci\u00f3n o en su lugar de alojamiento. Pueden vacunarse con las vacunas de Pfizer-Biontech y Moderna.<\/span><\/li>\n<li><span style=\"font-weight: 400;\">Las personas con una enfermedad de alto riesgo, independientemente de su edad, pueden vacunarse en un centro de vacunaci\u00f3n por prescripci\u00f3n m\u00e9dica.  Se les pueden administrar las vacunas de Pfizer-Biontech y Moderna.\u00a0<\/span><\/li>\n<li><span style=\"font-weight: 400;\">Las personas con discapacidad pueden vacunarse directamente en su alojamiento. Las personas discapacitadas menores de 65 a\u00f1os recibir\u00e1n la vacuna de Astrazeneca. Por otro lado, las personas discapacitadas mayores de 65 a\u00f1os con una comorbilidad podr\u00e1n vacunarse con vacunas de Pfizer o Moderna.<\/span><\/li>\n<li><span style=\"font-weight: 400;\">A partir del 25 de febrero, las personas de entre 50 y 65 a\u00f1os con alguna comorbilidad podr\u00e1n vacunarse en su consulta. La vacuna que se les administrar\u00e1 es la Astrazeneca<\/span><\/li>\n<li>Hasta la fecha, 2.409.831 personas han recibido la primera dosis de la vacuna<\/li>\n<\/ul>\n<h2 style=\"text-align: left; color: #ba2123; font-size: 25px;\">VIERNES 12 DE FEBRERO DE 2021<\/h2>\n<ul>\n<li><span style=\"font-weight: 400;\">Se acaban de autorizar las pruebas de saliva en las escuelas\u00a0<\/span><\/li>\n<li><span style=\"font-weight: 400;\">El gobierno est\u00e1 decidido a evitar el confinamiento a toda costa\u00a0<\/span><\/li>\n<li><span style=\"font-weight: 400;\">Desde el lunes 8 de febrero de 2021, las mascarillas de categor\u00eda 1 son obligatorias en las escuelas desde el primer curso de primaria.<\/span><\/li>\n<li><span style=\"font-weight: 400;\">Actualmente hay 934 aulas y 105 escuelas cerradas.<\/span><\/li>\n<li><span style=\"font-weight: 400;\">Hasta la fecha, 2.060.675 personas han recibido la primera dosis de la vacuna\u00a0<\/span><\/li>\n<li><span style=\"font-weight: 400;\">La vacunaci\u00f3n COVID en farmacias deber\u00eda autorizarse en breve\u00a0<\/span><\/li>\n<\/ul>\n<p>&nbsp;<\/p>\n<h2 style=\"text-align: left; color: #ba2123; font-size: 25px;\">VIERNES 5 DE FEBRERO DE 2021<\/h2>\n<ul>\n<li>Por el momento, no se prev\u00e9 ninguna contenci\u00f3n en Francia continental.<\/li>\n<li><span style=\"font-weight: 400;\">La isla de Mayotte se confina durante un m\u00ednimo de 3 semanas<br \/>\n<\/span><\/li>\n<li><span style=\"font-weight: 400;\">Sin restricciones de tr\u00e1fico entre regiones durante las vacaciones de febrero<br \/>\n<\/span><\/li>\n<li><span style=\"font-weight: 400;\">Toque de queda y controles de tr\u00e1fico m\u00e1s estrictos, hasta 53%<br \/>\n<\/span><\/li>\n<li><span style=\"font-weight: 400;\">Despu\u00e9s de las vacaciones se realizar\u00e1n m\u00e1s pruebas de detecci\u00f3n en los colegios<br \/>\n<\/span><\/li>\n<li><span style=\"font-weight: 400;\">Cuando el teletrabajo es posible, resulta imperativo<br \/>\n<\/span><\/li>\n<li><span style=\"font-weight: 400;\">Se han identificado 4 casos de variantes brasile\u00f1as en Francia<br \/>\n<\/span><\/li>\n<li><span style=\"font-weight: 400;\">COVID 19 ya ha generado 4000 variantes<br \/>\n<\/span><\/li>\n<li><span style=\"font-weight: 400;\">En marzo se reservaron 1,7 millones de citas para las primeras inyecciones de la vacuna.<br \/>\n<\/span><\/li>\n<li><span style=\"font-weight: 400;\">Hasta la fecha, 1.615.088 personas han recibido la primera dosis de la vacuna.<br \/>\n<\/span><\/li>\n<li><span style=\"font-weight: 400;\">Las farmacias francesas siguen esperando la autorizaci\u00f3n para aplicar la vacuna COVID19 en las farmacias<\/span><\/li>\n<\/ul>\n<h2 style=\"text-align: left; color: #ba2123; font-size: 25px;\">VIERNES 29 DE ENERO DE 2021<\/h2>\n<ul>\n<li><span style=\"font-weight: 400;\">Olivier V\u00e9ran, ministro franc\u00e9s de Sanidad, intervino el jueves 28 de enero. Anunci\u00f3 que el toque de queda no era suficiente. Tambi\u00e9n se prev\u00e9n traslados interregionales de pacientes.\u00a0<\/span><\/li>\n<\/ul>\n<ul>\n<li><span style=\"font-weight: 400;\">Gabriel Attal, portavoz del Gobierno, ha declarado que el Ejecutivo impondr\u00e1 nuevas medidas adicionales en respuesta a la evoluci\u00f3n de la crisis sanitaria.\u00a0<\/span><\/li>\n<\/ul>\n<ul>\n<li><span style=\"font-weight: 400;\">El Presidente podr\u00eda hablar la pr\u00f3xima semana\u00a0<\/span><\/li>\n<\/ul>\n<ul>\n<li><span style=\"font-weight: 400;\">El n\u00famero de ingresos hospitalarios sigue aumentando, mientras que el n\u00famero de altas no ha disminuido.\u00a0<\/span><\/li>\n<\/ul>\n<ul>\n<li><span style=\"font-weight: 400;\">No se ampliar\u00e1 el periodo de inyecci\u00f3n entre las dos dosis de la vacuna de Pfizer-Biotech<\/span><\/li>\n<\/ul>\n<ul>\n<li><span style=\"font-weight: 400;\">Las farmacias brit\u00e1nicas han empezado a vacunar. Las farmacias francesas est\u00e1n m\u00e1s dispuestas que nunca a vacunar en sus establecimientos.<\/span><\/li>\n<\/ul>\n<h2 style=\"text-align: left; color: #ba2123; font-size: 25px;\">VIERNES 22 DE ENERO DE 2021<\/h2>\n<ul>\n<li dir=\"ltr\" aria-level=\"1\">\n<p dir=\"ltr\" role=\"presentation\">Se est\u00e1n estudiando m\u00e1scaras deportivas. Este tipo de m\u00e1scaras permitir\u00eda practicar deporte en interiores.<\/p>\n<\/li>\n<li dir=\"ltr\" aria-level=\"1\">\n<p dir=\"ltr\" role=\"presentation\">Deben evitarse las mascarillas caseras de tela de categor\u00eda 2<\/p>\n<\/li>\n<li dir=\"ltr\" aria-level=\"1\">\n<p dir=\"ltr\" role=\"presentation\">El n\u00famero de ingresos hospitalarios sigue aumentando<\/p>\n<\/li>\n<li dir=\"ltr\" aria-level=\"1\">\n<p dir=\"ltr\" role=\"presentation\">No se prev\u00e9 la reapertura de los remontes de las estaciones de esqu\u00ed<\/p>\n<\/li>\n<li dir=\"ltr\" aria-level=\"1\">\n<p dir=\"ltr\" role=\"presentation\">Se han empezado a inyectar las primeras vacunas. Se est\u00e1n preparando otras 70 vacunas.<\/p>\n<\/li>\n<li dir=\"ltr\" aria-level=\"1\">\n<p dir=\"ltr\" role=\"presentation\">Por el momento, no se esperan restricciones antes del fin de semana.<\/p>\n<\/li>\n<li dir=\"ltr\" aria-level=\"1\">\n<p dir=\"ltr\" role=\"presentation\">Seg\u00fan nuevas pruebas, la vacuna de Pfizer parece ser eficaz contra la nueva variante brit\u00e1nica COVID-19. Se estima que tiene una eficacia 95%.<\/p>\n<\/li>\n<li dir=\"ltr\" aria-level=\"1\">\n<p dir=\"ltr\" role=\"presentation\">La variante brit\u00e1nica podr\u00eda imponerse en Francia a principios de marzo<\/p>\n<\/li>\n<li dir=\"ltr\" aria-level=\"1\">\n<p dir=\"ltr\" role=\"presentation\">La vacuna de Johnson &amp; Johnson desarrollada en B\u00e9lgica deber\u00eda estar disponible el pr\u00f3ximo mes de marzo<\/p>\n<\/li>\n<li dir=\"ltr\" aria-level=\"1\">\n<p dir=\"ltr\" role=\"presentation\">El laboratorio franc\u00e9s Sanofi lleva retraso en la fabricaci\u00f3n de sus dos vacunas<\/p>\n<\/li>\n<li dir=\"ltr\" aria-level=\"1\">\n<p dir=\"ltr\" role=\"presentation\"><strong>Las farmacias dispensadoras a\u00fan no est\u00e1n autorizadas a vacunar contra el COVID... Pero los farmac\u00e9uticos se preparan para ello<\/strong><\/p>\n<\/li>\n<\/ul>\n<p>&nbsp;<\/p>\n<h2 style=\"text-align: left; color: #ba2123; font-size: 25px;\">VIERNES 15 DE ENERO DE 2021<\/h2>\n<p dir=\"ltr\">El 13 de enero se celebra una reuni\u00f3n del Consejo de Estado para aclarar la situaci\u00f3n de la crisis del COVID en Francia. El Primer Ministro anuncia que las fiestas no han provocado un \u201cbrote epid\u00e9mico\u201d.<\/p>\n<h3 dir=\"ltr\">TOQUE DE QUEDA Y RESTRICCIONES<\/h3>\n<ul>\n<li dir=\"ltr\">\n<p dir=\"ltr\" role=\"presentation\">El toque de queda de 18.00 a 6.00 horas se aplicar\u00e1 en toda Francia a partir del s\u00e1bado 16 de enero de 2021.<\/p>\n<\/li>\n<\/ul>\n<ul>\n<li dir=\"ltr\">\n<p dir=\"ltr\" role=\"presentation\">Se ha anunciado que los bares, restaurantes y locales culturales no reabrir\u00e1n el 20 de enero.<\/p>\n<\/li>\n<li dir=\"ltr\">\n<p dir=\"ltr\" role=\"presentation\">A partir del lunes 18 de enero de 2021, se endurecer\u00e1n las condiciones para entrar en Francia. Solo podr\u00e1n entrar en el pa\u00eds las personas de fuera de la Uni\u00f3n Europea que hayan dado negativo en la prueba.<\/p>\n<\/li>\n<li dir=\"ltr\">\n<p dir=\"ltr\" role=\"presentation\">Nuevas restricciones fronterizas entre el Reino Unido y Francia. S\u00f3lo podr\u00e1n entrar en Francia las personas que dispongan de una dispensa<\/p>\n<\/li>\n<\/ul>\n<h3 dir=\"ltr\">ESCUELAS Y TRABAJO<\/h3>\n<ul>\n<li dir=\"ltr\">\n<p dir=\"ltr\" role=\"presentation\">Desde el 10 de enero, es posible solicitar una exenci\u00f3n de la baja laboral a la espera de los resultados de una prueba COVID-19.<\/p>\n<\/li>\n<li dir=\"ltr\">\n<p dir=\"ltr\" role=\"presentation\">Se han reforzado los protocolos sanitarios en las escuelas, especialmente en los comedores.<\/p>\n<\/li>\n<li dir=\"ltr\">\n<p dir=\"ltr\" role=\"presentation\">A partir del 25 de enero de 2021, los estudiantes de primer curso de ense\u00f1anza superior podr\u00e1n volver a las clases presenciales s\u00f3lo en semigrupos.<\/p>\n<\/li>\n<li dir=\"ltr\">\n<p dir=\"ltr\" role=\"presentation\">Para los estudiantes de secundaria, la alternancia de ense\u00f1anza presencial y a distancia se mantiene m\u00e1s all\u00e1 del 20 de enero de 2021.<\/p>\n<\/li>\n<li dir=\"ltr\">\n<p dir=\"ltr\" role=\"presentation\">Las actividades f\u00edsicas y deportivas en la escuela est\u00e1n ahora prohibidas en el interior.<\/p>\n<\/li>\n<\/ul>\n<h3 dir=\"ltr\">VIRUS Y VACUNACI\u00d3N<\/h3>\n<ul>\n<li dir=\"ltr\">\n<p dir=\"ltr\" role=\"presentation\">Las nuevas variantes brit\u00e1nica y sudafricana del COVID-19 han llegado a Francia<\/p>\n<\/li>\n<li dir=\"ltr\">\n<p dir=\"ltr\" role=\"presentation\">La campa\u00f1a de vacunaci\u00f3n COVID-19 comenz\u00f3 el 27 de diciembre.<\/p>\n<\/li>\n<li dir=\"ltr\">\n<p dir=\"ltr\" role=\"presentation\">A partir del lunes 18 de enero, la vacunaci\u00f3n se ampliar\u00e1 a las personas con riesgo de desarrollar una forma grave de la enfermedad, independientemente de su edad.<\/p>\n<\/li>\n<li dir=\"ltr\">\n<p dir=\"ltr\" role=\"presentation\">Hasta la fecha, el viernes 15 de enero, se han vacunado m\u00e1s de 318.000 personas.<\/p>\n<\/li>\n<li dir=\"ltr\">\n<p dir=\"ltr\" role=\"presentation\"><strong>Los farmac\u00e9uticos siguen esperando la autorizaci\u00f3n oficial de las autoridades francesas para participar en la vacunaci\u00f3n. Un gran n\u00famero de farmacias ya han empezado a equiparse con jeringuillas y agujas para poder estar operativas muy r\u00e1pidamente.\u00a0<\/strong><\/p>\n<\/li>\n<\/ul>\n<h2 style=\"text-align: left; color: #ba2123; font-size: 25px;\">JUEVES 17 DE DICIEMBRE DE 2020<\/h2>\n<p style=\"text-align: left;\"><strong>- Desde el 15 de diciembre se autorizan los desplazamientos interregionales, pero est\u00e1 en vigor el toque de queda de 20:00 a 6:00 horas en todo el pa\u00eds.<\/strong><br \/>\n<strong>- nuevo Certificado :\u00a0<a href=\"https:\/\/www.gouvernement.fr\/sites\/default\/files\/15-12-2020-attestation-de-deplacement-derogatoire.pdf\" target=\"_blank\" rel=\"noopener\">https:\/\/www.gouvernement.fr\/sites\/default\/files\/15-12-2020-attestation-de-deplacement-derogatoire.pdf<\/a><\/strong><br \/>\n<strong>- 24 de diciembre: flexibilizaci\u00f3n de las medidas, se tolerar\u00e1n los desplazamientos para que los franceses puedan disfrutar de la Navidad con los suyos <\/strong><br \/>\n<strong>- Guarder\u00edas, colegios e institutos permanecen abiertos, con un protocolo sanitario reforzado que incluye mascarillas obligatorias para los ni\u00f1os a partir de 6 a\u00f1os.<\/strong><br \/>\n<strong>- En cuanto a la ense\u00f1anza superior, todas las clases y tutor\u00edas seguir\u00e1n imparti\u00e9ndose a distancia.\u00a0<\/strong><br \/>\n<strong>- Se recomienda encarecidamente el teletrabajo siempre que sea posible. <\/strong><br \/>\n<strong>- la campa\u00f1a de vacunaci\u00f3n en Francia comenzar\u00e1 en breve para las personas de riesgo<\/strong><\/p>\n<h2 style=\"text-align: left; color: #ba2123; font-size: 25px;\">VIERNES 11 DE DICIEMBRE DE 2020<\/h2>\n<p style=\"text-align: left;\"><b>Tras la declaraci\u00f3n del Primer Ministro anoche, el 15 de diciembre comenzar\u00e1 efectivamente una nueva etapa. Pero las normas ser\u00e1n m\u00e1s estrictas de lo previsto anteriormente, incluido un toque de queda a las 20.00 horas para la noche del 31 de diciembre.<\/b><b><\/b><\/p>\n<h2 style=\"text-align: left; color: #ba2123; font-size: 25px;\">MI\u00c9RCOLES 2 DE DICIEMBRE DE 2020<\/h2>\n<p style=\"text-align: left;\"><strong>Informaci\u00f3n actualizada sobre la situaci\u00f3n y los pr\u00f3ximos plazos:<\/strong><\/p>\n<p style=\"text-align: left;\">28 de noviembre: Alivio del confinamiento (tiendas abiertas)<\/p>\n<p style=\"text-align: left;\">15 de diciembre: fin del confinamiento (si hay menos de 5.000 contaminaciones al d\u00eda), pero introducci\u00f3n de un toque de queda.<\/p>\n<p style=\"text-align: left;\">20 de enero: nuevas aperturas si las condiciones sanitarias lo permiten (restaurantes, gimnasios, estaciones de esqu\u00ed)<\/p>\n<p style=\"text-align: left;\"><strong>Vacunaci\u00f3n: en enero para las personas m\u00e1s vulnerables y campa\u00f1a de vacunaci\u00f3n para el p\u00fablico en general \u00abentre abril y junio\u00bb.\u00bb<\/strong><\/p>\n<h2 style=\"text-align: left; color: #ba2123; font-size: 25px;\">MI\u00c9RCOLES 25 DE NOVIEMBRE DE 2020<\/h2>\n<p style=\"text-align: left;\"><b>El Presidente de la Rep\u00fablica Francesa ha hablado de las 3 etapas de flexibilizaci\u00f3n de las restricciones que se avecinan.\u00a0<\/b><\/p>\n<h2 style=\"text-align: left; color: #ba2123; font-size: 25px;\">LUNES 16 DE NOVIEMBRE DE 2020<\/h2>\n<p style=\"text-align: left;\"><strong>La carrera por las vacunas contin\u00faa.<\/strong> Despu\u00e9s de Pfizer, ahora es el turno de <strong>Moderna<\/strong>, un laboratorio estadounidense, para anunciar <strong>resultados preliminares muy alentadores.<\/strong> Seg\u00fan Moderna, su tratamiento es eficaz en torno a 95%.<\/p>\n<h2 style=\"text-align: left; color: #ba2123; font-size: 25px;\">VIERNES 13 DE NOVIEMBRE DE 2020<\/h2>\n<p style=\"text-align: left;\">El Primer Ministro habl\u00f3 anoche para hacer balance de la situaci\u00f3n, y esto es lo que ten\u00eda que decir:<\/p>\n<p style=\"text-align: left;\">- Contin\u00faa el bloqueo: el Primer Ministro espera suavizar el bloqueo antes de las fiestas, para que pueda aprovecharlo el mayor n\u00famero posible de personas. El bloqueo podr\u00eda continuar despu\u00e9s del 1 de diciembre, aunque a\u00fan no se ha hecho oficial.<\/p>\n<p style=\"text-align: left;\">- Los comercios no esenciales permanecer\u00e1n cerrados al menos durante los pr\u00f3ximos quince d\u00edas<\/p>\n<p style=\"text-align: left;\">- Los liceos seguir\u00e1n abiertos, pero tendr\u00e1n que ofrecer una ense\u00f1anza \u00abh\u00edbrida\u00bb, combinando cursos a distancia y presenciales.<\/p>\n<p style=\"text-align: left;\">- Hay que seguir reforzando el teletrabajo<\/p>\n<p style=\"text-align: left;\"><strong>En cuanto a las pruebas de detecci\u00f3n y antig\u00e9nicas, la Ministra de Sanidad tambi\u00e9n se\u00f1al\u00f3 que \u00abmuchos farmac\u00e9uticos [...] pueden realizarle estas pruebas. [Si est\u00e1 asintom\u00e1tico pero es un caso de contacto, las recomendaciones de la Autoridad Nacional Francesa de Salud son que se someta a una prueba PCR de laboratorio.\u00bb<\/strong><\/p>\n<h2 style=\"text-align: left; color: #ba2123; font-size: 25px;\">LUNES 09 NOVIEMBRE 2020<\/h2>\n<p style=\"text-align: left;\">Se ha superado el hito simb\u00f3lico de las 40.000 muertes por COVID en Francia.<\/p>\n<p style=\"text-align: left;\">No obstante, seg\u00fan la Ministra de Sanidad, ya se dejan sentir los primeros signos de los efectos de la contenci\u00f3n.<\/p>\n<p style=\"text-align: left;\">Al mismo tiempo, la vacuna desarrollada por Pfizer y BioNTech est\u00e1 siendo sometida a pruebas de fase 3, la \u00faltima etapa antes de presentar una solicitud de licencia. Seg\u00fan los resultados preliminares, parece ser eficaz contra 90 %.<\/p>\n<h2 style=\"text-align: left; color: #ba2123; font-size: 25px;\">JUEVES 05 NOVIEMBRE 2020<\/h2>\n<p style=\"text-align: left;\"><strong>Le recordamos que su farmacia permanecer\u00e1 abierta durante el periodo de cierre para dispensarle sus medicamentos con receta. Tambi\u00e9n puede enviarnos\u00a0<span style=\"color: #0000ee;\"><a href=\"\/es\/nuestra-solucion-llave-en-mano\/receta-en-linea\/\" target=\"_blank\" rel=\"noopener\">su receta en l\u00ednea aqu\u00ed.<\/a><\/span>\u00a0Y su parafarmacia tambi\u00e9n est\u00e1 disponible en la farmacia.<\/strong><\/p>\n<h2 style=\"text-align: left; color: #ba2123; font-size: 25px;\">LUNES 02 NOVIEMBRE 2020<\/h2>\n<p style=\"text-align: left;\">Es la hora de la vuelta al cole para todos los ni\u00f1os y adolescentes hasta la edad de la ense\u00f1anza secundaria. Las escuelas permanecer\u00e1n abiertas durante el periodo de confinamiento, pero deben respetar e intensificar el cumplimiento de las medidas de barrera. En particular, es obligatorio que los ni\u00f1os a partir de 6 a\u00f1os lleven mascarilla.<\/p>\n<p style=\"text-align: left;\">El Gobierno tambi\u00e9n ha anunciado que la venta de productos afectados por el cierre de tiendas locales estar\u00e1 prohibida en los supermercados a partir del martes 03 de noviembre 2020. Esto se aplica en particular a productos culturales como los libros.<\/p>\n<p style=\"text-align: left;\"><strong>PRUEBAS ANTIG\u00c9NICAS<\/strong> Por fin las farmacias est\u00e1n autorizadas a realizar estas pruebas. Funcionan tomando un hisopo nasofar\u00edngeo (de la nariz) y proporcionan un resultado muy r\u00e1pido en 10 a 30 minutos. A diferencia de las pruebas PCR utilizadas anteriormente, no requieren an\u00e1lisis de laboratorio.<\/p>\n<p style=\"text-align: left;\"><img fetchpriority=\"high\" decoding=\"async\" style=\"display: block; margin-left: auto; margin-right: auto;\" src=\"https:\/\/www.leparisien.fr\/resizer\/QY6uKu-fH_Qw313pa8VCV9jFu44=\/1037x1280\/cloudfront-eu-central-1.images.arcpublishing.com\/leparisien\/XACNGMYLTJYFK74YTRETRVTWE4.jpg\" alt=\"prueba antig\u00e9nica\" width=\"1037\" height=\"1280\" \/><\/p>\n<p>&nbsp;<\/p>\n<h2 style=\"text-align: left; color: #ba2123; font-size: 25px;\">VIERNES 30 DE OCTUBRE DE 2020<\/h2>\n<p style=\"text-align: left;\">Es el primer d\u00eda oficial de esta segunda oleada de confinamiento, que durar\u00e1 4 semanas. A partir de hoy, necesitar\u00e1n un certificado de salida especial para abandonar el lugar. Hay 3 tipos:<\/p>\n<p style=\"text-align: left;\"><strong>- Certificado de viaje exento: debe ser cumplimentado por todos para cada salida.<\/strong><\/p>\n<p style=\"text-align: left;\"><span style=\"color: #0000ee;\"><a href=\"https:\/\/www.gouvernement.fr\/sites\/default\/files\/05-11-2020-attestation-de-deplacement-derogatoire.pdf\" target=\"_blank\" rel=\"noopener\">=&gt; Certificado de viaje exento en formato PDF<\/a><\/span><\/p>\n<p style=\"text-align: left;\"><strong>- Justificante de viaje de negocios: debe cumplimentarlo la empresa y demostrar que ha viajado por motivos profesionales.<\/strong><\/p>\n<p style=\"text-align: left;\"><a href=\"https:\/\/www.gouvernement.fr\/sites\/default\/files\/05-11-2020-justificatif-de-deplacement-professionnel.pdf\" target=\"_blank\" rel=\"noopener\">=&gt; Recibo de viaje de negocios en formato PDF<\/a><\/p>\n<p><strong>- Justificante de desplazamiento escolar: debe ser cumplimentado por los padres y sellado por el centro escolar al que asiste el ni\u00f1o.<\/strong><\/p>\n<p><a href=\"https:\/\/www.gouvernement.fr\/sites\/default\/files\/05-11-2020-justificatif-de-deplacement-scolaire.pdf\" target=\"_blank\" rel=\"noopener\">=&gt; Justificante de viaje escolar en formato PDF<\/a><\/p>\n<p>&nbsp;<\/p>\n<h2 style=\"text-align: left; color: #ba2123; font-size: 25px;\">JUEVES 29 DE OCTUBRE DE 2020<\/h2>\n<p style=\"text-align: left;\">Anuncio por parte del Gobierno de un nuevo bloqueo, aunque con algunas diferencias respecto al primero:<\/p>\n<p style=\"text-align: left;\">- las escuelas e institutos permanecer\u00e1n abiertos y acoger\u00e1n a ni\u00f1os<\/p>\n<p style=\"text-align: left;\">- las universidades y escuelas universitarias deben ofrecer cursos a distancia<\/p>\n<p style=\"text-align: left;\">- los comercios no esenciales deben cerrar (tiendas no alimentarias, restaurantes, peluquer\u00edas, etc.)<\/p>\n<p style=\"text-align: left;\"><strong>- por supuesto, su farmacia permanecer\u00e1 abierta para garantizar la continuidad de su tratamiento<\/strong><\/p>\n<p style=\"text-align: left;\">- el teletrabajo es la mejor opci\u00f3n para todos<\/p>\n<p style=\"text-align: left;\">- Tambi\u00e9n es la devoluci\u00f3n del certificado de salida derogatoria. Est\u00e1 disponible en la aplicaci\u00f3n: TOUS ANTI-COVID<\/p>\n<p style=\"text-align: left;\"><span style=\"color: #0000ee;\"><a href=\"https:\/\/apps.apple.com\/fr\/app\/tousanticovid\/id1511279125\" target=\"_blank\" rel=\"noopener\">=&gt; descargar la aplicaci\u00f3n en iOS\u00a0<\/a><\/span><\/p>\n<p style=\"text-align: left;\"><span style=\"color: #0000ee;\"><a href=\"https:\/\/play.google.com\/store\/apps\/details?id=fr.gouv.android.stopcovid&amp;hl=fr&amp;gl=US\" target=\"_blank\" rel=\"noopener\">=&gt; descargar la aplicaci\u00f3n en Andoid<\/a><\/span><\/p>","protected":false},"excerpt":{"rendered":"<p>Alors que le d\u00e9but de la cinqui\u00e8me vague de COVID-19 approche, le gouvernent met tout en \u0153uvre\u00a0afin de freiner l&rsquo;\u00e9volution de l&rsquo;\u00e9pid\u00e9mie. Suivez sur cette page toutes les informations \u00e0 savoir concernant l&rsquo;\u00e9volution du virus et les r\u00e8gles qui s&rsquo;appliquent. &#8211; L&rsquo;actualit\u00e9 jour apr\u00e8s jour &#8211; VENDREDI 31 D\u00e9cembre 2021 Pour faire face aux deux [&hellip;]<\/p>","protected":false},"featured_media":8900,"template":"","categories":[45],"class_list":["post-8882","itek-infos","type-itek-infos","status-publish","has-post-thumbnail","hentry","category-blog"],"acf":[],"yoast_head":"<!-- This site is optimized with the Yoast SEO plugin v26.6 - https:\/\/yoast.com\/wordpress\/plugins\/seo\/ -->\n<title>Itekpharma | Services Pharmacie pendant le Confinement 2020<\/title>\n<meta name=\"description\" content=\"D\u00e9couvrez les solutions digitales pour maintenir vos services en pharmacie pendant le confinement. Guide pratique\" \/>\n<meta name=\"robots\" content=\"index, follow, max-snippet:-1, max-image-preview:large, max-video-preview:-1\" \/>\n<link rel=\"canonical\" href=\"https:\/\/www.itekpharma.com\/es\/informacion\/servicios-farmaceuticos-de-contencion\/\" \/>\n<meta property=\"og:locale\" content=\"es_ES\" \/>\n<meta property=\"og:type\" content=\"article\" \/>\n<meta property=\"og:title\" content=\"Itekpharma | Services Pharmacie pendant le Confinement 2020\" \/>\n<meta property=\"og:description\" content=\"D\u00e9couvrez les solutions digitales pour maintenir vos services en pharmacie pendant le confinement. Guide pratique\" \/>\n<meta property=\"og:url\" content=\"https:\/\/www.itekpharma.com\/es\/informacion\/servicios-farmaceuticos-de-contencion\/\" \/>\n<meta property=\"og:site_name\" content=\"Itekpharma | Expert e-commerce pharmacies &amp; laboratoires depuis 2005\" \/>\n<meta property=\"article:modified_time\" content=\"2024-12-26T13:54:04+00:00\" \/>\n<meta property=\"og:image\" content=\"https:\/\/www.itekpharma.com\/wp-content\/uploads\/2020\/09\/attestation-site-itek.jpg\" \/>\n\t<meta property=\"og:image:width\" content=\"1920\" \/>\n\t<meta property=\"og:image:height\" content=\"890\" \/>\n\t<meta property=\"og:image:type\" content=\"image\/jpeg\" \/>\n<meta name=\"twitter:card\" content=\"summary_large_image\" \/>\n<meta name=\"twitter:label1\" content=\"Tiempo de lectura\" \/>\n\t<meta name=\"twitter:data1\" content=\"59 minutos\" \/>\n<script type=\"application\/ld+json\" class=\"yoast-schema-graph\">{\"@context\":\"https:\/\/schema.org\",\"@graph\":[{\"@type\":\"WebPage\",\"@id\":\"https:\/\/www.itekpharma.com\/itek-infos\/services-pharmacie-confinement\/\",\"url\":\"https:\/\/www.itekpharma.com\/itek-infos\/services-pharmacie-confinement\/\",\"name\":\"Itekpharma | Services Pharmacie pendant le Confinement 2020\",\"isPartOf\":{\"@id\":\"https:\/\/www.itekpharma.com\/#website\"},\"primaryImageOfPage\":{\"@id\":\"https:\/\/www.itekpharma.com\/itek-infos\/services-pharmacie-confinement\/#primaryimage\"},\"image\":{\"@id\":\"https:\/\/www.itekpharma.com\/itek-infos\/services-pharmacie-confinement\/#primaryimage\"},\"thumbnailUrl\":\"https:\/\/www.itekpharma.com\/wp-content\/uploads\/2020\/09\/attestation-site-itek.jpg\",\"datePublished\":\"2020-10-29T14:50:41+00:00\",\"dateModified\":\"2024-12-26T13:54:04+00:00\",\"description\":\"D\u00e9couvrez les solutions digitales pour maintenir vos services en pharmacie pendant le confinement. Guide pratique\",\"breadcrumb\":{\"@id\":\"https:\/\/www.itekpharma.com\/itek-infos\/services-pharmacie-confinement\/#breadcrumb\"},\"inLanguage\":\"es\",\"potentialAction\":[{\"@type\":\"ReadAction\",\"target\":[\"https:\/\/www.itekpharma.com\/itek-infos\/services-pharmacie-confinement\/\"]}]},{\"@type\":\"ImageObject\",\"inLanguage\":\"es\",\"@id\":\"https:\/\/www.itekpharma.com\/itek-infos\/services-pharmacie-confinement\/#primaryimage\",\"url\":\"https:\/\/www.itekpharma.com\/wp-content\/uploads\/2020\/09\/attestation-site-itek.jpg\",\"contentUrl\":\"https:\/\/www.itekpharma.com\/wp-content\/uploads\/2020\/09\/attestation-site-itek.jpg\",\"width\":1920,\"height\":890,\"caption\":\"Attestation site itek\"},{\"@type\":\"BreadcrumbList\",\"@id\":\"https:\/\/www.itekpharma.com\/itek-infos\/services-pharmacie-confinement\/#breadcrumb\",\"itemListElement\":[{\"@type\":\"ListItem\",\"position\":1,\"name\":\"Accueil\",\"item\":\"https:\/\/www.itekpharma.com\/\"},{\"@type\":\"ListItem\",\"position\":2,\"name\":\"ITEK INFOS\",\"item\":\"https:\/\/www.itekpharma.com\/itek-infos\/\"},{\"@type\":\"ListItem\",\"position\":3,\"name\":\"Itekpharma | Services Pharmacie pendant le Confinement 2020\"}]},{\"@type\":\"WebSite\",\"@id\":\"https:\/\/www.itekpharma.com\/#website\",\"url\":\"https:\/\/www.itekpharma.com\/\",\"name\":\"Itekpharma | Expert e-commerce pharmacies &amp; laboratoires depuis 2005\",\"description\":\"L&#039;expertise e-commerce au service de votre sant\u00e9\",\"publisher\":{\"@id\":\"https:\/\/www.itekpharma.com\/#organization\"},\"potentialAction\":[{\"@type\":\"SearchAction\",\"target\":{\"@type\":\"EntryPoint\",\"urlTemplate\":\"https:\/\/www.itekpharma.com\/?s={search_term_string}\"},\"query-input\":{\"@type\":\"PropertyValueSpecification\",\"valueRequired\":true,\"valueName\":\"search_term_string\"}}],\"inLanguage\":\"es\"},{\"@type\":\"Organization\",\"@id\":\"https:\/\/www.itekpharma.com\/#organization\",\"name\":\"Itekpharma | Expert e-commerce pharmacies &amp; laboratoires depuis 2005\",\"url\":\"https:\/\/www.itekpharma.com\/\",\"logo\":{\"@type\":\"ImageObject\",\"inLanguage\":\"es\",\"@id\":\"https:\/\/www.itekpharma.com\/#\/schema\/logo\/image\/\",\"url\":\"https:\/\/www.itekpharma.com\/wp-content\/uploads\/2022\/09\/logo-header.png\",\"contentUrl\":\"https:\/\/www.itekpharma.com\/wp-content\/uploads\/2022\/09\/logo-header.png\",\"width\":321,\"height\":85,\"caption\":\"Itekpharma | Expert e-commerce pharmacies &amp; laboratoires depuis 2005\"},\"image\":{\"@id\":\"https:\/\/www.itekpharma.com\/#\/schema\/logo\/image\/\"}}]}<\/script>\n<!-- \/ Yoast SEO plugin. -->","yoast_head_json":{"title":"Itekpharma | Servicios de Farmacia durante la Contenci\u00f3n 2020","description":"Conozca las soluciones digitales para mantener los servicios de su farmacia durante un cierre. Gu\u00eda pr\u00e1ctica","robots":{"index":"index","follow":"follow","max-snippet":"max-snippet:-1","max-image-preview":"max-image-preview:large","max-video-preview":"max-video-preview:-1"},"canonical":"https:\/\/www.itekpharma.com\/es\/informacion\/servicios-farmaceuticos-de-contencion\/","og_locale":"es_ES","og_type":"article","og_title":"Itekpharma | Services Pharmacie pendant le Confinement 2020","og_description":"D\u00e9couvrez les solutions digitales pour maintenir vos services en pharmacie pendant le confinement. Guide pratique","og_url":"https:\/\/www.itekpharma.com\/es\/informacion\/servicios-farmaceuticos-de-contencion\/","og_site_name":"Itekpharma | Expert e-commerce pharmacies &amp; laboratoires depuis 2005","article_modified_time":"2024-12-26T13:54:04+00:00","og_image":[{"width":1920,"height":890,"url":"https:\/\/www.itekpharma.com\/wp-content\/uploads\/2020\/09\/attestation-site-itek.jpg","type":"image\/jpeg"}],"twitter_card":"summary_large_image","twitter_misc":{"Tiempo de lectura":"59 minutos"},"schema":{"@context":"https:\/\/schema.org","@graph":[{"@type":"WebPage","@id":"https:\/\/www.itekpharma.com\/itek-infos\/services-pharmacie-confinement\/","url":"https:\/\/www.itekpharma.com\/itek-infos\/services-pharmacie-confinement\/","name":"Itekpharma | Servicios de Farmacia durante la Contenci\u00f3n 2020","isPartOf":{"@id":"https:\/\/www.itekpharma.com\/#website"},"primaryImageOfPage":{"@id":"https:\/\/www.itekpharma.com\/itek-infos\/services-pharmacie-confinement\/#primaryimage"},"image":{"@id":"https:\/\/www.itekpharma.com\/itek-infos\/services-pharmacie-confinement\/#primaryimage"},"thumbnailUrl":"https:\/\/www.itekpharma.com\/wp-content\/uploads\/2020\/09\/attestation-site-itek.jpg","datePublished":"2020-10-29T14:50:41+00:00","dateModified":"2024-12-26T13:54:04+00:00","description":"Conozca las soluciones digitales para mantener los servicios de su farmacia durante un cierre. Gu\u00eda pr\u00e1ctica","breadcrumb":{"@id":"https:\/\/www.itekpharma.com\/itek-infos\/services-pharmacie-confinement\/#breadcrumb"},"inLanguage":"es","potentialAction":[{"@type":"ReadAction","target":["https:\/\/www.itekpharma.com\/itek-infos\/services-pharmacie-confinement\/"]}]},{"@type":"ImageObject","inLanguage":"es","@id":"https:\/\/www.itekpharma.com\/itek-infos\/services-pharmacie-confinement\/#primaryimage","url":"https:\/\/www.itekpharma.com\/wp-content\/uploads\/2020\/09\/attestation-site-itek.jpg","contentUrl":"https:\/\/www.itekpharma.com\/wp-content\/uploads\/2020\/09\/attestation-site-itek.jpg","width":1920,"height":890,"caption":"Attestation site itek"},{"@type":"BreadcrumbList","@id":"https:\/\/www.itekpharma.com\/itek-infos\/services-pharmacie-confinement\/#breadcrumb","itemListElement":[{"@type":"ListItem","position":1,"name":"Accueil","item":"https:\/\/www.itekpharma.com\/"},{"@type":"ListItem","position":2,"name":"ITEK INFOS","item":"https:\/\/www.itekpharma.com\/itek-infos\/"},{"@type":"ListItem","position":3,"name":"Itekpharma | Services Pharmacie pendant le Confinement 2020"}]},{"@type":"WebSite","@id":"https:\/\/www.itekpharma.com\/#website","url":"https:\/\/www.itekpharma.com\/","name":"Itekpharma | Experto en comercio electr\u00f3nico para farmacias y laboratorios desde 2005","description":"La experiencia del comercio electr\u00f3nico al servicio de su salud","publisher":{"@id":"https:\/\/www.itekpharma.com\/#organization"},"potentialAction":[{"@type":"SearchAction","target":{"@type":"EntryPoint","urlTemplate":"https:\/\/www.itekpharma.com\/?s={search_term_string}"},"query-input":{"@type":"PropertyValueSpecification","valueRequired":true,"valueName":"search_term_string"}}],"inLanguage":"es"},{"@type":"Organization","@id":"https:\/\/www.itekpharma.com\/#organization","name":"Itekpharma | Experto en comercio electr\u00f3nico para farmacias y laboratorios desde 2005","url":"https:\/\/www.itekpharma.com\/","logo":{"@type":"ImageObject","inLanguage":"es","@id":"https:\/\/www.itekpharma.com\/#\/schema\/logo\/image\/","url":"https:\/\/www.itekpharma.com\/wp-content\/uploads\/2022\/09\/logo-header.png","contentUrl":"https:\/\/www.itekpharma.com\/wp-content\/uploads\/2022\/09\/logo-header.png","width":321,"height":85,"caption":"Itekpharma | Expert e-commerce pharmacies &amp; laboratoires depuis 2005"},"image":{"@id":"https:\/\/www.itekpharma.com\/#\/schema\/logo\/image\/"}}]}},"_links":{"self":[{"href":"https:\/\/www.itekpharma.com\/es\/wp-json\/wp\/v2\/itek-infos\/8882","targetHints":{"allow":["GET"]}}],"collection":[{"href":"https:\/\/www.itekpharma.com\/es\/wp-json\/wp\/v2\/itek-infos"}],"about":[{"href":"https:\/\/www.itekpharma.com\/es\/wp-json\/wp\/v2\/types\/itek-infos"}],"wp:featuredmedia":[{"embeddable":true,"href":"https:\/\/www.itekpharma.com\/es\/wp-json\/wp\/v2\/media\/8900"}],"wp:attachment":[{"href":"https:\/\/www.itekpharma.com\/es\/wp-json\/wp\/v2\/media?parent=8882"}],"wp:term":[{"taxonomy":"category","embeddable":true,"href":"https:\/\/www.itekpharma.com\/es\/wp-json\/wp\/v2\/categories?post=8882"}],"curies":[{"name":"wp","href":"https:\/\/api.w.org\/{rel}","templated":true}]}}